{"uid":"AMANR5L16PO59048B0273P2D1N000969","chronotag":"1666375276353","legislature":"16","identification":{"numeroLong":"II-CF969","numeroOrdreDepot":"969","prefixeOrganeExamen":"CION_FIN","numeroRect":"0"},"examenRef":"EXANR5L16PO59048B0273P2D1","texteLegislatifRef":"PRJLANR5L16B0273","triAmendement":"bplaaaaaaaaaaaaaaaaaaaaaaaaaaaaaaaaaaaaaaaaaaaaaaaazw","cardinaliteAmdtMultiples":"1","amendementParentRef":{},"signataires":{"auteur":{"typeAuteur":"D\u00e9put\u00e9","gouvernementRef":{},"acteurRef":"PA793452","groupePolitiqueRef":"PO800490","auteurRapporteurOrganeRef":{}},"cosignataires":{},"suffixe":"et les membres du groupe La France insoumise - Nouvelle Union Populaire \u00e9cologique et sociale","libelle":" M.\u0026#160;Davi et les membres du groupe La France insoumise - Nouvelle Union Populaire \u0026#233;cologique et sociale"},"pointeurFragmentTexte":{"partieAmendableRef":{},"division":{"titre":"\u00c9TAT B","articleDesignationCourte":"ART. 27","articleDesignation":"ARTICLE 27","type":"ANNEXE","avant_A_Apres":"A","divisionRattachee":"ARTICLE 27","articleAdditionnel":"false","chapitreAdditionnel":"false","urlDivisionTexteVise":"\/16\/textes\/0273C.asp#D_ETAT_B"},"missionVisee":{"codeEtat":"B","codeMissionMinefi":"RA","libelleMission":"Recherche et enseignement sup\u00e9rieur","missionRef":"2385"}},"corps":{"cartoucheInformatif":{},"contenuAuteur":{"dispositifAmdtCreditPLF":{"listeProgrammes":{"programme":[{"libelle":"Formations sup\u00e9rieures et recherche universitaire","programmeRef":"227598","autorisationEngagement":"-41972000","creditPaiement":"-41972000","action":"modification","lignesCredits":{}},{"libelle":"Vie \u00e9tudiante","programmeRef":"227599","autorisationEngagement":"0","creditPaiement":"0","action":"modification","lignesCredits":{}},{"libelle":"Recherches scientifiques et technologiques pluridisciplinaires","programmeRef":"227600","autorisationEngagement":"41972000","creditPaiement":"41972000","action":"modification","lignesCredits":{}},{"libelle":"Recherche spatiale","programmeRef":"227602","autorisationEngagement":"0","creditPaiement":"0","action":"modification","lignesCredits":{}},{"libelle":"Recherche dans les domaines de l\u0027\u00e9nergie, du d\u00e9veloppement et de la mobilit\u00e9 durables","programmeRef":"227604","autorisationEngagement":"0","creditPaiement":"0","action":"modification","lignesCredits":{}},{"libelle":"Recherche et enseignement sup\u00e9rieur en mati\u00e8re \u00e9conomique et industrielle","programmeRef":"227606","autorisationEngagement":"0","creditPaiement":"0","action":"modification","lignesCredits":{}},{"libelle":"Recherche duale (civile et militaire)","programmeRef":"227608","autorisationEngagement":"0","creditPaiement":"0","action":"modification","lignesCredits":{}},{"libelle":"Enseignement sup\u00e9rieur et recherche agricoles","programmeRef":"227609","autorisationEngagement":"0","creditPaiement":"0","action":"modification","lignesCredits":{}}]},"soldeAE":"0","soldeCP":"0","cpEgalAe":"true"},"avantAppel":{},"exposeSommaire":"\u003Cp style=\u0022text-align: justify;\u0022\u003ECet amendement vise \u0026#224; abonder de 41 972 000\u0026#160;euros le budget de l\u0026#8217;Institut national de recherche pour l\u0026#8217;agriculture, l\u0026#8217;alimentation et l\u0026#8217;environnement (INRAE) afin de favoriser les recherches sur la bifurcation \u0026#233;cologique de l\u0026#8217;agriculture et la gestion des for\u0026#234;ts.\u003C\/p\u003E\u003Cp style=\u0022text-align: justify;\u0022\u003ELa crise \u0026#233;cologique est devant nous. Notre agriculture et la gestion des espaces naturels jouent des r\u0026#244;les importants sur les trois principales facettes de cette crise\u0026#160;: le changement climatique, l\u0026#8217;extinction massive des esp\u0026#232;ces et la pollution de l\u0026#8217;eau et des sols.\u003C\/p\u003E\u003Cp style=\u0022text-align: justify;\u0022\u003EL\u0026#8217;agriculture est le deuxi\u0026#232;me poste d\u0026#8217;\u0026#233;missions de gaz \u0026#224; effet de serre de la France (19\u0026#160;% du total national et 85 Mt d\u0026#8217;\u0026#233;quivalent CO2 \u0026#233;mis en 2019).\u003C\/p\u003E\u003Cp style=\u0022text-align: justify;\u0022\u003ELa France est l\u0026#8217;un des premiers utilisateurs mondiaux de produits phytopharmaceutiques, avec entre 60 000 et 100 000 tonnes par an en moyenne depuis plus d\u0026#8217;une trentaine d\u0026#8217;ann\u0026#233;es. Ces pollutions ont des cons\u0026#233;quences n\u0026#233;fastes pour la sant\u0026#233; des agriculteurs et l\u0026#8217;environnement.\u0026#160;\u003C\/p\u003E\u003Cp style=\u0022text-align: justify;\u0022\u003EIl est donc urgent de mieux documenter la vuln\u0026#233;rabilit\u0026#233; de nos agro\u0026#233;cosyst\u0026#232;mes et surtout de trouver les mani\u0026#232;res de g\u0026#233;rer nos \u0026#233;cosyst\u0026#232;mes naturels et d\u0026#8217;assurer la transition \u0026#233;cologique de notre agriculture. Ce sont pr\u0026#233;cis\u0026#233;ment les missions d\u0026#233;volues \u0026#224; l\u0026#8217;INRAE, qui est un institut de recherche finalis\u0026#233;e d\u0026#233;di\u0026#233;e \u0026#224; ces questions. L\u0026#8217;institut a en effet pour missions de r\u0026#233;aliser, d\u0026#8217;organiser et de coordonner, \u0026#224; son initiative ou \u0026#224; la demande de l\u0026#8217;\u0026#201;tat, tous travaux de recherche scientifique et technologique dans les domaines de l\u0026#8217;agriculture, de l\u0026#8217;alimentation, de la for\u0026#234;t, de l\u0026#8217;environnement, de l\u0026#8217;eau, de la biodiversit\u0026#233;, de la bio\u0026#233;conomie, de l\u0026#8217;\u0026#233;conomie circulaire, de la gestion durable des territoires et des risques dans les champs de comp\u0026#233;tence pr\u0026#233;cit\u0026#233;s. C\u0026#8217;est l\u0026#8217;un des principaux instituts de recherche internationaux en sciences agricoles, qui occupe le 4e rang mondial en \u0026#233;cologie et environnement.\u003C\/p\u003E\u003Cp style=\u0022text-align: justify;\u0022\u003ELe projet de loi de finances pour 2023 pr\u0026#233;voit une augmentation de 4,9\u0026#160;% de son budget, ce qui permet de revaloriser de 3,5\u0026#160;% la r\u0026#233;mun\u0026#233;ration de ses agents, mais pas d\u0026#8217;encaisser en plus l\u0026#8217;inflation attendue de 4,7\u0026#160;%, ni de donner un \u0026#233;lan scientifique sur ces th\u0026#232;mes. Nous proposons donc une hausse de 10\u0026#160;% de son budget.\u003C\/p\u003E\u003Cp style=\u0022text-align: justify;\u0022\u003EPour respecter les r\u0026#232;gles de recevabilit\u0026#233; financi\u0026#232;re, nous proposons dans cet amendement de transf\u0026#233;rer 41 972 000\u0026#160;euros des autorisations d\u0026#8217;engagement et des cr\u0026#233;dits de paiement de l\u0026#8217;action 15 \u003Ci\u003E\u0026#201;tablissements d\u0026#8217;enseignement priv\u0026#233;s\u003C\/i\u003E du programme 150 vers l\u0026#8217;action 14 \u003Ci\u003EMoyens g\u0026#233;n\u0026#233;raux et d\u0026#8217;appui a\u0026#768; la recherche\u003C\/i\u003E du programme 172.\u003C\/p\u003E\u003Cp style=\u0022text-align: justify;\u0022\u003ENous proposons ce transfert de cr\u0026#233;dit pour respecter les r\u0026#232;gles, impos\u0026#233;es par la loi organique relative aux lois de finances, qui nous interdisent de transf\u0026#233;rer des cr\u0026#233;dits d\u0026#8217;une action \u0026#224; une autre au sein d\u0026#8217;un m\u0026#234;me programme mais nous aurions pr\u0026#233;f\u0026#233;r\u0026#233; ponctionner le budget d\u0026#233;di\u0026#233; \u0026#224; l\u0026#8217;ANR (soit l\u0026#8217;action 02 du programme 172) et souhaitons que le Gouvernement l\u0026#232;ve le gage.\u003C\/p\u003E","annexeExposeSommaire":{}}},"cycleDeVie":{"dateDepot":"2022-10-17","datePublication":"2022-10-21","soumisArticle40":"false","etatDesTraitements":{"etat":{"code":"DI","libelle":"Discut\u00e9"},"sousEtat":{"code":"DI","libelle":"Rejet\u00e9"}},"dateSort":"2022-10-21T20:01:09+02:00","sort":"Rejet\u00e9"},"representations":{"representation":{"nom":"PDF","typeMime":{"type":"application","subType":"PDF"},"statutRepresentation":{"verbatim":"true","canonique":"true","officielle":"true","transcription":"false","enregistrement":"false"},"repSource":{},"offset":{},"contenu":{"documentURI":"\/base\/AMANR5L16PO59048B0273P2D1N000969?format=pdf"},"dateDispoRepresentation":{}}},"seanceDiscussionRef":{},"article99":"false","loiReference":{"codeLoi":"3","divisionCodeLoi":"INRAE"},"discussionCommune":{},"discussionIdentique":{},"accordGouvernementDepotHorsDelai":"Sans objet"}