{"uid":"AMANR5L16PO59048B1680P2D1N003018","chronotag":"1698695856507","legislature":"16","identification":{"numeroLong":"II-CF3018","numeroOrdreDepot":"3018","prefixeOrganeExamen":"CION_FIN","numeroRect":"0"},"examenRef":"EXANR5L16PO59048B1680P2D1","texteLegislatifRef":"PRJLANR5L16B1680","triAmendement":"easaaaaaaaaaaaaaaaaaaaaaaaaaaaaaaaaaaaaaaaaaaaaaaabczk","cardinaliteAmdtMultiples":"1","amendementParentRef":{},"signataires":{"auteur":{"typeAuteur":"Rapporteur","gouvernementRef":{},"acteurRef":"PA719472","groupePolitiqueRef":"PO800538","auteurRapporteurOrganeRef":{}},"cosignataires":{},"suffixe":{},"libelle":" M.\u0026#160;Jean-Ren\u0026#233;\u0026#160;Cazeneuve, rapporteur g\u0026#233;n\u0026#233;ral"},"pointeurFragmentTexte":{"partieAmendableRef":{},"division":{"titre":"\u00c9TAT B","articleDesignationCourte":"ART. 35","articleDesignation":"ARTICLE 35","type":"ANNEXE","avant_A_Apres":"A","divisionRattachee":"ARTICLE 35","articleAdditionnel":"false","chapitreAdditionnel":"false","urlDivisionTexteVise":"\/16\/textes\/1680C.asp#D_ETAT_B"},"missionVisee":{"codeEtat":"B","codeMissionMinefi":"TB","libelleMission":"Travail et emploi","missionRef":"2682"}},"corps":{"cartoucheInformatif":{},"contenuAuteur":{"dispositifAmdtCreditPLF":{"listeProgrammes":{"programme":[{"libelle":"Acc\u00e8s et retour \u00e0 l\u0027emploi","programmeRef":"325794","autorisationEngagement":"0","creditPaiement":"0","action":"modification","lignesCredits":{}},{"libelle":"Accompagnement des mutations \u00e9conomiques et d\u00e9veloppement de l\u0027emploi","programmeRef":"325795","autorisationEngagement":"-362691000","creditPaiement":"-362691000","action":"modification","lignesCredits":{}},{"libelle":"Am\u00e9lioration de la qualit\u00e9 de l\u0027emploi et des relations du travail","programmeRef":"325796","autorisationEngagement":"0","creditPaiement":"0","action":"modification","lignesCredits":{}},{"libelle":"Conception, gestion et \u00e9valuation des politiques de l\u0027emploi et du travail","programmeRef":"325797","autorisationEngagement":"0","creditPaiement":"0","action":"modification","lignesCredits":{}}]},"soldeAE":"-362691000","soldeCP":"-362691000","cpEgalAe":"true"},"avantAppel":{},"exposeSommaire":"\u003Cp style=\u0022text-align: justify;\u0022\u003ECet amendement de cr\u0026#x00E9;dits tire les cons\u0026#x00E9;quences de l\u0026#x2019;amendement pr\u0026#x00E9;sent\u0026#x00E9; par le rapporteur sp\u0026#x00E9;cial de la mission \u003Ci\u003ETravail et emploi\u003C\/i\u003E visant \u0026#x00E0; mieux cibler les aides \u0026#x00E0; l\u0026#x2019;apprentissage en supprimant l\u0026#x2019;aide \u0026#x00E0; l\u0026#x2019;embauche d\u0026#x2019;un apprenti pour les entreprises de 250 salari\u0026#x00E9;s et plus lorsque l\u0026#x2019;apprenti pr\u0026#x00E9;pare un dipl\u0026#x00F4;me de niveau bac\u0026nbsp;+\u0026nbsp;3 ou d\u0027un niveau sup\u0026#x00E9;rieur.\u003C\/p\u003E\u003Cp style=\u0022text-align: justify;\u0022\u003EL\u0026#x2019;objectif d\u0026#x2019;atteindre un million d\u0026#x2019;entr\u0026#x00E9;es en apprentissage d\u0026#x2019;ici 2027, qui constitue un marqueur de notre engagement en faveur de l\u0026#x2019;apprentissage, n\u0026#x2019;est pas incompatible avec un ciblage minimal des aides \u0026#x00E0; l\u0026#x2019;apprentissage.\u003C\/p\u003E\u003Cp style=\u0022text-align: justify;\u0022\u003ESelon les chiffres transmis au rapporteur sp\u0026#x00E9;cial de la mission \u003Ci\u003ETravail et emploi\u003C\/i\u003E, en 2022, 120 897 contrats avaient \u0026#x00E9;t\u0026#x00E9; conclus entre une entreprise de 250 salari\u0026#x00E9;s ou plus et un apprenti pr\u0026#x00E9;parant une formation de niveau bac\u0026nbsp;+\u0026nbsp;3 ou d\u0027un niveau sup\u0026#x00E9;rieur. Le pr\u0026#x00E9;sent amendement g\u0026#x00E9;n\u0026#x00E8;rerait donc en ann\u0026#x00E9;e pleine une \u0026#x00E9;conomie de l\u0026#x2019;ordre de 725\u0026nbsp;millions d\u0026#x2019;euros sur le budget de la mission.\u003C\/p\u003E\u003Cp style=\u0022text-align: justify;\u0022\u003ECette \u0026#x00E9;conomie contribuerait \u0026#x00E0; la ma\u0026#x00EE;trise de notre d\u0026#x00E9;ficit public, dans une p\u0026#x00E9;riode o\u0026#x00F9; la charge de la dette anticip\u0026#x00E9;e de l\u0027\u0026#x00C9;tat conna\u0026#x00EE;trait une progression importante sous l\u0027effet de la remont\u0026#x00E9;e des taux d\u0027int\u0026#x00E9;r\u0026#x00EA;t, restreignant les marges de man\u0026#x0153;uvre financi\u0026#x00E8;res de l\u0027\u0026#x00C9;tat.\u003C\/p\u003E\u003Cp style=\u0022text-align: justify;\u0022\u003ECompte tenu de l\u0026#x2019;entr\u0026#x00E9;e en vigueur du dispositif au 1\u003Csup\u003Eer\u003C\/sup\u003E juillet 2024, le pr\u0026#x00E9;sent amendement diminue les autorisations d\u0026#x2019;engagement et les cr\u0026#x00E9;dits de paiement de la sous-action 01.02\u003Ci\u003E Aides aux employeurs d\u0027apprentis\u003C\/i\u003E de l\u0026#x2019;action 01\u0026nbsp;\u003Ci\u003ED\u0026#x00E9;veloppement des comp\u0026#x00E9;tences par l\u0027alternance\u003C\/i\u003E du programme 103 \u003Ci\u003EAccompagnement des mutations \u0026#x00E9;conomiques et d\u0026#x00E9;veloppement de l\u0027emploi\u003C\/i\u003E.\u003C\/p\u003E","annexeExposeSommaire":{}}},"cycleDeVie":{"dateDepot":"2023-10-25","datePublication":"2023-10-30","soumisArticle40":"false","etatDesTraitements":{"etat":{"code":"DI","libelle":"Discut\u00e9"},"sousEtat":{"code":"DI","libelle":"Rejet\u00e9"}},"dateSort":"2023-10-30T20:57:30+01:00","sort":"Rejet\u00e9"},"representations":{"representation":{"nom":"PDF","typeMime":{"type":"application","subType":"PDF"},"statutRepresentation":{"verbatim":"true","canonique":"true","officielle":"true","transcription":"false","enregistrement":"false"},"repSource":{},"offset":{},"contenu":{"documentURI":"\/base\/AMANR5L16PO59048B1680P2D1N003018?format=pdf"},"dateDispoRepresentation":{}}},"seanceDiscussionRef":{},"article99":"false","loiReference":{"codeLoi":"2","divisionCodeLoi":"1"},"discussionCommune":{},"discussionIdentique":{},"accordGouvernementDepotHorsDelai":"Sans objet"}