{"uid":"AMANR5L17PO419604B1906P2D1N000068","chronotag":"1761686113284","legislature":"17","identification":{"numeroLong":"II-AC68","numeroOrdreDepot":"68","prefixeOrganeExamen":"CION-CEDU","numeroRect":"0"},"examenRef":"EXANR5L17PO419604B1906P2D1","texteLegislatifRef":"PRJLANR5L17B1906","triAmendement":"ajeaaaaaaaaaaaaaaaaaaaaaaaaaaaaaaaaaaaaaaaaaaaaaaaazzi","cardinaliteAmdtMultiples":"1","amendementParentRef":{},"signataires":{"auteur":{"typeAuteur":"Rapporteur","gouvernementRef":{},"acteurRef":"PA793452","groupePolitiqueRef":"PO845439","auteurRapporteurOrganeRef":{}},"cosignataires":{"acteurRef":["PA721210","PA842013","PA795636","PA794154","PA610968","PA793780","PA588884","PA841701","PA795362","PA795454","PA840997","PA841885","PA841507","PA794008","PA841351","PA793980","PA795010","PA841419","PA840947","PA794022","PA794146","PA841223","PA842045","PA793708","PA793664","PA794778","PA606545","PA795076","PA722142","PA610002","PA795808","PA796018","PA736201","PA841713","PA793948","PA2940"]},"suffixe":{},"libelle":" M.\u0026#160;Davi, rapporteur,  M.\u0026#160;Corbi\u0026#232;re, M.\u0026#160;Gustave, M.\u0026#160;Lucas-Lundy, M.\u0026#160;Raux, M.\u0026#160;Amirshahi, Mme\u0026#160;Arrighi, Mme\u0026#160;Autain, Mme\u0026#160;Balage\u0026#160;El\u0026#160;Mariky, Mme\u0026#160;Belluco, M.\u0026#160;Ben\u0026#160;Cheikh, M.\u0026#160;Biteau, M.\u0026#160;Arnaud\u0026#160;Bonnet, M.\u0026#160;Nicolas\u0026#160;Bonnet, Mme\u0026#160;Chatelain, M.\u0026#160;Duplessy, M.\u0026#160;Fournier, Mme\u0026#160;Garin, M.\u0026#160;Damien\u0026#160;Girard, Mme\u0026#160;Catherine\u0026#160;Hervieu, M.\u0026#160;Iordanoff, Mme\u0026#160;Laernoes, M.\u0026#160;Lahais, Mme\u0026#160;Ozenne, M.\u0026#160;Peytavie, Mme\u0026#160;Pochon, Mme\u0026#160;Regol, M.\u0026#160;Roum\u0026#233;gas, Mme\u0026#160;Sandrine\u0026#160;Rousseau, M.\u0026#160;Ruffin, Mme\u0026#160;Sas, Mme\u0026#160;Sebaihi, Mme\u0026#160;Simonnet, Mme\u0026#160;Taill\u0026#233;-Polian, M.\u0026#160;Tavernier, M.\u0026#160;Thierry et Mme\u0026#160;Voynet"},"pointeurFragmentTexte":{"partieAmendableRef":{},"division":{"titre":"ETAT B","articleDesignationCourte":"ART. 49","articleDesignation":"ARTICLE 49","type":"ANNEXE","avant_A_Apres":"A","divisionRattachee":"ARTICLE 49","articleAdditionnel":"false","chapitreAdditionnel":"false","urlDivisionTexteVise":"\/17\/textes\/1906C.asp#D_Etat_B"},"missionVisee":{"codeEtat":"B","codeMissionMinefi":"RA","libelleMission":"Recherche et enseignement sup\u00e9rieur","missionRef":"3355"}},"corps":{"cartoucheInformatif":{},"contenuAuteur":{"dispositifAmdtCreditPLF":{"listeProgrammes":{"programme":[{"libelle":"Formations sup\u00e9rieures et recherche universitaire","programmeRef":"589171","autorisationEngagement":"0","creditPaiement":"0","action":"modification","lignesCredits":{}},{"libelle":"Vie \u00e9tudiante","programmeRef":"589173","autorisationEngagement":"0","creditPaiement":"0","action":"modification","lignesCredits":{}},{"libelle":"Recherches scientifiques et technologiques pluridisciplinaires","programmeRef":"589175","autorisationEngagement":"-319000000","creditPaiement":"-319000000","action":"modification","lignesCredits":{}},{"libelle":"Recherche spatiale","programmeRef":"589177","autorisationEngagement":"0","creditPaiement":"0","action":"modification","lignesCredits":{}},{"libelle":"Recherche dans les domaines de l\u0027\u00e9nergie, du d\u00e9veloppement et de la mobilit\u00e9 durables","programmeRef":"589179","autorisationEngagement":"0","creditPaiement":"0","action":"modification","lignesCredits":{}},{"libelle":"Recherche et enseignement sup\u00e9rieur en mati\u00e8re \u00e9conomique et industrielle","programmeRef":"589181","autorisationEngagement":"0","creditPaiement":"0","action":"modification","lignesCredits":{}},{"libelle":"Recherche duale (civile et militaire)","programmeRef":"589183","autorisationEngagement":"0","creditPaiement":"0","action":"modification","lignesCredits":{}},{"libelle":"Enseignement sup\u00e9rieur et recherche agricoles","programmeRef":"589185","autorisationEngagement":"0","creditPaiement":"0","action":"modification","lignesCredits":{}},{"libelle":"Garantir la gratuit\u00e9 de l\u2019universit\u00e9","programmeRef":"589187","autorisationEngagement":"319000000","creditPaiement":"319000000","action":"cr\u00e9ation","lignesCredits":{}}]},"soldeAE":"0","soldeCP":"0","cpEgalAe":"true"},"avantAppel":{},"exposeSommaire":"\u003Cp style=\u0022text-align: justify;\u0022\u003ECet amendement vise \u0026#x00E0; garantir la gratuit\u0026#x00E9; de l\u0026#x2019;universit\u0026#x00E9; pour les \u0026#x00E9;tudiants \u0026#x00E0; l\u0026#x2019;universit\u0026#x00E9;.\u003C\/p\u003E\u003Cp style=\u0022text-align: justify;\u0022\u003ELe 13e alin\u0026#x00E9;a du pr\u0026#x00E9;ambule de la Constitution de 1946 dispose que \u0026#x00AB;\u0026nbsp;la Nation garantit l\u0026#x2019;\u0026#x00E9;gal acc\u0026#x00E8;s de l\u0026#x2019;enfant et de l\u0026#x2019;adulte \u0026#x00E0; l\u0026#x2019;instruction, \u0026#x00E0; la formation professionnelle et \u0026#x00E0; la culture. L\u0026#x2019;organisation de l\u0026#x2019;enseignement public gratuit et la\u0026#x00EF;que \u0026#x00E0; tous les degr\u0026#x00E9;s est un devoir de l\u0026#x2019;\u0026#x00C9;tat\u0026nbsp;\u0026#x00BB;.\u003C\/p\u003E\u003Cp style=\u0022text-align: justify;\u0022\u003EOr les \u0026#x00E9;tudiants doivent s\u0026#x2019;acquitter de frais d\u0026#x2019;inscription, apr\u0026#x00E8;s 5 ans de gel, les rentr\u0026#x00E9;es 2024 et 2025 ont \u0026#x00E9;t\u0026#x00E9; marqu\u0026#x00E9;es par la hausse des frais d\u0026#x2019;inscription qui s\u0026#x2019;\u0026#x00E9;l\u0026#x00E8;vent actuellement \u0026#x00E0; 178\u0026nbsp;\u0026#x20AC;\u0026nbsp;en licence, 254\u0026nbsp;\u0026#x20AC; en master, 397\u0026nbsp;\u0026#x20AC; en doctorat.\u0026nbsp;\u003C\/p\u003E\u003Cp style=\u0022text-align: justify;\u0022\u003ELes \u0026#x00E9;tudiants boursiers sont exon\u0026#x00E9;r\u0026#x00E9;s des frais d\u0026#x2019;inscription, mais le syst\u0026#x00E8;me d\u0026#x2019;attribution des bourses pose de nombreux probl\u0026#x00E8;mes\u0026nbsp;: ce sont les revenus des parents qui sont pris en compte, ce qui ne dit rien de l\u0026#x2019;aide r\u0026#x00E9;elle qu\u0026#x2019;ils fournissent \u0026#x00E0; l\u0026#x2019;\u0026#x00E9;tudiant\u0026nbsp;; les revenus pris en compte pour accorder un droit \u0026#x00E0; la bourse sont ceux de l\u0026#x2019;ann\u0026#x00E9;e N-2\u0026nbsp;; il existe des effets de seuil qui font qu\u0026#x2019;un seul euro d\u0026#x2019;\u0026#x00E9;cart de revenu peut entra\u0026#x00EE;ner la sortie du syst\u0026#x00E8;me de bourses ou l\u0026#x2019;attribution d\u0026#x2019;une aide moins importante.\u003C\/p\u003E\u003Cp style=\u0022text-align: justify;\u0022\u003EDe plus, nous avons besoin de plus de qualifications du CAP au doctorat pour faire face aux enjeux \u0026#x00E9;cologiques et sociaux du\u0026nbsp;XXI\u0026#x00E8;me si\u0026#x00E8;cle. Tous les \u0026#x00C9;tats de l\u0026#x2019;OCDE investissent massivement dans l\u0026#x2019;Enseignement et la Recherche, alors que la France, elle, d\u0026#x00E9;croche. Le nombre de docteurs d\u0026#x00E9;cro\u0026#x00EE;t fortement, ce qui n\u0026#x2019;est pas bon signe pour l\u0026#x2019;avenir. Il est donc indispensable de lever tous les freins \u0026#x00E0; l\u0026#x2019;acc\u0026#x00E8;s aux \u0026#x00E9;tudes sup\u0026#x00E9;rieures. Le droit \u0026#x00E0; la poursuite des \u0026#x00E9;tudes doit donc \u0026#x00EA;tre effectif, ce qui passe par la gratuit\u0026#x00E9; des \u0026#x00E9;tudes sup\u0026#x00E9;rieures. Cette gratuit\u0026#x00E9; ne n\u0026#x00E9;cessite pas un grand effort budg\u0026#x00E9;taire pour l\u0026#x2019;\u0026#x00C9;tat, car les frais d\u0026#x2019;inscription ne couvrent qu\u0026#x2019;une tr\u0026#x00E8;s faible part des frais de scolarit\u0026#x00E9;. Par contre, cette gratuit\u0026#x00E9; contribuerait \u0026#x00E0; lever les freins \u0026#x00E0; l\u0026#x2019;accession aux \u0026#x00E9;tudes sup\u0026#x00E9;rieures pour les classes populaires.\u003C\/p\u003E\u003Cp style=\u0022text-align: justify;\u0022\u003ESelon les donn\u0026#x00E9;es du minist\u0026#x00E8;re de l\u0026#x2019;Enseignement sup\u0026#x00E9;rieur et de la Recherche, en moyenne sur la p\u0026#x00E9;riode 2021\u0026#x2011;2023, parmi les jeunes \u0026#x00E2;g\u0026#x00E9;s de 25 \u0026#x00E0; 29 ans, 67\u0026nbsp;% des enfants de cadres, de professions interm\u0026#x00E9;diaires ou d\u0026#x2019;ind\u0026#x00E9;pendants sont dipl\u0026#x00F4;m\u0026#x00E9;s du sup\u0026#x00E9;rieur, contre 36\u0026nbsp;% des enfants d\u0026#x2019;ouvriers ou d\u0026#x2019;employ\u0026#x00E9;s. En outre, les premiers obtiennent un dipl\u0026#x00F4;me d\u0026#x2019;un niveau plus \u0026#x00E9;lev\u0026#x00E9;\u0026nbsp;: sur la p\u0026#x00E9;riode 2021\u0026#x2011;2023, 38\u0026nbsp;% d\u0026#x2019;entre eux sont dipl\u0026#x00F4;m\u0026#x00E9;s d\u0026#x2019;un master, d\u0026#x2019;un doctorat ou d\u0026#x2019;une grande \u0026#x00E9;cole, contre seulement 13\u0026nbsp;% des enfants d\u0026#x2019;ouvriers ou d\u0026#x2019;employ\u0026#x00E9;s. Les enfants issus de milieux moins ais\u0026#x00E9;s quittent plus souvent l\u0026#x2019;enseignement sup\u0026#x00E9;rieur sans avoir obtenu un dipl\u0026#x00F4;me. Sur la p\u0026#x00E9;riode 2018\u0026#x2011;2020, parmi les jeunes \u0026#x00E2;g\u0026#x00E9;s de 25 \u0026#x00E0; 29 ans ayant \u0026#x00E9;tudi\u0026#x00E9; dans le sup\u0026#x00E9;rieur, c\u0026#x2019;est le cas de 19\u0026nbsp;% des enfants d\u0026#x2019;ouvriers ou d\u0026#x2019;employ\u0026#x00E9;s mais de seulement 9\u0026nbsp;% des enfants de cadres, professions interm\u0026#x00E9;diaires ou ind\u0026#x00E9;pendants.\u003C\/p\u003E\u003Cp style=\u0022text-align: justify;\u0022\u003EDans un tel contexte, la gratuit\u0026#x00E9; est une mesure indispensable.\u003C\/p\u003E\u003Cp style=\u0022text-align: justify;\u0022\u003EPour respecter les r\u0026#x00E8;gles de recevabilit\u0026#x00E9; financi\u0026#x00E8;re, nous proposons dans cet amendement de transf\u0026#x00E9;rer des cr\u0026#x00E9;dits de l\u0026#x2019;action 02 du programme 172 vers une nouvelle ligne de programme \u0026#x00AB;\u0026nbsp;Garantir la gratuit\u0026#x00E9; de l\u0026#x2019;universit\u0026#x00E9;\u0026nbsp;\u0026#x00BB; \u0026#x00E0; hauteur de 319 millions d\u0026#x2019;euros en CP et en AE et nous demandons au Gouvernement de lever le gage.\u0026nbsp;\u003C\/p\u003E","annexeExposeSommaire":{}}},"cycleDeVie":{"dateDepot":"2025-10-23","datePublication":"2025-10-28","soumisArticle40":"false","etatDesTraitements":{"etat":{"code":"DI","libelle":"Discut\u00e9"},"sousEtat":{"code":"DI","libelle":"Rejet\u00e9"}},"dateSort":"2025-10-28T22:14:48+01:00","sort":"Rejet\u00e9"},"representations":{"representation":{"nom":"PDF","typeMime":{"type":"application","subType":"PDF"},"statutRepresentation":{"verbatim":"true","canonique":"true","officielle":"true","transcription":"false","enregistrement":"false"},"repSource":{},"offset":{},"contenu":{"documentURI":"\/base\/AMANR5L17PO419604B1906P2D1N000068?format=pdf"},"dateDispoRepresentation":{}}},"seanceDiscussionRef":{},"article99":"false","loiReference":{"codeLoi":"corrig\u00e9","divisionCodeLoi":{}},"discussionCommune":{},"discussionIdentique":{},"accordGouvernementDepotHorsDelai":"Sans objet"}