{"uid":"AMANR5L17PO419604B1906P2D1N000092","chronotag":"1761692203344","legislature":"17","identification":{"numeroLong":"II-AC92","numeroOrdreDepot":"92","prefixeOrganeExamen":"CION-CEDU","numeroRect":"0"},"examenRef":"EXANR5L17PO419604B1906P2D1","texteLegislatifRef":"PRJLANR5L17B1906","triAmendement":"ajeaaaaaaaaaaaaaaaaaaaaaaaaaaaaaaaaaaaaaaaaaaaaaaabi","cardinaliteAmdtMultiples":"1","amendementParentRef":{},"signataires":{"auteur":{"typeAuteur":"D\u00e9put\u00e9","gouvernementRef":{},"acteurRef":"PA718838","groupePolitiqueRef":"PO845425","auteurRapporteurOrganeRef":{}},"cosignataires":{"acteurRef":["PA608826","PA794178","PA719272","PA330008","PA722390","PA721816","PA330909","PA266793","PA607090","PA719968","PA718850","PA642725"]},"suffixe":{},"libelle":" M.\u0026#160;Fabrice\u0026#160;Brun,  Mme\u0026#160;Duby-Muller, M.\u0026#160;Taite, Mme\u0026#160;Fr\u0026#233;d\u0026#233;rique\u0026#160;Meunier, M.\u0026#160;Breton, Mme\u0026#160;Corneloup, M.\u0026#160;Boucard, M.\u0026#160;Descoeur, M.\u0026#160;Bony, M.\u0026#160;Jean-Pierre\u0026#160;Vigier, Mme\u0026#160;Sylvie\u0026#160;Bonnet, M.\u0026#160;Cordier et M.\u0026#160;Li\u0026#233;geon"},"pointeurFragmentTexte":{"partieAmendableRef":{},"division":{"titre":"ETAT B","articleDesignationCourte":"ART. 49","articleDesignation":"ARTICLE 49","type":"ANNEXE","avant_A_Apres":"A","divisionRattachee":"ARTICLE 49","articleAdditionnel":"false","chapitreAdditionnel":"false","urlDivisionTexteVise":"\/17\/textes\/1906C.asp#D_Etat_B"},"missionVisee":{"codeEtat":"B","codeMissionMinefi":"RA","libelleMission":"Recherche et enseignement sup\u00e9rieur","missionRef":"3355"}},"corps":{"cartoucheInformatif":{},"contenuAuteur":{"dispositifAmdtCreditPLF":{"listeProgrammes":{"programme":[{"libelle":"Formations sup\u00e9rieures et recherche universitaire","programmeRef":"583283","autorisationEngagement":"0","creditPaiement":"0","action":"modification","lignesCredits":{}},{"libelle":"Vie \u00e9tudiante","programmeRef":"583285","autorisationEngagement":"0","creditPaiement":"0","action":"modification","lignesCredits":{}},{"libelle":"Recherches scientifiques et technologiques pluridisciplinaires","programmeRef":"583287","autorisationEngagement":"3000000","creditPaiement":"3000000","action":"modification","lignesCredits":{}},{"libelle":"Recherche spatiale","programmeRef":"583289","autorisationEngagement":"-3000000","creditPaiement":"-3000000","action":"modification","lignesCredits":{}},{"libelle":"Recherche dans les domaines de l\u0027\u00e9nergie, du d\u00e9veloppement et de la mobilit\u00e9 durables","programmeRef":"583291","autorisationEngagement":"0","creditPaiement":"0","action":"modification","lignesCredits":{}},{"libelle":"Recherche et enseignement sup\u00e9rieur en mati\u00e8re \u00e9conomique et industrielle","programmeRef":"583293","autorisationEngagement":"0","creditPaiement":"0","action":"modification","lignesCredits":{}},{"libelle":"Recherche duale (civile et militaire)","programmeRef":"583295","autorisationEngagement":"0","creditPaiement":"0","action":"modification","lignesCredits":{}},{"libelle":"Enseignement sup\u00e9rieur et recherche agricoles","programmeRef":"583297","autorisationEngagement":"0","creditPaiement":"0","action":"modification","lignesCredits":{}}]},"soldeAE":"0","soldeCP":"0","cpEgalAe":"true"},"avantAppel":{},"exposeSommaire":"\u003Cp style=\u0022text-align: justify;\u0022\u003ELa maladie d\u0026#x2019;Alzheimer appara\u0026#x00EE;t le plus souvent apr\u0026#x00E8;s l\u0026#x2019;\u0026#x00E2;ge de 65 ans o\u0026#x00F9; elle concerne environ 3\u0026nbsp;% de cette tranche d\u0026#x2019;\u0026#x00E2;ge. Elle augmente rapidement pour atteindre plus de 20\u0026nbsp;% de la population \u0026#x00E2;g\u0026#x00E9;e de plus de 80 ans.\u003C\/p\u003E\u003Cp style=\u0022text-align: justify;\u0022\u003EMais plus de 65\u0026nbsp;000 personnes de moins de 65 ans en France sont atteintes de la maladie d\u0026#x2019;Alzheimer ou d\u0026#x2019;une maladie apparent\u0026#x00E9;e.\u003C\/p\u003E\u003Cp style=\u0022text-align: justify;\u0022\u003ELa maladie d\u0026#x2019;Alzheimer ne peut pas \u0026#x00EA;tre la cause directe de la mort. Mais des complications indirectes, notamment des infections, r\u0026#x00E9;duisent l\u0026#x2019;esp\u0026#x00E9;rance de vie des personnes qui en sont atteintes. Les troubles de la d\u0026#x00E9;glutition augmentent par exemple le risque de d\u0026#x00E9;velopper une pneumonie qui est l\u0026#x2019;une des causes les plus fr\u0026#x00E9;quentes de d\u0026#x00E9;c\u0026#x00E8;s chez les personnes atteintes de la maladie d\u0026#x2019;Alzheimer.\u003C\/p\u003E\u003Cp style=\u0022text-align: justify;\u0022\u003ESouvent oubli\u0026#x00E9;es des discours sur la maladie, elles rencontrent des probl\u0026#x00E8;mes sp\u0026#x00E9;cifiques li\u0026#x00E9;s \u0026#x00E0; l\u0026#x2019;incidence sur la vie professionnelle, familiale et \u0026#x00E0; l\u0026#x2019;acc\u0026#x00E8;s aux dispositifs d\u0026#x2019;accompagnement\u0026#x2026;\u003C\/p\u003E\u003Cp style=\u0022text-align: justify;\u0022\u003E\u0026#x00C0;\u0026nbsp;ce jour, il n\u0026#x2019;existe aucun traitement capable de gu\u0026#x00E9;rir ou de freiner l\u0026#x2019;\u0026#x00E9;volution de la maladie d\u0026#x2019;Alzheimer. Certains m\u0026#x00E9;dicaments peuvent n\u0026#x00E9;anmoins \u0026#x00EA;tre administr\u0026#x00E9;s au patient pour att\u0026#x00E9;nuer les sympt\u0026#x00F4;mes cognitifs de la maladie.\u003C\/p\u003E\u003Cp style=\u0022text-align: justify;\u0022\u003ECet amendement vise donc \u0026#x00E0; donner plus de moyens \u0026#x00E0; la recherche en vue de pr\u0026#x00E9;venir et gu\u0026#x00E9;rir la maladie d\u0026#x2019;Alzheimer\u0026nbsp;:\u003C\/p\u003E\u003Cp style=\u0022text-align: justify;\u0022\u003E\u0026#x2013;\u0026nbsp;en abondant \u0026#x00E0; hauteur de 3 millions d\u0026#x2019;euros de cr\u0026#x00E9;dits suppl\u0026#x00E9;mentaires l\u0026#x2019;action 15 \u0026#x00AB;\u0026nbsp;Recherches scientifiques et technologiques en sciences de la vie et de la sant\u0026#x00E9;\u0026nbsp;\u0026#x00BB; du programme 172 \u0026#x00AB;\u0026nbsp;Recherches scientifiques et technologiques pluridisciplinaires\u0026nbsp;\u0026#x00BB;\u0026nbsp;;\u003C\/p\u003E\u003Cp style=\u0022text-align: justify;\u0022\u003E\u0026nbsp;\u0026#x2013;\u0026nbsp;pr\u0026#x00E9;lev\u0026#x00E9;s de l\u0026#x2019;action 4 \u0026#x00AB;\u0026nbsp;Ma\u0026#x00EE;trise de l\u0026#x2019;acc\u0026#x00E8;s \u0026#x00E0; l\u0026#x2019;espace\u0026nbsp;\u0026#x00BB; au sein du programme 193 \u0026#x00AB;\u0026nbsp;Recherche spatiale\u0026nbsp;\u0026#x00BB;.\u003C\/p\u003E\u003Cp style=\u0022text-align: justify;\u0022\u003ENaturellement, il n\u0026#x2019;est pas dans l\u0026#x2019;intention de l\u0026#x2019;auteur de p\u0026#x00E9;naliser ce programme mais de respecter les contraintes pos\u0026#x00E9;es par l\u0026#x2019;article\u0026nbsp;40. En cas d\u0026#x2019;adoption de cet amendement, il conviendra que le Gouvernement l\u0026#x00E8;ve le gage.\u003C\/p\u003E","annexeExposeSommaire":{}}},"cycleDeVie":{"dateDepot":"2025-10-24","datePublication":"2025-10-28","soumisArticle40":"false","etatDesTraitements":{"etat":{"code":"DI","libelle":"Discut\u00e9"},"sousEtat":{"code":"DI","libelle":"Adopt\u00e9"}},"dateSort":"2025-10-28T23:56:22+01:00","sort":"Adopt\u00e9"},"representations":{"representation":{"nom":"PDF","typeMime":{"type":"application","subType":"PDF"},"statutRepresentation":{"verbatim":"true","canonique":"true","officielle":"true","transcription":"false","enregistrement":"false"},"repSource":{},"offset":{},"contenu":{"documentURI":"\/base\/AMANR5L17PO419604B1906P2D1N000092?format=pdf"},"dateDispoRepresentation":{}}},"seanceDiscussionRef":{},"article99":"false","loiReference":{},"discussionCommune":{},"discussionIdentique":{},"accordGouvernementDepotHorsDelai":"Sans objet"}