{"uid":"AMANR5L17PO419604B1906P2D1N000271","chronotag":"1761691093437","legislature":"17","identification":{"numeroLong":"II-AC271","numeroOrdreDepot":"271","prefixeOrganeExamen":"CION-CEDU","numeroRect":"0"},"examenRef":"EXANR5L17PO419604B1906P2D1","texteLegislatifRef":"PRJLANR5L17B1906","triAmendement":"ajeaaaaaaaaaaaaaaaaaaaaaaaaaaaaaaaaaaaaaaaaaaaaaaaazzzzzzzzto","cardinaliteAmdtMultiples":"1","amendementParentRef":{},"signataires":{"auteur":{"typeAuteur":"Rapporteur","gouvernementRef":{},"acteurRef":"PA793452","groupePolitiqueRef":"PO845439","auteurRapporteurOrganeRef":{}},"cosignataires":{},"suffixe":{},"libelle":" M.\u0026#160;Davi, rapporteur"},"pointeurFragmentTexte":{"partieAmendableRef":{},"division":{"titre":"ETAT B","articleDesignationCourte":"ART. 49","articleDesignation":"ARTICLE 49","type":"ANNEXE","avant_A_Apres":"A","divisionRattachee":"ARTICLE 49","articleAdditionnel":"false","chapitreAdditionnel":"false","urlDivisionTexteVise":"\/17\/textes\/1906C.asp#D_Etat_B"},"missionVisee":{"codeEtat":"B","codeMissionMinefi":"RA","libelleMission":"Recherche et enseignement sup\u00e9rieur","missionRef":"3355"}},"corps":{"cartoucheInformatif":{},"contenuAuteur":{"dispositifAmdtCreditPLF":{"listeProgrammes":{"programme":[{"libelle":"Formations sup\u00e9rieures et recherche universitaire","programmeRef":"592335","autorisationEngagement":"-21860000","creditPaiement":"-21860000","action":"modification","lignesCredits":{}},{"libelle":"Vie \u00e9tudiante","programmeRef":"592337","autorisationEngagement":"0","creditPaiement":"0","action":"modification","lignesCredits":{}},{"libelle":"Recherches scientifiques et technologiques pluridisciplinaires","programmeRef":"592339","autorisationEngagement":"0","creditPaiement":"0","action":"modification","lignesCredits":{}},{"libelle":"Recherche spatiale","programmeRef":"592341","autorisationEngagement":"0","creditPaiement":"0","action":"modification","lignesCredits":{}},{"libelle":"Recherche dans les domaines de l\u0027\u00e9nergie, du d\u00e9veloppement et de la mobilit\u00e9 durables","programmeRef":"592343","autorisationEngagement":"0","creditPaiement":"0","action":"modification","lignesCredits":{}},{"libelle":"Recherche et enseignement sup\u00e9rieur en mati\u00e8re \u00e9conomique et industrielle","programmeRef":"592345","autorisationEngagement":"0","creditPaiement":"0","action":"modification","lignesCredits":{}},{"libelle":"Recherche duale (civile et militaire)","programmeRef":"592347","autorisationEngagement":"-150019167","creditPaiement":"-150019167","action":"modification","lignesCredits":{}},{"libelle":"Enseignement sup\u00e9rieur et recherche agricoles","programmeRef":"592349","autorisationEngagement":"0","creditPaiement":"0","action":"modification","lignesCredits":{}},{"libelle":"Plan de titularisation des agents contractuels volontaires exer\u00e7ant des fonctions p\u00e9rennes au sein des EPIC et des EPST","programmeRef":"592351","autorisationEngagement":"171879167","creditPaiement":"171879167","action":"cr\u00e9ation","lignesCredits":{}}]},"soldeAE":"0","soldeCP":"0","cpEgalAe":"true"},"avantAppel":{},"exposeSommaire":"\u003Cp style=\u0022text-align: justify;\u0022\u003ELe pr\u0026#x00E9;sent amendement vise \u0026#x00E0; instaurer un plan de titularisation des agents contractuels volontaires exer\u0026#x00E7;ant des fonctions p\u0026#x00E9;rennes au sein des \u0026#x00E9;tablissements publics \u0026#x00E0; caract\u0026#x00E8;re scientifique et technologique (EPST) et des \u0026#x00E9;tablissements publics \u0026#x00E0; caract\u0026#x00E8;re industriel et commercial (EPIC). Sont notamment concern\u0026#x00E9;s le CNRS, l\u0026#x2019;Inserm, l\u0026#x2019;Inrae, le Cirad ou encore l\u0026#x2019;IRD.\u003C\/p\u003E\u003Cp style=\u0022text-align: justify;\u0022\u003ELa part des personnels contractuels au sein des organismes de recherche n\u0026#x2019;a cess\u0026#x00E9; de cro\u0026#x00EE;tre au cours des derni\u0026#x00E8;res ann\u0026#x00E9;es. Parmi eux, un nombre significatif exerce des missions relevant de besoins permanents. Cette \u0026#x00E9;volution concerne l\u0026#x2019;ensemble des cat\u0026#x00E9;gories de m\u0026#x00E9;tiers, mais touche particuli\u0026#x00E8;rement les fonctions d\u0026#x2019;ing\u0026#x00E9;nieurs, de techniciens et de personnels administratifs. En 2024, le CNRS comptait ainsi 11\u0026nbsp;053 agents contractuels, et l\u0026#x2019;Inserm 3\u0026nbsp;746 pour les seuls m\u0026#x00E9;tiers d\u0026#x2019;ing\u0026#x00E9;nieurs et de chercheurs.\u003C\/p\u003E\u003Cp style=\u0022text-align: justify;\u0022\u003ECette situation r\u0026#x00E9;sulte principalement du peu de postes ouverts aux concours statutaires. Elle s\u0026#x2019;av\u0026#x00E8;re pr\u0026#x00E9;judiciable \u0026#x00E0; la fois pour les personnels et pour les organismes\u0026nbsp;: les agents concern\u0026#x00E9;s se trouvent dans une situation de pr\u0026#x00E9;carit\u0026#x00E9;, tandis que les \u0026#x00E9;tablissements voient leur gestion des ressources humaines fragilis\u0026#x00E9;e, avec des discontinuit\u0026#x00E9;s dans le suivi des activit\u0026#x00E9;s et une moindre fid\u0026#x00E9;lisation des comp\u0026#x00E9;tences. De surcro\u0026#x00EE;t, la majorit\u0026#x00E9; des contractuels sont r\u0026#x00E9;mun\u0026#x00E9;r\u0026#x00E9;s sur des ressources propres des \u0026#x00E9;tablissements, non compens\u0026#x00E9;es par l\u0026#x2019;\u0026#x00C9;tat, ce qui p\u0026#x00E8;se sur leur \u0026#x00E9;quilibre financier.\u003C\/p\u003E\u003Cp style=\u0022text-align: justify;\u0022\u003ELe pr\u0026#x00E9;sent amendement a pour objet de rem\u0026#x00E9;dier \u0026#x00E0; cette situation structurelle en instituant un plan de titularisation \u0026#x00E0; l\u0026#x2019;\u0026#x00E9;chelle des EPST et des EPIC, sur la base du volontariat des agents concern\u0026#x00E9;s. Il pr\u0026#x00E9;voit la prise en charge des surco\u0026#x00FB;ts budg\u0026#x00E9;taires associ\u0026#x00E9;s \u0026#x00E0; cette mesure, tant en mati\u0026#x00E8;re de traitement que de cotisations au CAS \u003Ci\u003EPensions\u003C\/i\u003E, dont le taux applicable aux titulaires est sup\u0026#x00E9;rieur \u0026#x00E0; celui des contractuels.\u003C\/p\u003E\u003Cp style=\u0022text-align: justify;\u0022\u003EL\u0026#x2019;amendement propose de cr\u0026#x00E9;er un nouveau programme intitul\u0026#x00E9; \u0026#x00AB;\u0026nbsp;Plan de titularisation des agents contractuels volontaires exer\u0026#x00E7;ant des fonctions p\u0026#x00E9;rennes au sein des EPIC et des EPST\u0026nbsp;\u0026#x00BB;, dot\u0026#x00E9;e de 171\u0026nbsp;879\u0026nbsp;167\u0026nbsp;euros.\u003C\/p\u003E\u003Cp style=\u0022text-align: justify;\u0022\u003EPour respecter les r\u0026#x00E8;gles de recevabilit\u0026#x00E9; financi\u0026#x00E8;re impos\u0026#x00E9;es par l\u0026#x2019;article\u0026nbsp;40 de la Constitution, l\u0026#x2019;amendement pr\u0026#x00E9;l\u0026#x00E8;ve en AE et CP les cr\u0026#x00E9;dits de\u0026nbsp;:\u003C\/p\u003E\u003Cp style=\u0022text-align: justify;\u0022\u003E\u0026#x2013;\u0026nbsp;l\u0026#x2019;action 1, 3, 4 du programme 191 Recherche duale (civile et militaire), \u0026#x00E0; hauteur respectivement de 12\u0026nbsp;000\u0026nbsp;000\u0026nbsp;euros, 127\u0026nbsp;701\u0026nbsp;136\u0026nbsp;euros et 10\u0026nbsp;318\u0026nbsp;031\u0026nbsp;euros\u0026nbsp;;\u003C\/p\u003E\u003Cp style=\u0022text-align: justify;\u0022\u003E\u0026#x2013;\u0026nbsp;l\u0026#x2019;action 17 du programme 150 finan\u0026#x00E7;ant le HCERES, \u0026#x00E0; hauteur de 21\u0026nbsp;860\u0026nbsp;000\u0026nbsp;euros.\u003C\/p\u003E\u003Cp style=\u0022text-align: justify;\u0022\u003ELe rapporteur invite toutefois le Gouvernement \u0026#x00E0; maintenir ces cr\u0026#x00E9;dits, pour ne pas affaiblir les autres programmes de la mission.\u003C\/p\u003E","annexeExposeSommaire":{}}},"cycleDeVie":{"dateDepot":"2025-10-28","datePublication":"2025-10-28","soumisArticle40":"false","etatDesTraitements":{"etat":{"code":"DI","libelle":"Discut\u00e9"},"sousEtat":{"code":"DI","libelle":"Tomb\u00e9"}},"dateSort":"2025-10-28T23:37:54+01:00","sort":"Tomb\u00e9"},"representations":{"representation":{"nom":"PDF","typeMime":{"type":"application","subType":"PDF"},"statutRepresentation":{"verbatim":"true","canonique":"true","officielle":"true","transcription":"false","enregistrement":"false"},"repSource":{},"offset":{},"contenu":{"documentURI":"\/base\/AMANR5L17PO419604B1906P2D1N000271?format=pdf"},"dateDispoRepresentation":{}}},"seanceDiscussionRef":{},"article99":"false","loiReference":{},"discussionCommune":{},"discussionIdentique":{},"accordGouvernementDepotHorsDelai":"Sans objet"}