{"uid":"AMANR5L17PO419610B1906P2D1N000118","chronotag":"1761645379314","legislature":"17","identification":{"numeroLong":"II-CE118","numeroOrdreDepot":"118","prefixeOrganeExamen":"CION-ECO","numeroRect":"0"},"examenRef":"EXANR5L17PO419610B1906P2D1","texteLegislatifRef":"PRJLANR5L17B1906","triAmendement":"adaaaaaaaaaaaaaaaaaaaaaaaaaaaaaaaaaaaaaaaaaaaaaaaaaai","cardinaliteAmdtMultiples":"1","amendementParentRef":{},"signataires":{"auteur":{"typeAuteur":"D\u00e9put\u00e9","gouvernementRef":{},"acteurRef":"PA840997","groupePolitiqueRef":"PO845439","auteurRapporteurOrganeRef":{}},"cosignataires":{},"suffixe":"et les membres du groupe \u00c9cologiste et social","libelle":" M.\u0026#160;Biteau et les membres du groupe \u0026#201;cologiste et social"},"pointeurFragmentTexte":{"partieAmendableRef":{},"division":{"titre":"ETAT B","articleDesignationCourte":"ART. 49","articleDesignation":"ARTICLE 49","type":"ANNEXE","avant_A_Apres":"A","divisionRattachee":"ARTICLE 49","articleAdditionnel":"false","chapitreAdditionnel":"false","urlDivisionTexteVise":"\/17\/textes\/1906C.asp#D_Etat_B"},"missionVisee":{"codeEtat":"B","codeMissionMinefi":"AC","libelleMission":"Agriculture, alimentation, for\u00eat et affaires rurales","missionRef":"3315"}},"corps":{"cartoucheInformatif":{},"contenuAuteur":{"dispositifAmdtCreditPLF":{"listeProgrammes":{"programme":[{"libelle":"Comp\u00e9titivit\u00e9 et durabilit\u00e9 de l\u0027agriculture, de l\u0027agroalimentaire et de la for\u00eat","programmeRef":"544253","autorisationEngagement":"14400000","creditPaiement":"14400000","action":"modification","lignesCredits":{}},{"libelle":"S\u00e9curit\u00e9 et qualit\u00e9 sanitaires de l\u0027alimentation","programmeRef":"544255","autorisationEngagement":"0","creditPaiement":"0","action":"modification","lignesCredits":{}},{"libelle":"Conduite et pilotage des politiques de l\u0027agriculture","programmeRef":"544257","autorisationEngagement":"-14400000","creditPaiement":"-14400000","action":"modification","lignesCredits":{}},{"libelle":"All\u00e8gements du co\u00fbt du travail en agriculture (TODE-AG)","programmeRef":"544259","autorisationEngagement":"0","creditPaiement":"0","action":"modification","lignesCredits":{}}]},"soldeAE":"0","soldeCP":"0","cpEgalAe":"true"},"avantAppel":{},"exposeSommaire":"\u003Cp\u003ELe projet annuel de performances 2025 du programme 149 fixait la dotation du Fonds Avenir Bio \u0026#x00E0; 18 millions d\u0026#x2019;euros, en combinant les cr\u0026#x00E9;dits de droit commun et un abondement pr\u0026#x00E9;vu au titre de la planification \u0026#x00E9;cologique, et pr\u0026#x00E9;voyait le renforcement des campagnes nationales de communication pour soutenir la demande en produits biologiques, mises en \u0026#x0153;uvre par l\u0026#x2019;Agence BIO. Ces cr\u0026#x00E9;dits de communication, d\u0026#x2019;un montant de 5 millions d\u0026#x2019;euros, constituaient un outil strat\u0026#x00E9;gique pour maintenir la visibilit\u0026#x00E9; du label AB et accompagner le rebond de la consommation.\u003C\/p\u003E\u003Cp\u003EEn mai\u0026nbsp;2025, le minist\u0026#x00E8;re de l\u0026#x2019;Agriculture et de l\u0026#x2019;Alimentation a notifi\u0026#x00E9; une r\u0026#x00E9;duction significative de ces moyens\u0026nbsp;: la dotation d\u0026#x2019;Avenir Bio a \u0026#x00E9;t\u0026#x00E9; ramen\u0026#x00E9;e de 18 millions d\u0026#x2019;euros \u0026#x00E0; environ 8,6 millions d\u0026#x2019;euros, et les cr\u0026#x00E9;dits d\u0026#x00E9;di\u0026#x00E9;s aux campagnes nationales ont \u0026#x00E9;t\u0026#x00E9; supprim\u0026#x00E9;s. Cette double coupe a eu pour cons\u0026#x00E9;quence imm\u0026#x00E9;diate de priver de financement des projets structurants d\u0026#x00E9;j\u0026#x00E0; instruits, repr\u0026#x00E9;sentant environ 30 initiatives pour un montant sollicit\u0026#x00E9; de 25 millions d\u0026#x2019;euros, mobilisant pr\u0026#x00E8;s de 80 millions d\u0026#x2019;euros d\u0026#x2019;investissements et impliquant plus de 3\u0026nbsp;200 producteurs.\u003C\/p\u003E\u003Cp\u003ECes arbitrages affaiblissent la dynamique de fili\u0026#x00E8;re. La baisse de la consommation de produits bio observ\u0026#x00E9;e ces derni\u0026#x00E8;res ann\u0026#x00E9;es appelle, au contraire, un renforcement simultan\u0026#x00E9; de l\u0026#x2019;offre et de la demande\u0026nbsp;: structurer les fili\u0026#x00E8;res pour r\u0026#x00E9;duire les co\u0026#x00FB;ts et s\u0026#x00E9;curiser les d\u0026#x00E9;bouch\u0026#x00E9;s, et soutenir la demande par des campagnes d\u0026#x2019;information ambitieuses.\u003C\/p\u003E\u003Cp\u003ELe pr\u0026#x00E9;sent amendement vise donc \u0026#x00E0; reconstituer int\u0026#x00E9;gralement les moyens supprim\u0026#x00E9;s en 2025, en relevant de 9,7 millions d\u0026#x2019;euros en AE et CP les cr\u0026#x00E9;dits de l\u0026#x2019;action 21 \u0026#x00AB;\u0026nbsp;Fonds Avenir Bio\u0026nbsp;\u0026#x00BB; et de 5 millions d\u0026#x2019;euros en AE et CP ceux de l\u0026#x2019;action 29 \u0026#x00AB;\u0026nbsp;Planification \u0026#x00E9;cologique \u0026#x2014; soutien \u0026#x00E0; l\u0026#x2019;agriculture biologique\u0026nbsp;\u0026#x00BB;, afin de permettre \u0026#x00E0; la fois la relance de projets de structuration et le d\u0026#x00E9;ploiement de campagnes nationales indispensables \u0026#x00E0; la reconqu\u0026#x00EA;te des consommateurs. Ces cr\u0026#x00E9;dits sont pr\u0026#x00E9;lev\u0026#x00E9;s sur le l\u0026#x2019;action 01 \u0026#x00AB;\u0026nbsp;Moyens de l\u0026#x2019;administration centrale\u0026nbsp;\u0026#x00BB; du programme 2515 \u0026#x00AB;\u0026nbsp;Conduite et pilotage des politiques de l\u0026#x2019;agriculture\u0026nbsp;\u0026#x00BB;. Ce gage propos\u0026#x00E9; sur le programme 215 pr\u0026#x00E9;serve l\u0026#x2019;\u0026#x00E9;quilibre de la mission tout en r\u0026#x00E9;orientant des cr\u0026#x00E9;dits vers des d\u0026#x00E9;penses directement productives pour l\u0026#x2019;avenir de la fili\u0026#x00E8;re biologique. Il est demand\u0026#x00E9; au Gouvernement de bien vouloir lever ce gage afin de ne pas p\u0026#x00E9;naliser les actions pr\u0026#x00E9;vues dans le cadre du programme 215.\u003C\/p\u003E\u003Cp\u003ECet amendement a \u0026#x00E9;t\u0026#x00E9; sugg\u0026#x00E9;r\u0026#x00E9; par La maison de la Bio.\u003C\/p\u003E\u003Cp\u003E(Remplace le CE73)\u003C\/p\u003E","annexeExposeSommaire":{}}},"cycleDeVie":{"dateDepot":"2025-10-20","datePublication":"2025-10-22","soumisArticle40":"false","etatDesTraitements":{"etat":{"code":"DI","libelle":"Discut\u00e9"},"sousEtat":{"code":"DI","libelle":"Rejet\u00e9"}},"dateSort":"2025-10-22T12:32:38+02:00","sort":"Rejet\u00e9"},"representations":{"representation":{"nom":"PDF","typeMime":{"type":"application","subType":"PDF"},"statutRepresentation":{"verbatim":"true","canonique":"true","officielle":"true","transcription":"false","enregistrement":"false"},"repSource":{},"offset":{},"contenu":{"documentURI":"\/base\/AMANR5L17PO419610B1906P2D1N000118?format=pdf"},"dateDispoRepresentation":{}}},"seanceDiscussionRef":{},"article99":"false","loiReference":{"codeLoi":"bio","divisionCodeLoi":{}},"discussionCommune":{"idDiscussion":"32439","typePosition":"Milieu"},"discussionIdentique":{},"accordGouvernementDepotHorsDelai":"Sans objet"}