{"uid":"AMANR5L17PO419865B1906P2D1N000132","chronotag":"1761677203266","legislature":"17","identification":{"numeroLong":"II-CD132","numeroOrdreDepot":"132","prefixeOrganeExamen":"CION-DVP","numeroRect":"0"},"examenRef":"EXANR5L17PO419865B1906P2D1","texteLegislatifRef":"PRJLANR5L17B1906","triAmendement":"adaaaaaaaaaaaaaaaaaaaaaaaaaaaaaaaaaaaaaaaaaaaaaaaacc","cardinaliteAmdtMultiples":"1","amendementParentRef":{},"signataires":{"auteur":{"typeAuteur":"D\u00e9put\u00e9","gouvernementRef":{},"acteurRef":"PA841327","groupePolitiqueRef":"PO845419","auteurRapporteurOrganeRef":{}},"cosignataires":{"acteurRef":["PA774958","PA795430","PA840829","PA841633","PA643192","PA794854","PA841665"]},"suffixe":{},"libelle":" M.\u0026#160;Roussel,  M.\u0026#160;Leseul, M.\u0026#160;Delautrette, M.\u0026#160;Barusseau, M.\u0026#160;Dufau, Mme\u0026#160;Jourdan, M.\u0026#160;Echaniz et M.\u0026#160;F\u0026#233;gn\u0026#233;"},"pointeurFragmentTexte":{"partieAmendableRef":{},"division":{"titre":"ETAT B","articleDesignationCourte":"ART. 49","articleDesignation":"ARTICLE 49","type":"ANNEXE","avant_A_Apres":"A","divisionRattachee":"ARTICLE 49","articleAdditionnel":"false","chapitreAdditionnel":"false","urlDivisionTexteVise":"\/17\/textes\/1906C.asp#D_Etat_B"},"missionVisee":{"codeEtat":"B","codeMissionMinefi":"TA","libelleMission":"\u00c9cologie, d\u00e9veloppement et mobilit\u00e9 durables","missionRef":"3331"}},"corps":{"cartoucheInformatif":{},"contenuAuteur":{"dispositifAmdtCreditPLF":{"listeProgrammes":{"programme":[{"libelle":"Infrastructures et services de transports","programmeRef":"566453","autorisationEngagement":"0","creditPaiement":"0","action":"modification","lignesCredits":{}},{"libelle":"Affaires maritimes, p\u00eache et aquaculture","programmeRef":"566455","autorisationEngagement":"90000000","creditPaiement":"90000000","action":"modification","lignesCredits":{}},{"libelle":"Paysages, eau et biodiversit\u00e9","programmeRef":"566457","autorisationEngagement":"0","creditPaiement":"0","action":"modification","lignesCredits":{}},{"libelle":"Expertise, information g\u00e9ographique et m\u00e9t\u00e9orologie","programmeRef":"566459","autorisationEngagement":"0","creditPaiement":"0","action":"modification","lignesCredits":{}},{"libelle":"Pr\u00e9vention des risques","programmeRef":"566461","autorisationEngagement":"0","creditPaiement":"0","action":"modification","lignesCredits":{}},{"libelle":"\u00c9nergie, climat et apr\u00e8s-mines","programmeRef":"566463","autorisationEngagement":"0","creditPaiement":"0","action":"modification","lignesCredits":{}},{"libelle":"Service public de l\u0027\u00e9nergie","programmeRef":"566465","autorisationEngagement":"-90000000","creditPaiement":"-90000000","action":"modification","lignesCredits":{}},{"libelle":"Conduite et pilotage des politiques de l\u0027\u00e9cologie, du d\u00e9veloppement et de la mobilit\u00e9 durables","programmeRef":"566467","autorisationEngagement":"0","creditPaiement":"0","action":"modification","lignesCredits":{}},{"libelle":"Fonds d\u0027acc\u00e9l\u00e9ration de la transition \u00e9cologique dans les territoires","programmeRef":"566469","autorisationEngagement":"0","creditPaiement":"0","action":"modification","lignesCredits":{}},{"libelle":"S\u00fbret\u00e9 nucl\u00e9aire et radioprotection","programmeRef":"566471","autorisationEngagement":"0","creditPaiement":"0","action":"modification","lignesCredits":{}},{"libelle":"Ecologie \u2013 mise en extinction du plan de relance","programmeRef":"566473","autorisationEngagement":"0","creditPaiement":"0","action":"modification","lignesCredits":{}}]},"soldeAE":"0","soldeCP":"0","cpEgalAe":"true"},"avantAppel":{},"exposeSommaire":"\u003Cp style=\u0022text-align: justify;\u0022\u003ECet amendement du groupe Socialistes et apparent\u0026#x00E9;s propose de fl\u0026#x00E9;cher une fraction de la taxe carbone vers la d\u0026#x00E9;carbonation maritime afin de r\u0026#x00E9;pondre \u0026#x00E0; la promesse du Premier Ministre Fran\u0026#x00E7;ois Bayrou, lors du Comit\u0026#x00E9; Interminist\u0026#x00E9;riel de la Mer (CIMER), le 26\u0026nbsp;mai dernier, de fl\u0026#x00E9;cher une partie des revenus g\u0026#x00E9;n\u0026#x00E9;r\u0026#x00E9;s par le produit de l\u0026#x2019;ETS maritime, ainsi que les \u0026#x00E9;ventuelles p\u0026#x00E9;nalit\u0026#x00E9;s applicables dans le dispositif FuelEU, \u0026#x00E0; savoir 90 millions d\u0026#x2019;euros de la taxe carbone europ\u0026#x00E9;enne (taxe ETS2) vers la d\u0026#x00E9;carbonation du secteur maritime afin de permettre \u0026#x00E0; la France d\u0026#x2019;atteindre l\u0026#x2019;objectif z\u0026#x00E9;ro \u0026#x00E9;mission \u0026#x00E0; horizon 2050 fix\u0026#x00E9; par l\u0026#x2019;OMI.\u003C\/p\u003E\u003Cp style=\u0022text-align: justify;\u0022\u003ECet amendement vise \u0026#x00E9;galement \u0026#x00E0; cr\u0026#x00E9;er enfin le fonds d\u0026#x2019;investissement d\u0026#x00E9;di\u0026#x00E9; au secteur de la d\u0026#x00E9;carbonation maritime, annonc\u0026#x00E9; par le Pr\u0026#x00E9;sident de la R\u0026#x00E9;publique, lors des Assises de l\u0026#x2019;\u0026#x00E9;conomie de la mer du\u0026nbsp;28\u0026nbsp;novembre\u0026nbsp;2022, et ce, afin de rassurer tant les entreprises du secteur que notre souverainet\u0026#x00E9; industrielle.\u003C\/p\u003E\u003Cp style=\u0022text-align: justify;\u0022\u003ECet amendement propose donc d\u0026#x2019;abonder le programme 205 \u0026#x00AB;\u0026nbsp;Affaires maritimes, p\u0026#x00EA;che et aquaculture\u0026nbsp;\u0026#x00BB; afin de cr\u0026#x00E9;er un fonds de soutien au d\u0026#x00E9;veloppement des technologies li\u0026#x00E9;es \u0026#x00E0; la d\u0026#x00E9;carbonation du transport maritime.\u003C\/p\u003E\u003Cp style=\u0022text-align: justify;\u0022\u003EAfin d\u0026#x2019;assurer la recevabilit\u0026#x00E9; de cet amendement, ce dernier\u0026nbsp;:\u003C\/p\u003E\u003Cp style=\u0022text-align: justify;\u0022\u003E\u0026#x2013;\u0026nbsp;ponctionne 90 millions d\u0026#x2019;euros (en AE et CP) du programme 345 \u0026#x00AB;\u0026nbsp;Service public de l\u0026#x2019;\u0026#x00E9;nergie\u0026nbsp;\u0026#x00BB;\u0026nbsp;;\u003C\/p\u003E\u003Cp style=\u0022text-align: justify;\u0022\u003E\u0026#x2013;\u0026nbsp;afin d\u0026#x2019;abonder du m\u0026#x00EA;me montant (en AE et CP) le programme 205 \u0026#x00AB;\u0026nbsp;Affaires maritimes, p\u0026#x00EA;che et aquaculture\u0026nbsp;\u0026#x00BB;\u003C\/p\u003E\u003Cp style=\u0022text-align: justify;\u0022\u003ENotre volont\u0026#x00E9; n\u0026#x2019;est pas de r\u0026#x00E9;duire les cr\u0026#x00E9;dits du programme 345 \u0026#x00AB;\u0026nbsp;Service public de l\u0026#x2019;\u0026#x00E9;nergie\u0026nbsp;\u0026#x00BB;, c\u0026#x2019;est la raison pour laquelle nous demandons au Gouvernement de lever le gage.\u003C\/p\u003E","annexeExposeSommaire":{}}},"cycleDeVie":{"dateDepot":"2025-10-24","datePublication":"2025-10-28","soumisArticle40":"true","etatDesTraitements":{"etat":{"code":"DI","libelle":"Discut\u00e9"},"sousEtat":{"code":"DI","libelle":"Adopt\u00e9"}},"dateSort":"2025-10-28T19:46:18+01:00","sort":"Adopt\u00e9"},"representations":{"representation":{"nom":"PDF","typeMime":{"type":"application","subType":"PDF"},"statutRepresentation":{"verbatim":"true","canonique":"true","officielle":"true","transcription":"false","enregistrement":"false"},"repSource":{},"offset":{},"contenu":{"documentURI":"\/base\/AMANR5L17PO419865B1906P2D1N000132?format=pdf"},"dateDispoRepresentation":{}}},"seanceDiscussionRef":{},"article99":"false","loiReference":{"codeLoi":"205","divisionCodeLoi":"111"},"discussionCommune":{"idDiscussion":"33367","typePosition":"Premier"},"discussionIdentique":{},"accordGouvernementDepotHorsDelai":"Sans objet"}