{"uid":"AMANR5L17PO419865B1906P2D1N000140","chronotag":"1761675493453","legislature":"17","identification":{"numeroLong":"II-CD140","numeroOrdreDepot":"140","prefixeOrganeExamen":"CION-DVP","numeroRect":"0"},"examenRef":"EXANR5L17PO419865B1906P2D1","texteLegislatifRef":"PRJLANR5L17B1906","triAmendement":"adaaaaaaaaaaaaaaaaaaaaaaaaaaaaaaaaaaaaaaaaaaaaaaaabpti","cardinaliteAmdtMultiples":"1","amendementParentRef":{},"signataires":{"auteur":{"typeAuteur":"D\u00e9put\u00e9","gouvernementRef":{},"acteurRef":"PA774958","groupePolitiqueRef":"PO845419","auteurRapporteurOrganeRef":{}},"cosignataires":{"acteurRef":["PA840829","PA795430","PA841633","PA842195","PA841665","PA643192","PA841327"]},"suffixe":{},"libelle":" M.\u0026#160;Leseul,  M.\u0026#160;Barusseau, M.\u0026#160;Delautrette, M.\u0026#160;Dufau, M.\u0026#160;Eskenazi, M.\u0026#160;F\u0026#233;gn\u0026#233;, Mme\u0026#160;Jourdan et M.\u0026#160;Roussel"},"pointeurFragmentTexte":{"partieAmendableRef":{},"division":{"titre":"ETAT B","articleDesignationCourte":"ART. 49","articleDesignation":"ARTICLE 49","type":"ANNEXE","avant_A_Apres":"A","divisionRattachee":"ARTICLE 49","articleAdditionnel":"false","chapitreAdditionnel":"false","urlDivisionTexteVise":"\/17\/textes\/1906C.asp#D_Etat_B"},"missionVisee":{"codeEtat":"B","codeMissionMinefi":"TA","libelleMission":"\u00c9cologie, d\u00e9veloppement et mobilit\u00e9 durables","missionRef":"3331"}},"corps":{"cartoucheInformatif":{},"contenuAuteur":{"dispositifAmdtCreditPLF":{"listeProgrammes":{"programme":[{"libelle":"Infrastructures et services de transports","programmeRef":"576767","autorisationEngagement":"0","creditPaiement":"0","action":"modification","lignesCredits":{}},{"libelle":"Affaires maritimes, p\u00eache et aquaculture","programmeRef":"576769","autorisationEngagement":"0","creditPaiement":"0","action":"modification","lignesCredits":{}},{"libelle":"Paysages, eau et biodiversit\u00e9","programmeRef":"576771","autorisationEngagement":"0","creditPaiement":"0","action":"modification","lignesCredits":{}},{"libelle":"Expertise, information g\u00e9ographique et m\u00e9t\u00e9orologie","programmeRef":"576773","autorisationEngagement":"0","creditPaiement":"0","action":"modification","lignesCredits":{}},{"libelle":"Pr\u00e9vention des risques","programmeRef":"576775","autorisationEngagement":"0","creditPaiement":"0","action":"modification","lignesCredits":{}},{"libelle":"\u00c9nergie, climat et apr\u00e8s-mines","programmeRef":"576777","autorisationEngagement":"0","creditPaiement":"0","action":"modification","lignesCredits":{}},{"libelle":"Service public de l\u0027\u00e9nergie","programmeRef":"576779","autorisationEngagement":"0","creditPaiement":"0","action":"modification","lignesCredits":{}},{"libelle":"Conduite et pilotage des politiques de l\u0027\u00e9cologie, du d\u00e9veloppement et de la mobilit\u00e9 durables","programmeRef":"576781","autorisationEngagement":"-100000000","creditPaiement":"-100000000","action":"modification","lignesCredits":{}},{"libelle":"Fonds d\u0027acc\u00e9l\u00e9ration de la transition \u00e9cologique dans les territoires","programmeRef":"576783","autorisationEngagement":"100000000","creditPaiement":"100000000","action":"modification","lignesCredits":{}},{"libelle":"S\u00fbret\u00e9 nucl\u00e9aire et radioprotection","programmeRef":"576785","autorisationEngagement":"0","creditPaiement":"0","action":"modification","lignesCredits":{}},{"libelle":"Ecologie \u2013 mise en extinction du plan de relance","programmeRef":"576787","autorisationEngagement":"0","creditPaiement":"0","action":"modification","lignesCredits":{}}]},"soldeAE":"0","soldeCP":"0","cpEgalAe":"true"},"avantAppel":{},"exposeSommaire":"\u003Cp style=\u0022text-align: justify;\u0022\u003ECet amendement des d\u0026#x00E9;put\u0026#x00E9;s socialistes et apparent\u0026#x00E9;s vise \u0026#x00E0; relever le montant des financements publics d\u0026#x00E9;di\u0026#x00E9;s \u0026#x00E0; l\u0026#x2019;investissement dans les infrastructures cyclables, en compl\u0026#x00E9;ment des investissements men\u0026#x00E9;s par les collectivit\u0026#x00E9;s territoriales.\u003C\/p\u003E\u003Cp style=\u0022text-align: justify;\u0022\u003EIl vise \u0026#x00E0; renforcer l\u0026#x2019;axe 3 du programme 380 \u0026#x00AB;\u0026nbsp;Am\u0026#x00E9;lioration du cadre de vie\u0026nbsp;\u0026#x00BB;, en permettant aux collectivit\u0026#x00E9;s territoriales rurales et p\u0026#x00E9;riurbaines d\u0026#x2019;acc\u0026#x00E9;der \u0026#x00E0; des financements permettant le d\u0026#x00E9;veloppement d\u0026#x2019;am\u0026#x00E9;nagements s\u0026#x00E9;curisant la pratique du v\u0026#x00E9;lo. Il s\u0026#x2019;inscrit dans une logique de coh\u0026#x00E9;sion territoriale et d\u0026#x2019;une transition \u0026#x00E9;cologique partag\u0026#x00E9;e sur tous les territoires.\u003C\/p\u003E\u003Cp style=\u0022text-align: justify;\u0022\u003ELes besoins sont immenses\u0026nbsp;: les communes p\u0026#x00E9;riurbaines poss\u0026#x00E8;dent en moyenne moiti\u0026#x00E9; moins d\u0026#x2019;am\u0026#x00E9;nagements cyclables que les communes de centre-ville. Dans la ruralit\u0026#x00E9;, seulement 1\u0026nbsp;% de la voirie autoris\u0026#x00E9;e aux cycles est pourvue d\u0026#x2019;un am\u0026#x00E9;nagement cyclable.\u003C\/p\u003E\u003Cp style=\u0022text-align: justify;\u0022\u003EEn coh\u0026#x00E9;rence avec les r\u0026#x00E8;gles actuelles de la LOLF, il est propos\u0026#x00E9; de r\u0026#x00E9;duire de 100 millions d\u0026#x2019;euros un autre programme. Nous proposons ici qu\u0026#x2019;il s\u0026#x2019;agisse du programme 203, notamment l\u0026#x2019;action 04\u0026#x2011;01 d\u0026#x00E9;di\u0026#x00E9;e au d\u0026#x00E9;veloppement de nouvelles routes. Cette action est financ\u0026#x00E9;e exclusivement par fonds de concours de la part des collectivit\u0026#x00E9;s et de l\u0026#x2019;AFITF pour des projets routiers du r\u0026#x00E9;seau national conc\u0026#x00E9;d\u0026#x00E9; ou non conc\u0026#x00E9;d\u0026#x00E9;. L\u0026#x2019;objectif affich\u0026#x00E9; de l\u0026#x2019;\u0026#x00C9;tat \u0026#x00AB;\u0026nbsp;de d\u0026#x00E9;veloppement d\u0026#x2019;alternatives aux mobilit\u0026#x00E9;s routi\u0026#x00E8;res\u0026nbsp;\u0026#x00BB; doit \u0026#x00EA;tre retranscrit dans son budget en favorisant le d\u0026#x00E9;veloppement des mobilit\u0026#x00E9;s actives au d\u0026#x00E9;triment de projets routiers qui favorisent l\u0026#x2019;usage de la voiture.\u003C\/p\u003E\u003Cp style=\u0022text-align: justify;\u0022\u003ECet amendement est propos\u0026#x00E9; et soutenu par l\u0026#x2019;ensemble de l\u0026#x2019;Alliance pour le v\u0026#x00E9;lo, coalition rassemblant le R\u0026#x00E9;seau v\u0026#x00E9;lo et marche (collectivit\u0026#x00E9;s), la FUB (usagers), l\u0026#x2019;Union Sport et Cycle (professionnels du cycle), France v\u0026#x00E9;lo (fili\u0026#x00E8;re \u0026#x00E9;conomique du v\u0026#x00E9;lo) et l\u0026#x2019;APIC (identification des v\u0026#x00E9;los).\u003C\/p\u003E\u003Cp style=\u0022text-align: justify;\u0022\u003EAfin d\u0026#x2019;assurer la recevabilit\u0026#x00E9; de cet amendent, ce dernier\u0026nbsp;:\u003C\/p\u003E\u003Cp style=\u0022text-align: justify;\u0022\u003E\u0026#x2013;\u0026nbsp;Ponctionne 100M\u0026#x20AC; en AE et CP sur l\u0026#x2019;action n\u0026#x00B0;\u0026nbsp;07 \u0026#x00AB;\u0026nbsp;pilotage, support, audit et \u0026#x00E9;valuations\u0026nbsp;\u0026#x00BB; du programme 217 \u0026#x00AB;\u0026nbsp;Conduite et pilotage des politiques de l\u0026#x2019;\u0026#x00E9;cologie, du d\u0026#x00E9;veloppement et de la mobilit\u0026#x00E9; durables\u0026nbsp;\u0026#x00BB;\u003C\/p\u003E\u003Cp style=\u0022text-align: justify;\u0022\u003E\u0026#x2013;\u0026nbsp;Afin d\u0026#x2019;abonder (en AE et CP) du m\u0026#x00EA;me montant l\u0026#x2019;action n\u0026#x00B0;03 \u0026#x00AB;\u0026nbsp;Am\u0026#x00E9;lioration du cadre de vie\u0026nbsp;\u0026#x00BB; du programme 380 \u0026#x00AB;\u0026nbsp;Fonds d\u0026#x2019;acc\u0026#x00E9;l\u0026#x00E9;ration de la transition \u0026#x00E9;cologique dans les territoires\u0026nbsp;\u0026#x00BB;.\u003C\/p\u003E\u003Cp style=\u0022text-align: justify;\u0022\u003ENous proposons au Gouvernement de lever ce gage.\u003C\/p\u003E","annexeExposeSommaire":{}}},"cycleDeVie":{"dateDepot":"2025-10-24","datePublication":"2025-10-28","soumisArticle40":"false","etatDesTraitements":{"etat":{"code":"DI","libelle":"Discut\u00e9"},"sousEtat":{"code":"DI","libelle":"Tomb\u00e9"}},"dateSort":"2025-10-28T19:18:10+01:00","sort":"Tomb\u00e9"},"representations":{"representation":{"nom":"PDF","typeMime":{"type":"application","subType":"PDF"},"statutRepresentation":{"verbatim":"true","canonique":"true","officielle":"true","transcription":"false","enregistrement":"false"},"repSource":{},"offset":{},"contenu":{"documentURI":"\/base\/AMANR5L17PO419865B1906P2D1N000140?format=pdf"},"dateDispoRepresentation":{}}},"seanceDiscussionRef":{},"article99":"false","loiReference":{"codeLoi":"203","divisionCodeLoi":"54"},"discussionCommune":{"idDiscussion":"33267","typePosition":"Milieu"},"discussionIdentique":{},"accordGouvernementDepotHorsDelai":"Sans objet"}