{"uid":"AMANR5L17PO419865B1906P2D1N000162","chronotag":"1761730513367","legislature":"17","identification":{"numeroLong":"II-CD162","numeroOrdreDepot":"162","prefixeOrganeExamen":"CION-DVP","numeroRect":"0"},"examenRef":"EXANR5L17PO419865B1906P2D1","texteLegislatifRef":"PRJLANR5L17B1906","triAmendement":"adaaaaaaaaaaaaaaaaaaaaaaaaaaaaaaaaaaaaaaaaaaaaaaaaacwq","cardinaliteAmdtMultiples":"1","amendementParentRef":{},"signataires":{"auteur":{"typeAuteur":"D\u00e9put\u00e9","gouvernementRef":{},"acteurRef":"PA793980","groupePolitiqueRef":"PO845439","auteurRapporteurOrganeRef":{}},"cosignataires":{"acteurRef":["PA610968","PA793780","PA588884","PA841701","PA2940","PA795362","PA795454","PA840997","PA841885","PA841507","PA794008","PA721210","PA793452","PA841351","PA795010","PA841419","PA842013","PA840947","PA794022","PA794146","PA841223","PA795636","PA842045","PA793708","PA793664","PA794154","PA794778","PA606545","PA795076","PA722142","PA610002","PA795808","PA796018","PA736201","PA841713","PA793948"]},"suffixe":{},"libelle":" M.\u0026#160;Fournier,  M.\u0026#160;Amirshahi, Mme\u0026#160;Arrighi, Mme\u0026#160;Autain, Mme\u0026#160;Balage\u0026#160;El\u0026#160;Mariky, Mme\u0026#160;Voynet, Mme\u0026#160;Belluco, M.\u0026#160;Ben\u0026#160;Cheikh, M.\u0026#160;Biteau, M.\u0026#160;Arnaud\u0026#160;Bonnet, M.\u0026#160;Nicolas\u0026#160;Bonnet, Mme\u0026#160;Chatelain, M.\u0026#160;Corbi\u0026#232;re, M.\u0026#160;Davi, M.\u0026#160;Duplessy, Mme\u0026#160;Garin, M.\u0026#160;Damien\u0026#160;Girard, M.\u0026#160;Gustave, Mme\u0026#160;Catherine\u0026#160;Hervieu, M.\u0026#160;Iordanoff, Mme\u0026#160;Laernoes, M.\u0026#160;Lahais, M.\u0026#160;Lucas-Lundy, Mme\u0026#160;Ozenne, M.\u0026#160;Peytavie, Mme\u0026#160;Pochon, M.\u0026#160;Raux, Mme\u0026#160;Regol, M.\u0026#160;Roum\u0026#233;gas, Mme\u0026#160;Sandrine\u0026#160;Rousseau, M.\u0026#160;Ruffin, Mme\u0026#160;Sas, Mme\u0026#160;Sebaihi, Mme\u0026#160;Simonnet, Mme\u0026#160;Taill\u0026#233;-Polian, M.\u0026#160;Tavernier et M.\u0026#160;Thierry"},"pointeurFragmentTexte":{"partieAmendableRef":{},"division":{"titre":"ETAT B","articleDesignationCourte":"ART. 49","articleDesignation":"ARTICLE 49","type":"ANNEXE","avant_A_Apres":"A","divisionRattachee":"ARTICLE 49","articleAdditionnel":"false","chapitreAdditionnel":"false","urlDivisionTexteVise":"\/17\/textes\/1906C.asp#D_Etat_B"},"missionVisee":{"codeEtat":"B","codeMissionMinefi":"TA","libelleMission":"\u00c9cologie, d\u00e9veloppement et mobilit\u00e9 durables","missionRef":"3331"}},"corps":{"cartoucheInformatif":{},"contenuAuteur":{"dispositifAmdtCreditPLF":{"listeProgrammes":{"programme":[{"libelle":"Infrastructures et services de transports","programmeRef":"578009","autorisationEngagement":"-5000000","creditPaiement":"-5000000","action":"modification","lignesCredits":{}},{"libelle":"Affaires maritimes, p\u00eache et aquaculture","programmeRef":"578011","autorisationEngagement":"0","creditPaiement":"0","action":"modification","lignesCredits":{}},{"libelle":"Paysages, eau et biodiversit\u00e9","programmeRef":"578013","autorisationEngagement":"5000000","creditPaiement":"5000000","action":"modification","lignesCredits":{}},{"libelle":"Expertise, information g\u00e9ographique et m\u00e9t\u00e9orologie","programmeRef":"578015","autorisationEngagement":"0","creditPaiement":"0","action":"modification","lignesCredits":{}},{"libelle":"Pr\u00e9vention des risques","programmeRef":"578017","autorisationEngagement":"0","creditPaiement":"0","action":"modification","lignesCredits":{}},{"libelle":"\u00c9nergie, climat et apr\u00e8s-mines","programmeRef":"578019","autorisationEngagement":"0","creditPaiement":"0","action":"modification","lignesCredits":{}},{"libelle":"Service public de l\u0027\u00e9nergie","programmeRef":"578021","autorisationEngagement":"0","creditPaiement":"0","action":"modification","lignesCredits":{}},{"libelle":"Conduite et pilotage des politiques de l\u0027\u00e9cologie, du d\u00e9veloppement et de la mobilit\u00e9 durables","programmeRef":"578023","autorisationEngagement":"0","creditPaiement":"0","action":"modification","lignesCredits":{}},{"libelle":"Fonds d\u0027acc\u00e9l\u00e9ration de la transition \u00e9cologique dans les territoires","programmeRef":"578025","autorisationEngagement":"0","creditPaiement":"0","action":"modification","lignesCredits":{}},{"libelle":"S\u00fbret\u00e9 nucl\u00e9aire et radioprotection","programmeRef":"578027","autorisationEngagement":"0","creditPaiement":"0","action":"modification","lignesCredits":{}},{"libelle":"Ecologie \u2013 mise en extinction du plan de relance","programmeRef":"578029","autorisationEngagement":"0","creditPaiement":"0","action":"modification","lignesCredits":{}}]},"soldeAE":"0","soldeCP":"0","cpEgalAe":"true"},"avantAppel":{},"exposeSommaire":"\u003Cp style=\u0022text-align: justify;\u0022\u003ECet amendement vise \u0026#x00E0; cr\u0026#x00E9;er un fonds d\u0027exp\u0026#x00E9;rimentation territoriale des droits de la nature et de la gouvernance des fleuves, qui pourrait \u0026#x00EA;tre pilot\u0026#x00E9;e par les Agences de l\u0027eau.\u003C\/p\u003E\u003Cp style=\u0022text-align: justify;\u0022\u003EDepuis une dizaine d\u0026#x2019;ann\u0026#x00E9;es, une r\u0026#x00E9;volution juridique et philosophique bouscule notre vision du monde. De nombreuses rivi\u0026#x00E8;res et fleuves \u0026#x00E0; travers la plan\u0026#x00E8;te sont reconnus comme personnes juridiques dot\u0026#x00E9;es de droits, par voie constitutionnelle, l\u0026#x00E9;gislative, ou par d\u0026#x00E9;cision de justice. Une reconnaissance vou\u0026#x00E9;e \u0026#x00E0; garantir une meilleure prise en compte par les communaut\u0026#x00E9;s humaines, les agents \u0026#x00E9;conomiques et les pouvoirs publics, des int\u0026#x00E9;r\u0026#x00EA;ts, besoins, valeurs et perspectives propres de ces \u0026#x00E9;cosyst\u0026#x00E8;mes.\u003C\/p\u003E\u003Cp style=\u0022text-align: justify;\u0022\u003ECette r\u0026#x00E9;volution \u0026#x00E0; bas bruit s\u0026#x2019;\u0026#x00E9;tend aujourd\u0026#x2019;hui \u0026#x00E0; une vingtaine de pays : la rivi\u0026#x00E8;re Atrato en Colombie gratifi\u0026#x00E9;e du statut de \u0026#x00AB; sujet de droits \u0026#x00BB; en 2016 par le juge constitutionnel, la rivi\u0026#x00E8;re Whanganui en Nouvelle-Z\u0026#x00E9;lande \u0026#x00E0; qui le parlement a reconnu en 2017 le statut de \u0026#x00AB; personne \u0026#x00BB; dot\u0026#x00E9;e de droits, ou encore la rivi\u0026#x00E8;re Magpie au Canada reconnue \u0026#x201C;personnalit\u0026#x00E9; juridique\u0026#x201D; en 2021, une premi\u0026#x00E8;re pour le pays. Cette r\u0026#x00E9;volution est \u0026#x00E0; l\u0026#x2019;oeuvre sur notre continent aussi ; en Espagne, la loi de 2022 a fait de la lagune de Mar Menor et de son bassin versant, le premier \u0026#x00E9;cosyst\u0026#x00E8;me europ\u0026#x00E9;en \u0026#x00E0; acc\u0026#x00E9;der au statut de personne naturelle juridique.\u003C\/p\u003E\u003Cp style=\u0022text-align: justify;\u0022\u003EActuellement, plus de la moiti\u0026#x00E9; des eaux des lacs, rivi\u0026#x00E8;res et fleuves en Europe sont dans un \u0026#x00E9;tat \u0026#x201C;tr\u0026#x00E8;s critique\u0026#x201D;, en raison de la concentration de divers polluants et de d\u0026#x00E9;bits en baisse, tant en raison du changement climatique que de la conversion et la surexploitation des terres ; pourtant, de mani\u0026#x00E8;re pragmatique, la bonne sant\u0026#x00E9; des \u0026#x00E9;cosyst\u0026#x00E8;mes aquatiques est vitale pour la p\u0026#x00E9;rennit\u0026#x00E9; d\u0026#x2019;une s\u0026#x00E9;curit\u0026#x00E9; alimentaire et le maintien de la biodiversit\u0026#x00E9;. Partout, face aux pr\u0026#x00E9;occupations \u0026#x00E9;conomiques, aux objectifs de comp\u0026#x00E9;titivit\u0026#x00E9; et de croissance, la sant\u0026#x00E9; des \u0026#x00E9;cosyst\u0026#x00E8;mes perd des arbitrages, au d\u0026#x00E9;triment de leurs \u0026#x00E9;quilibres biologiques et de leur capacit\u0026#x00E9; \u0026#x00E0; se renouveler.\u003C\/p\u003E\u003Cp style=\u0022text-align: justify;\u0022\u003EFace \u0026#x00E0; l\u0026#x2019;aggravation des crises du vivant et la d\u0026#x00E9;t\u0026#x00E9;rioration de la sant\u0026#x00E9; \u0026#x00E9;cologique des cours d\u0026#x2019;eau, il est urgent de leur garantir une protection accrue. L\u0026#x2019;\u0026#x00E9;volution juridique consistant \u0026#x00E0; reconna\u0026#x00EE;tre des droits \u0026#x00E0; la nature traduit cette urgence de protection accrue face \u0026#x00E0; l\u0026#x2019;insuffisance et au non- respect des r\u0026#x00E8;gles environnementales existantes.\u003C\/p\u003E\u003Cp style=\u0022text-align: justify;\u0022\u003ECet amendement vise donc \u0026#x00E0; cr\u0026#x00E9;er en France une exp\u0026#x00E9;rimentation territoriale des droits de la nature et de la gouvernance des fleuves, \u0026#x00E0; hauteur de 5 millions d\u0026#x2019;euros, afin que notre pays s\u0026#x2019;illustre lui aussi dans la reconnaissance mondiale en train de s\u0026#x2019;op\u0026#x00E9;rer \u0026#x00E0; l\u0026#x2019;\u0026#x00E9;gard des droits de ces entit\u0026#x00E9;s naturelles.\u003C\/p\u003E\u003Cp style=\u0022text-align: justify;\u0022\u003ECes cr\u0026#x00E9;dits pourront ainsi financer des exp\u0026#x00E9;rimentations locales de gouvernance \u0026#x00E9;cologique des cours d\u0027eau, associant collectivit\u0026#x00E9;s territoriales, \u0026#x00E9;tablissements publics, associations, usagers, scientifiques et repr\u0026#x00E9;sentants citoyens, ainsi que la mise en place de \u0026#x201C;visages humains\u0026#x201D; (\u0026#x201C;gardiens\u0026#x201D;) ; repr\u0026#x00E9;sentants locaux du cours d\u0026#x2019;eau charg\u0026#x00E9;s d\u0026#x2019;incarner dans la soci\u0026#x00E9;t\u0026#x00E9; les perspectives, les besoins, les valeurs, les droits de l\u0026#x2019;entit\u0026#x00E9; naturelle (fleuve, rivi\u0026#x00E8;re cours d\u0026#x2019;eau) et ayant pour mission de d\u0026#x00E9;fendre une \u0026#x00AB; perspective \u0026#x00BB; et une \u0026#x00AB; voix \u0026#x00BB; propre de l\u0026#x2019;entit\u0026#x00E9; naturelle, ind\u0026#x00E9;pendamment des int\u0026#x00E9;r\u0026#x00EA;ts \u0026#x00E9;conomiques humains qui en d\u0026#x00E9;pendent.\u003C\/p\u003E\u003Cp style=\u0022text-align: justify;\u0022\u003ECet amendement majore de 5 millions d\u0026#x2019;euros en autorisations d\u0026#x2019;engagement et cr\u0026#x00E9;dits de paiement l\u0027action 02 \u0026#x2013; \u0022Innovation, territorialisation et contentieux\u0022 du programme 113 \u0026#x201C;Paysages, eau et biodiversit\u0026#x00E9;\u0026#x201D;, pour cr\u0026#x00E9;er une sous-action intitul\u0026#x00E9;e \u0026#x201C;Exp\u0026#x00E9;rimentations territoriales des droits de la nature et de la gouvernance des fleuves\u0026#x201D;, et minore de 5 millions d\u0026#x2019;euros en autorisations d\u0026#x2019;engagement et cr\u0026#x00E9;dits de paiement l\u0026#x2019;action 52 \u0026#x201C;transport a\u0026#x00E9;rien\u0026#x201D; du programme 203 \u0026#x201C;Infrastructures et services de transport\u0026#x201D;.\u003C\/p\u003E\u003Cp style=\u0022text-align: justify;\u0022\u003EN\u0026#x00E9;anmoins, l\u0027objectif n\u0027\u0026#x00E9;tant pas de r\u0026#x00E9;duire les cr\u0026#x00E9;dits du programme 203, le groupe Ecologiste et Social appelle le gouvernement \u0026#x00E0; lever le gage.\u003C\/p\u003E","annexeExposeSommaire":{}}},"cycleDeVie":{"dateDepot":"2025-10-25","datePublication":"2025-10-28","soumisArticle40":"false","etatDesTraitements":{"etat":{"code":"DI","libelle":"Discut\u00e9"},"sousEtat":{"code":"DI","libelle":"Rejet\u00e9"}},"dateSort":"2025-10-29T10:35:09+01:00","sort":"Rejet\u00e9"},"representations":{"representation":{"nom":"PDF","typeMime":{"type":"application","subType":"PDF"},"statutRepresentation":{"verbatim":"true","canonique":"true","officielle":"true","transcription":"false","enregistrement":"false"},"repSource":{},"offset":{},"contenu":{"documentURI":"\/base\/AMANR5L17PO419865B1906P2D1N000162?format=pdf"},"dateDispoRepresentation":{}}},"seanceDiscussionRef":{},"article99":"false","loiReference":{"codeLoi":"113","divisionCodeLoi":"33"},"discussionCommune":{},"discussionIdentique":{},"accordGouvernementDepotHorsDelai":"Sans objet"}