{"uid":"AMANR5L17PO59048B1906P2D1N002108","chronotag":"1762557545895","legislature":"17","identification":{"numeroLong":"II-CF2108","numeroOrdreDepot":"2108","prefixeOrganeExamen":"CION_FIN","numeroRect":"0"},"examenRef":"EXANR5L17PO59048B1906P2D1","texteLegislatifRef":"PRJLANR5L17B1906","triAmendement":"ajaaaaaaaaaaaaaaaaaaaaaaaaaaaaaaaaaaaaaaaaaaaaaaaaabmzd","cardinaliteAmdtMultiples":"1","amendementParentRef":{},"signataires":{"auteur":{"typeAuteur":"D\u00e9put\u00e9","gouvernementRef":{},"acteurRef":"PA795374","groupePolitiqueRef":"PO845454","auteurRapporteurOrganeRef":{}},"cosignataires":{"acteurRef":["PA720560","PA794114","PA720728","PA719640"]},"suffixe":{},"libelle":" M.\u0026#160;Lecamp,  Mme\u0026#160;Perrine\u0026#160;Goulet, M.\u0026#160;Mandon, M.\u0026#160;Mattei et Mme\u0026#160;Mette"},"pointeurFragmentTexte":{"partieAmendableRef":{},"division":{"titre":"ETAT B","articleDesignationCourte":"ART. 49","articleDesignation":"ARTICLE 49","type":"ANNEXE","avant_A_Apres":"A","divisionRattachee":"ARTICLE 49","articleAdditionnel":"false","chapitreAdditionnel":"false","urlDivisionTexteVise":"\/17\/textes\/1906C.asp#D_Etat_B"},"missionVisee":{"codeEtat":"B","codeMissionMinefi":"AC","libelleMission":"Agriculture, alimentation, for\u00eat et affaires rurales","missionRef":"3315"}},"corps":{"cartoucheInformatif":{},"contenuAuteur":{"dispositifAmdtCreditPLF":{"listeProgrammes":{"programme":[{"libelle":"Comp\u00e9titivit\u00e9 et durabilit\u00e9 de l\u0027agriculture, de l\u0027agroalimentaire et de la for\u00eat","programmeRef":"638447","autorisationEngagement":"7043351","creditPaiement":"7043351","action":"modification","lignesCredits":{}},{"libelle":"S\u00e9curit\u00e9 et qualit\u00e9 sanitaires de l\u0027alimentation","programmeRef":"638449","autorisationEngagement":"0","creditPaiement":"0","action":"modification","lignesCredits":{}},{"libelle":"Conduite et pilotage des politiques de l\u0027agriculture","programmeRef":"638451","autorisationEngagement":"-7043351","creditPaiement":"-7043351","action":"modification","lignesCredits":{}},{"libelle":"All\u00e8gements du co\u00fbt du travail en agriculture (TODE-AG)","programmeRef":"638453","autorisationEngagement":"0","creditPaiement":"0","action":"modification","lignesCredits":{}}]},"soldeAE":"0","soldeCP":"0","cpEgalAe":"true"},"avantAppel":{},"exposeSommaire":"\u003Cp style=\u0022text-align: justify;\u0022\u003EL\u0026#x2019;agriculture biologique constitue un pilier essentiel de notre souverainet\u0026#x00E9; alimentaire, de la transition \u0026#x00E9;cologique et de la vitalit\u0026#x00E9; de nos territoires. Elle r\u0026#x00E9;pond aux attentes croissantes de nos concitoyens en mati\u0026#x00E8;re de sant\u0026#x00E9;, de qualit\u0026#x00E9; des produits et de respect de l\u0026#x2019;environnement. En favorisant la pr\u0026#x00E9;servation des sols, de la biodiversit\u0026#x00E9;, de l\u0026#x2019;eau et du bien-\u0026#x00EA;tre animal, elle contribue \u0026#x00E0; l\u0026#x2019;int\u0026#x00E9;r\u0026#x00EA;t g\u0026#x00E9;n\u0026#x00E9;ral et \u0026#x00E0; la durabilit\u0026#x00E9; de notre mod\u0026#x00E8;le agricole.\u003C\/p\u003E\u003Cp style=\u0022text-align: justify;\u0022\u003ESa sauvegarde et son d\u0026#x00E9;veloppement sont donc une priorit\u0026#x00E9; nationale, comme l\u0026#x2019;a rappel\u0026#x00E9; la proposition de r\u0026#x00E9;solution n\u0026#x00B0;1867 visant \u0026#x00E0; la sauvegarde de l\u0026#x2019;agriculture biologique, sign\u0026#x00E9;e par plus de 130 d\u0026#x00E9;put\u0026#x00E9;s issus de neuf groupes parlementaires.\u003C\/p\u003E\u003Cp style=\u0022text-align: justify;\u0022\u003ECet amendement du groupe Les D\u0026#x00E9;mocrates, port\u0026#x00E9; par Pascal Lecamp, vise ainsi \u0026#x00E0; pr\u0026#x00E9;server les soutiens publics d\u0026#x00E9;di\u0026#x00E9;s \u0026#x00E0; la structuration des fili\u0026#x00E8;res biologiques et \u0026#x00E0; la stimulation de la demande des consommateurs, en coh\u0026#x00E9;rence avec les objectifs du\u0026nbsp;Programme Ambition Bio 2027\u0026nbsp;et du\u0026nbsp;Plan strat\u0026#x00E9;gique national (PSN)\u0026nbsp;de la PAC, qui fixent l\u0026#x2019;objectif de\u0026nbsp;18 % de surface agricole utile (SAU) cultiv\u0026#x00E9;e en bio d\u0026#x2019;ici 2027.\u003C\/p\u003E\u003Cp style=\u0022text-align: justify;\u0022\u003E\u0026nbsp;\u003C\/p\u003E\u003Cp style=\u0022text-align: justify;\u0022\u003ELanc\u0026#x00E9; le 25\u0026nbsp;avril\u0026nbsp;2024 par le ministre de l\u0026#x2019;Agriculture et de la Souverainet\u0026#x00E9; alimentaire, le\u0026nbsp;Programme Ambition Bio 2027\u0026nbsp;repose sur trois axes structurants\u0026nbsp;:\u003C\/p\u003E\u003Cul\u003E\u003Cli style=\u0022text-align: justify;\u0022\u003EStimuler la demande\u0026nbsp;en produits biologiques et renforcer la confiance des consommateurs\u0026nbsp;;\u003C\/li\u003E\u003Cli style=\u0022text-align: justify;\u0022\u003EConsolider et d\u0026#x00E9;velopper\u0026nbsp;des fili\u0026#x00E8;res biologiques r\u0026#x00E9;silientes et ancr\u0026#x00E9;es dans les territoires\u0026nbsp;;\u003C\/li\u003E\u003Cli style=\u0022text-align: justify;\u0022\u003EAccompagner les op\u0026#x00E9;rateurs\u0026nbsp;de l\u0026#x2019;agriculture biologique face aux d\u0026#x00E9;fis soci\u0026#x00E9;taux et environnementaux d\u0026#x2019;aujourd\u0026#x2019;hui et de demain.\u003C\/li\u003E\u003C\/ul\u003E\u003Cp style=\u0022text-align: justify;\u0022\u003ESur le plan budg\u0026#x00E9;taire, cette ambition s\u0026#x2019;est traduite, dans la loi de finances initiale pour 2024, par un\u0026nbsp;renforcement du Fonds Avenir Bio, pass\u0026#x00E9; de\u0026nbsp;15 millions d\u0026#x2019;euros en 2023 \u0026#x00E0; 18 millions d\u0026#x2019;euros en 2024, et par une\u0026nbsp;hausse de la subvention pour charges de service public de l\u0026#x2019;Agence Bio, major\u0026#x00E9;e de\u0026nbsp;5 millions d\u0026#x2019;euros\u0026nbsp;pour financer une\u0026nbsp;campagne nationale de communication.\u003C\/p\u003E\u003Cp style=\u0022text-align: justify;\u0022\u003EL\u0026#x2019;ensemble des soutiens publics a ainsi atteint\u0026nbsp;25\u0026nbsp;908\u0026nbsp;670\u0026nbsp;euros en 2024. La m\u0026#x00EA;me enveloppe a \u0026#x00E9;t\u0026#x00E9; maintenue pour 2025, bien que ventil\u0026#x00E9;e diff\u0026#x00E9;remment.\u0026nbsp;\u003C\/p\u003E\u003Cp style=\u0022text-align: justify;\u0022\u003EEn revanche,\u0026nbsp;les cr\u0026#x00E9;dits pr\u0026#x00E9;vus pour 2026 chutent de moiti\u0026#x00E9;, pour atteindre\u0026nbsp;12\u0026nbsp;497\u0026nbsp;500\u0026nbsp;euros.\u003C\/p\u003E\u003Cp style=\u0022text-align: justify;\u0022\u003E\u0026nbsp;\u003C\/p\u003E\u003Cp style=\u0022text-align: justify;\u0022\u003ESi le contexte budg\u0026#x00E9;taire actuel impose des efforts \u0026#x00E0; l\u0026#x2019;ensemble des secteurs, il appara\u0026#x00EE;t incoh\u0026#x00E9;rent de r\u0026#x00E9;duire aussi fortement les cr\u0026#x00E9;dits allou\u0026#x00E9;s \u0026#x00E0; la bio alors que les objectifs du\u0026nbsp;Programme Ambition Bio 2027\u0026nbsp;ne sont pas atteints, que la p\u0026#x00E9;riode de programmation du\u0026nbsp;PSN\u0026nbsp;s\u0026#x2019;\u0026#x00E9;tend\u0026nbsp;jusqu\u0026#x2019;\u0026#x00E0; fin 2026, et que la\u0026nbsp;reprise de la consommation biologique, amorc\u0026#x00E9;e en 2024, demeure fragile.\u003C\/p\u003E\u003Cp style=\u0022text-align: justify;\u0022\u003ESelon le minist\u0026#x00E8;re de l\u0026#x2019;Agriculture, la subvention de l\u0026#x2019;Agence Bio pour 2026 est augment\u0026#x00E9;e de\u0026nbsp;885\u0026nbsp;649\u0026nbsp;euros, mais cette hausse ne compense pas la\u0026nbsp;diminution de 4\u0026nbsp;114\u0026nbsp;351\u0026nbsp;euros\u0026nbsp;des \u003Cu\u003Ecr\u0026#x00E9;dits allou\u0026#x00E9;s \u0026#x00E0; la communication\u003C\/u\u003E.\u003C\/p\u003E\u003Cp style=\u0022text-align: justify;\u0022\u003ELe spot publicitaire lanc\u0026#x00E9; en 2024, pour un co\u0026#x00FB;t initial d\u0026#x2019;environ\u0026nbsp;500\u0026nbsp;000\u0026nbsp;euros, a produit des effets mesurables\u0026nbsp;:\u003C\/p\u003E\u003Cul\u003E\u003Cli style=\u0022text-align: justify;\u0022\u003E64,8\u0026nbsp;% de couverture\u0026nbsp;des\u0026nbsp;25\u0026#x2011;59 ans (objectif\u0026nbsp;: 65\u0026nbsp;%)\u0026nbsp;;\u003C\/li\u003E\u003Cli style=\u0022text-align: justify;\u0022\u003E82\u0026nbsp;% d\u0026#x2019;appr\u0026#x00E9;ciation positive\u0026nbsp;;\u003C\/li\u003E\u003Cli style=\u0022text-align: justify;\u0022\u003E42\u0026nbsp;% de reconnaissance spontan\u0026#x00E9;e\u0026nbsp;;\u003C\/li\u003E\u003Cli style=\u0022text-align: justify;\u0022\u003E90\u0026nbsp;% des sond\u0026#x00E9;s\u0026nbsp;le jugent facile \u0026#x00E0; comprendre\u0026nbsp;;\u003C\/li\u003E\u003Cli style=\u0022text-align: justify;\u0022\u003E75\u0026nbsp;% d\u0026#x00E9;clarent vouloir acheter du bio\u0026nbsp;apr\u0026#x00E8;s l\u0026#x2019;avoir vu (source\u0026nbsp;: \u0026#x00E9;tude Illigo).\u003C\/li\u003E\u003C\/ul\u003E\u003Cp style=\u0022text-align: justify;\u0022\u003ECette campagne, dont l\u0026#x2019;impact a \u0026#x00E9;t\u0026#x00E9; d\u0026#x00E9;montr\u0026#x00E9;, n\u0026#x00E9;cessite d\u0026#x2019;\u0026#x00EA;tre poursuivie et amplifi\u0026#x00E9;e.\u003C\/p\u003E\u003Cp style=\u0022text-align: justify;\u0022\u003ETrois nouvelles\u0026nbsp;vagues de diffusion m\u0026#x00E9;dia\u0026nbsp;sont programm\u0026#x00E9;es, \u0026#x00E0; raison de\u0026nbsp;1,152 million d\u0026#x2019;euros TTC par vague, soit\u0026nbsp;3,459 millions d\u0026#x2019;euros au total, auxquelles s\u0026#x2019;ajoute le\u0026nbsp;rachat des droits de musique et d\u0026#x2019;image\u0026nbsp;(270\u0026nbsp;000\u0026nbsp;euros).\u003C\/p\u003E\u003Cp style=\u0022text-align: justify;\u0022\u003EOr,\u0026nbsp;les cr\u0026#x00E9;dits pr\u0026#x00E9;vus pour 2026 ne permettent pas\u0026nbsp;la poursuite des diffusions t\u0026#x00E9;l\u0026#x00E9;visuelles, alors m\u0026#x00EA;me que cette visibilit\u0026#x00E9; g\u0026#x00E9;n\u0026#x00E8;re des\u0026nbsp;externalit\u0026#x00E9;s positives majeures\u0026nbsp;: elle soutient et motive la mise en avant du bio dans la grande distribution\u0026nbsp;; elle accompagne la\u0026nbsp;reprise de la consommation\u0026nbsp;(+ 0,8 point en 2024 par rapport \u0026#x00E0; 2023, soit encore\u0026nbsp;1 milliard d\u0026#x2019;euros de moins qu\u0026#x2019;en 2019).\u003C\/p\u003E\u003Cp style=\u0022text-align: justify;\u0022\u003EPour assurer la continuit\u0026#x00E9; de cette strat\u0026#x00E9;gie, il est donc\u0026nbsp;propos\u0026#x00E9; de r\u0026#x00E9;tablir 2\u0026nbsp;843\u0026nbsp;351\u0026nbsp;euros, portant le total des cr\u0026#x00E9;dits de communication \u0026#x00E0;\u0026nbsp;3\u0026nbsp;729\u0026nbsp;000\u0026nbsp;euros, soit une baisse ma\u0026#x00EE;tris\u0026#x00E9;e de\u0026nbsp;25\u0026nbsp;%\u0026nbsp;par rapport \u0026#x00E0; la trajectoire initialement pr\u0026#x00E9;vue.\u003C\/p\u003E\u003Cp style=\u0022text-align: justify;\u0022\u003EParall\u0026#x00E8;lement, la\u0026nbsp;baisse cumul\u0026#x00E9;e des cr\u0026#x00E9;dits d\u0026#x00E9;di\u0026#x00E9;s \u0026#x00E0; la planification \u0026#x00E9;cologique et au \u003Cu\u003EFonds Avenir Bio\u003C\/u\u003E\u0026nbsp;atteint\u0026nbsp;14 200 000 euros. Selon les donn\u0026#x00E9;es du minist\u0026#x00E8;re, l\u0026#x2019;enveloppe du Fonds Avenir Bio a \u0026#x00E9;t\u0026#x00E9; ramen\u0026#x00E9;e \u0026#x00E0;\u0026nbsp;8 800 000 euros en 2024 (18\u0026nbsp;000\u0026nbsp;000 \u0026#x20AC; vot\u0026#x00E9;s dans la loi de finances 2025 ramen\u0026#x00E9;s \u0026#x00E0; 8\u0026nbsp;600\u0026nbsp;000 millions en cours d\u0026#x2019;ann\u0026#x00E9;e), et devrait \u0026#x00EA;tre reconduite en 2026.\u0026nbsp;Ce fonds accompagne pourtant\u0026nbsp;3 200 producteurs\u0026nbsp;et\u0026nbsp;200 entreprises\u0026nbsp;dans leurs projets de structuration et de d\u0026#x00E9;veloppement.\u003C\/p\u003E\u003Cp style=\u0022text-align: justify;\u0022\u003ELe maintien du niveau actuel priverait donc de soutien une\u0026nbsp;part significative des projets d\u0026#x00E9;pos\u0026#x00E9;s\u0026nbsp;en 2025 et 2026.\u003C\/p\u003E\u003Cp style=\u0022text-align: justify;\u0022\u003EIl est ainsi propos\u0026#x00E9; de\u0026nbsp;rehausser les cr\u0026#x00E9;dits du Fonds Avenir Bio de 4\u0026nbsp;200\u0026nbsp;000\u0026nbsp;euros, pour atteindre\u0026nbsp;13\u0026nbsp;000\u0026nbsp;000\u0026nbsp;euros, soit un niveau comparable \u0026#x00E0; ceux de 2021 et 2022, en tenant compte du contexte budg\u0026#x00E9;taire contraint.\u003C\/p\u003E\u003Cp style=\u0022text-align: justify;\u0022\u003E\u0026nbsp;\u003C\/p\u003E\u003Cp style=\u0022text-align: justify;\u0022\u003E\u003Cu\u003E\u003C\/u\u003E\u003Cu\u003E Afin d\u0026#x2019;att\u0026#x00E9;nuer la forte baisse des cr\u0026#x00E9;dits de communication et de structuration des fili\u0026#x00E8;res, le pr\u0026#x00E9;sent amendement propose\u003C\/u\u003E\u0026nbsp;:\u003C\/p\u003E\u003Cul\u003E\u003Cli style=\u0022text-align: justify;\u0022\u003EUne hausse totale de 7\u0026nbsp;043\u0026nbsp;351\u0026nbsp;euros\u0026nbsp;des cr\u0026#x00E9;dits du programme\u0026nbsp;Comp\u0026#x00E9;titivit\u0026#x00E9; et durabilit\u0026#x00E9; de l\u0026#x2019;agriculture, de l\u0026#x2019;agroalimentaire et de la for\u0026#x00EA;t\u0026nbsp;;\u003C\/li\u003E\u003Cli style=\u0022text-align: justify;\u0022\u003EUn pr\u0026#x00E9;l\u0026#x00E8;vement \u0026#x00E0; due concurrence sur le programme\u0026nbsp;Conduite et pilotage des politiques de l\u0026#x2019;agriculture,\u0026nbsp;dans le seul but de respecter la recevabilit\u0026#x00E9; financi\u0026#x00E8;re des amendements parlementaires. Le Gouvernement est invit\u0026#x00E9; \u0026#x00E0; lever ce gage.\u003C\/li\u003E\u003C\/ul\u003E\u003Cp style=\u0022text-align: justify;\u0022\u003ECet amendement, \u0026#x00E9;labor\u0026#x00E9; en lien avec la\u0026nbsp;F\u0026#x00E9;d\u0026#x00E9;ration nationale d\u0026#x2019;agriculture biologique (FNAB), s\u0026#x2019;inscrit pleinement dans la continuit\u0026#x00E9; de la\u0026nbsp;proposition de r\u0026#x00E9;solution n\u0026#x00B0;1867, et vise \u0026#x00E0; donner \u0026#x00E0; la bio les moyens d\u0026#x2019;atteindre les objectifs fix\u0026#x00E9;s par la puissance publique, au service d\u0026#x2019;une alimentation plus durable, plus juste et plus souveraine.\u003C\/p\u003E","annexeExposeSommaire":{}}},"cycleDeVie":{"dateDepot":"2025-11-03","datePublication":"2025-11-07","soumisArticle40":"false","etatDesTraitements":{"etat":{"code":"DI","libelle":"Discut\u00e9"},"sousEtat":{"code":"DI","libelle":"Adopt\u00e9"}},"dateSort":"2025-11-07T17:40:41+01:00","sort":"Adopt\u00e9"},"representations":{"representation":{"nom":"PDF","typeMime":{"type":"application","subType":"PDF"},"statutRepresentation":{"verbatim":"true","canonique":"true","officielle":"true","transcription":"false","enregistrement":"false"},"repSource":{},"offset":{},"contenu":{"documentURI":"\/base\/AMANR5L17PO59048B1906P2D1N002108?format=pdf"},"dateDispoRepresentation":{}}},"seanceDiscussionRef":{},"article99":"false","loiReference":{},"discussionCommune":{"idDiscussion":"34053","typePosition":"Milieu"},"discussionIdentique":{},"accordGouvernementDepotHorsDelai":"Sans objet"}