{"uid":"AMANR5L17PO838901B1906P2D1N001032","chronotag":"1763938787399","legislature":"17","identification":{"numeroLong":"II-1032","numeroOrdreDepot":"1032","prefixeOrganeExamen":"AN","numeroRect":"0"},"examenRef":"EXANR5L17PO838901B1906P2D1","texteLegislatifRef":"PRJLANR5L17B1906","triAmendement":"besaaaaaaaaaaaaaaaaaaaaaaaaaaaaaaaaaaaaaaaaaaaaaaazzzzzw","cardinaliteAmdtMultiples":"1","amendementParentRef":{},"signataires":{"auteur":{"typeAuteur":"D\u00e9put\u00e9","gouvernementRef":{},"acteurRef":"PA840979","groupePolitiqueRef":"PO845425","auteurRapporteurOrganeRef":{}},"cosignataires":{"acteurRef":["PA266808","PA607090","PA721816","PA330008","PA642725","PA330909","PA794178","PA842141","PA722390","PA719968","PA718850"]},"suffixe":{},"libelle":" M.\u0026#160;Le\u0026#160;Fur,  M.\u0026#160;Rolland, M.\u0026#160;Jean-Pierre\u0026#160;Vigier, M.\u0026#160;Boucard, M.\u0026#160;Breton, M.\u0026#160;Li\u0026#233;geon, M.\u0026#160;Descoeur, M.\u0026#160;Taite, Mme\u0026#160;de\u0026#160;Maistre, Mme\u0026#160;Corneloup, Mme\u0026#160;Sylvie\u0026#160;Bonnet et M.\u0026#160;Cordier"},"pointeurFragmentTexte":{"partieAmendableRef":{},"division":{"titre":"ETAT B","articleDesignationCourte":"ART. 49","articleDesignation":"ARTICLE 49","type":"ANNEXE","avant_A_Apres":"A","divisionRattachee":"ARTICLE 49","articleAdditionnel":"false","chapitreAdditionnel":"false","urlDivisionTexteVise":"\/17\/textes\/1906C.asp#D_Etat_B"},"missionVisee":{"codeEtat":"B","codeMissionMinefi":"RA","libelleMission":"Recherche et enseignement sup\u00e9rieur","missionRef":"3355"}},"corps":{"cartoucheInformatif":"Sous r\u00e9serve de son traitement par les services de l\u0027Assembl\u00e9e nationale et de sa recevabilit\u00e9","contenuAuteur":{"dispositifAmdtCreditPLF":{"listeProgrammes":{"programme":[{"libelle":"Formations sup\u00e9rieures et recherche universitaire","programmeRef":"667531","autorisationEngagement":"0","creditPaiement":"0","action":"modification","lignesCredits":{}},{"libelle":"Vie \u00e9tudiante","programmeRef":"667533","autorisationEngagement":"0","creditPaiement":"0","action":"modification","lignesCredits":{}},{"libelle":"Recherches scientifiques et technologiques pluridisciplinaires","programmeRef":"667535","autorisationEngagement":"3000000","creditPaiement":"3000000","action":"modification","lignesCredits":{}},{"libelle":"Recherche spatiale","programmeRef":"667537","autorisationEngagement":"-3000000","creditPaiement":"-3000000","action":"modification","lignesCredits":{}},{"libelle":"Recherche dans les domaines de l\u0027\u00e9nergie, du d\u00e9veloppement et de la mobilit\u00e9 durables","programmeRef":"667539","autorisationEngagement":"0","creditPaiement":"0","action":"modification","lignesCredits":{}},{"libelle":"Recherche et enseignement sup\u00e9rieur en mati\u00e8re \u00e9conomique et industrielle","programmeRef":"667541","autorisationEngagement":"0","creditPaiement":"0","action":"modification","lignesCredits":{}},{"libelle":"Recherche duale (civile et militaire)","programmeRef":"667543","autorisationEngagement":"0","creditPaiement":"0","action":"modification","lignesCredits":{}},{"libelle":"Enseignement sup\u00e9rieur et recherche agricoles","programmeRef":"667545","autorisationEngagement":"0","creditPaiement":"0","action":"modification","lignesCredits":{}}]},"soldeAE":"0","soldeCP":"0","cpEgalAe":"true"},"avantAppel":{},"exposeSommaire":"\u003Cp style=\u0022text-align: justify;\u0022\u003ELa maladie d\u0026#x2019;Alzheimer touche principalement les personnes \u0026#x00E2;g\u0026#x00E9;es, apparaissant le plus souvent apr\u0026#x00E8;s 65 ans, \u0026#x00E2;ge \u0026#x00E0; partir duquel elle concerne environ 3\u0026nbsp;% de la population. Sa pr\u0026#x00E9;valence augmente rapidement avec l\u0026#x2019;\u0026#x00E2;ge pour atteindre plus de 20\u0026nbsp;% chez les plus de 80 ans.\u003C\/p\u003E\u003Cp style=\u0022text-align: justify;\u0022\u003EToutefois, plus de 65\u0026nbsp;000 personnes de moins de 65 ans en France sont \u0026#x00E9;galement atteintes de la maladie d\u0026#x2019;Alzheimer ou d\u0026#x2019;une pathologie apparent\u0026#x00E9;e. Ces formes pr\u0026#x00E9;coces, souvent m\u0026#x00E9;connues, entra\u0026#x00EE;nent des cons\u0026#x00E9;quences particuli\u0026#x00E8;rement lourdes sur la vie professionnelle, familiale et l\u0026#x2019;acc\u0026#x00E8;s aux dispositifs d\u0026#x2019;accompagnement.\u003C\/p\u003E\u003Cp style=\u0022text-align: justify;\u0022\u003ESi la maladie d\u0026#x2019;Alzheimer n\u0026#x2019;est pas en elle-m\u0026#x00EA;me une cause directe de d\u0026#x00E9;c\u0026#x00E8;s, les complications associ\u0026#x00E9;es\u0026nbsp;\u0026#x2013;\u0026nbsp;notamment les infections li\u0026#x00E9;es aux troubles de la d\u0026#x00E9;glutition\u0026nbsp;\u0026#x2013;\u0026nbsp;r\u0026#x00E9;duisent consid\u0026#x00E9;rablement l\u0026#x2019;esp\u0026#x00E9;rance de vie des patients.\u003C\/p\u003E\u003Cp style=\u0022text-align: justify;\u0022\u003E\u0026#x00C0;\u0026nbsp;ce jour, aucun traitement curatif ou v\u0026#x00E9;ritablement stabilisateur n\u0026#x2019;existe. Les m\u0026#x00E9;dicaments disponibles permettent seulement d\u0026#x2019;att\u0026#x00E9;nuer certains sympt\u0026#x00F4;mes cognitifs, sans enrayer la progression de la maladie.\u003C\/p\u003E\u003Cp style=\u0022text-align: justify;\u0022\u003E\u003Cb\u003ELe pr\u0026#x00E9;sent amendement vise donc \u0026#x00E0; renforcer les moyens de la recherche afin de mieux pr\u0026#x00E9;venir, traiter et, \u0026#x00E0; terme, gu\u0026#x00E9;rir la maladie d\u0026#x2019;Alzheimer.\u003C\/b\u003E\u003C\/p\u003E\u003Cp style=\u0022text-align: justify;\u0022\u003EIl propose d\u0026#x2019;abonder de 3 millions d\u0026#x2019;euros suppl\u0026#x00E9;mentaires l\u0026#x2019;action 15 \u0026#x00AB;\u0026nbsp;Recherches scientifiques et technologiques en sciences de la vie et de la sant\u0026#x00E9;\u0026nbsp;\u0026#x00BB; du programme 172 \u0026#x00AB;\u0026nbsp;Recherches scientifiques et technologiques pluridisciplinaires\u0026nbsp;\u0026#x00BB;, en diminuant \u0026#x00E0; due concurrence les cr\u0026#x00E9;dits de l\u0026#x2019;action 4 \u0026#x00AB;\u0026nbsp;Ma\u0026#x00EE;trise de l\u0026#x2019;acc\u0026#x00E8;s \u0026#x00E0; l\u0026#x2019;espace\u0026nbsp;\u0026#x00BB; du programme 193 \u0026#x00AB;\u0026nbsp;Recherche spatiale\u0026nbsp;\u0026#x00BB;.\u003C\/p\u003E","annexeExposeSommaire":{}}},"cycleDeVie":{"dateDepot":"2025-11-12","datePublication":{},"soumisArticle40":"true","etatDesTraitements":{"etat":{"code":"ET","libelle":"En traitement"},"sousEtat":{}},"dateSort":{},"sort":{}},"representations":{"representation":{"nom":"PDF","typeMime":{"type":"application","subType":"PDF"},"statutRepresentation":{"verbatim":"true","canonique":"true","officielle":"true","transcription":"false","enregistrement":"false"},"repSource":{},"offset":{},"contenu":{"documentURI":"\/base\/AMANR5L17PO838901B1906P2D1N001032?format=pdf"},"dateDispoRepresentation":{}}},"seanceDiscussionRef":{},"article99":"false","loiReference":{},"discussionCommune":{},"discussionIdentique":{},"accordGouvernementDepotHorsDelai":"Sans objet"}