{"uid":"AMANR5L17PO838901B1906P2D1N001109","chronotag":"1763938793306","legislature":"17","identification":{"numeroLong":"II-1109","numeroOrdreDepot":"1109","prefixeOrganeExamen":"AN","numeroRect":"0"},"examenRef":"EXANR5L17PO838901B1906P2D1","texteLegislatifRef":"PRJLANR5L17B1906","triAmendement":"besaaaaaaaaaaaaaaaaaaaaaaaaaaaaaaaaaaaaaaaaaaaaaaazzzzzzzu","cardinaliteAmdtMultiples":"1","amendementParentRef":{},"signataires":{"auteur":{"typeAuteur":"D\u00e9put\u00e9","gouvernementRef":{},"acteurRef":"PA718838","groupePolitiqueRef":"PO845425","auteurRapporteurOrganeRef":{}},"cosignataires":{"acteurRef":["PA266808","PA330909","PA793508","PA266793","PA718850","PA719968","PA793342","PA722390","PA721816"]},"suffixe":{},"libelle":" M.\u0026#160;Fabrice\u0026#160;Brun,  M.\u0026#160;Rolland, M.\u0026#160;Descoeur, M.\u0026#160;Brigand, M.\u0026#160;Bony, M.\u0026#160;Cordier, Mme\u0026#160;Sylvie\u0026#160;Bonnet, Mme\u0026#160;Alexandra\u0026#160;Martin, Mme\u0026#160;Corneloup et M.\u0026#160;Boucard"},"pointeurFragmentTexte":{"partieAmendableRef":{},"division":{"titre":"ETAT B","articleDesignationCourte":"ART. 49","articleDesignation":"ARTICLE 49","type":"ANNEXE","avant_A_Apres":"A","divisionRattachee":"ARTICLE 49","articleAdditionnel":"false","chapitreAdditionnel":"false","urlDivisionTexteVise":"\/17\/textes\/1906C.asp#D_Etat_B"},"missionVisee":{"codeEtat":"B","codeMissionMinefi":"RA","libelleMission":"Recherche et enseignement sup\u00e9rieur","missionRef":"3355"}},"corps":{"cartoucheInformatif":"Sous r\u00e9serve de son traitement par les services de l\u0027Assembl\u00e9e nationale et de sa recevabilit\u00e9","contenuAuteur":{"dispositifAmdtCreditPLF":{"listeProgrammes":{"programme":[{"libelle":"Formations sup\u00e9rieures et recherche universitaire","programmeRef":"669043","autorisationEngagement":"0","creditPaiement":"0","action":"modification","lignesCredits":{}},{"libelle":"Vie \u00e9tudiante","programmeRef":"669045","autorisationEngagement":"0","creditPaiement":"0","action":"modification","lignesCredits":{}},{"libelle":"Recherches scientifiques et technologiques pluridisciplinaires","programmeRef":"669047","autorisationEngagement":"20000000","creditPaiement":"20000000","action":"modification","lignesCredits":{}},{"libelle":"Recherche spatiale","programmeRef":"669049","autorisationEngagement":"-20000000","creditPaiement":"-20000000","action":"modification","lignesCredits":{}},{"libelle":"Recherche dans les domaines de l\u0027\u00e9nergie, du d\u00e9veloppement et de la mobilit\u00e9 durables","programmeRef":"669051","autorisationEngagement":"0","creditPaiement":"0","action":"modification","lignesCredits":{}},{"libelle":"Recherche et enseignement sup\u00e9rieur en mati\u00e8re \u00e9conomique et industrielle","programmeRef":"669053","autorisationEngagement":"0","creditPaiement":"0","action":"modification","lignesCredits":{}},{"libelle":"Recherche duale (civile et militaire)","programmeRef":"669055","autorisationEngagement":"0","creditPaiement":"0","action":"modification","lignesCredits":{}},{"libelle":"Enseignement sup\u00e9rieur et recherche agricoles","programmeRef":"669057","autorisationEngagement":"0","creditPaiement":"0","action":"modification","lignesCredits":{}}]},"soldeAE":"0","soldeCP":"0","cpEgalAe":"true"},"avantAppel":{},"exposeSommaire":"\u003Cp\u003EMalgr\u0026#x00E9; le \u0026#x00AB;\u0026nbsp;Plan National Lyme 2016\u0026#x2011;2019\u0026nbsp;\u0026#x00BB;, de nombreux patients atteints de formes s\u0026#x00E9;v\u0026#x00E8;res et persistantes de la maladie de Lyme souffrent encore, sans \u0026#x00EA;tre vraiment reconnus m\u0026#x00E9;dicalement et socialement.\u0026nbsp;\u003Cbr\u003E\u0026#x00C0;\u0026nbsp;l\u0026#x2019;heure actuelle, les controverses se multiplient quant au diagnostic, \u0026#x00E0; la prise en charge et au traitement de ces pathologies. Pourtant, Sant\u0026#x00E9; Publique France comptait bien 67\u0026nbsp;000 nouveaux cas diagnostiqu\u0026#x00E9;s en 2018 (soit 104 cas pour 100\u0026nbsp;000 habitants, contre 69 pour 100\u0026nbsp;000 en 2017). En tout, ce sont plus de 68\u0026nbsp;530 cas de borr\u0026#x00E9;liose de Lyme diagnostiqu\u0026#x00E9;s estim\u0026#x00E9;s par an sur la p\u0026#x00E9;riode 2009\u0026#x2011;2020, un chiffre alarmant qui fait que cette maladie ne peut plus \u0026#x00EA;tre durablement ignor\u0026#x00E9;e comme c\u0026#x2019;est le cas aujourd\u0026#x2019;hui.\u003Cbr\u003EFaute d\u0026#x2019;un nouveau Plan Lyme, cet amendement vise \u0026#x00E0; am\u0026#x00E9;liorer la recherche dans ce domaine, pour faire cesser les pol\u0026#x00E9;miques et am\u0026#x00E9;liorer durablement a vie des malades.\u003Cbr\u003ELes besoins sont \u0026#x00E9;valu\u0026#x00E9;s \u0026#x00E0; une vingtaine de millions d\u0026#x2019;euros par an pour la recherche sur les maladies vectorielles \u0026#x00E0; tiques.\u003Cbr\u003EAussi, le pr\u0026#x00E9;sent amendement vise \u0026#x00E0; doter de 20 millions d\u0026#x2019;euros suppl\u0026#x00E9;mentaires l\u0026#x2019;action \u0026#x00AB;\u0026nbsp;Recherches scientifiques et technologiques en sciences de la vie et de la sant\u0026#x00E9;\u0026nbsp;\u0026#x00BB;, en les attribuant \u0026#x00E0; l\u0026#x2019;INSERM. Ils pourront ensuite \u0026#x00EA;tre attribu\u0026#x00E9;s, sous le contr\u0026#x00F4;le du conseil scientifique de la\u0026nbsp;\u003Cbr\u003Ef\u0026#x00E9;d\u0026#x00E9;ration fran\u0026#x00E7;aise contre les maladies vectorielles \u0026#x00E0; tiques (FFMVT), \u0026#x00E0; des projets de recherche men\u0026#x00E9;s par des sp\u0026#x00E9;cialistes des formes s\u0026#x00E9;v\u0026#x00E8;res et persistantes de la maladie de Lyme et des co- infections.\u0026nbsp;\u003Cbr\u003EIl est donc propos\u0026#x00E9; ici de\u0026nbsp;:\u003Cbr\u003E\u0026#x2013;\u0026nbsp;fl\u0026#x00E9;cher 20 millions d\u0026#x2019;euros de cr\u0026#x00E9;dits suppl\u0026#x00E9;mentaires vers l\u0026#x2019;action 15 \u0026#x00AB;\u0026nbsp;Recherches scientifiques et technologiques en sciences de la vie et de la sant\u0026#x00E9;\u0026nbsp;\u0026#x00BB; au sein du programme 172 \u0026#x00AB;\u0026nbsp;Recherches scientifiques et technologiques pluridisciplinaires\u0026nbsp;\u0026#x00BB;\u0026nbsp;;\u003Cbr\u003E\u0026#x2013;\u0026nbsp;et de r\u0026#x00E9;duire de 20 millions d\u0026#x2019;euros les cr\u0026#x00E9;dits de l\u0026#x2019;action 04 \u0026#x00AB;\u0026nbsp;Ma\u0026#x00EE;trise de l\u0026#x2019;acc\u0026#x00E8;s \u0026#x00E0; l\u0026#x2019;espace\u0026nbsp;\u0026#x00BB; au sein du programme 193 \u0026#x00AB;\u0026nbsp;Recherche spatiale\u0026nbsp;\u0026#x00BB;.\u003Cbr\u003E\u0026#x00C9;tant pr\u0026#x00E9;cis\u0026#x00E9; qu\u0026#x2019;il n\u0026#x2019;est pas dans l\u0026#x2019;intention de l\u0026#x2019;auteur de p\u0026#x00E9;naliser ce programme mais de respecter les contraintes pos\u0026#x00E9;es par l\u0026#x2019;article\u0026nbsp;40.\u0026nbsp;\u003C\/p\u003E","annexeExposeSommaire":{}}},"cycleDeVie":{"dateDepot":"2025-11-12","datePublication":{},"soumisArticle40":"true","etatDesTraitements":{"etat":{"code":"ET","libelle":"En traitement"},"sousEtat":{}},"dateSort":{},"sort":{}},"representations":{"representation":{"nom":"PDF","typeMime":{"type":"application","subType":"PDF"},"statutRepresentation":{"verbatim":"true","canonique":"true","officielle":"true","transcription":"false","enregistrement":"false"},"repSource":{},"offset":{},"contenu":{"documentURI":"\/base\/AMANR5L17PO838901B1906P2D1N001109?format=pdf"},"dateDispoRepresentation":{}}},"seanceDiscussionRef":{},"article99":"false","loiReference":{},"discussionCommune":{},"discussionIdentique":{},"accordGouvernementDepotHorsDelai":"Sans objet"}