{"uid":"AMANR5L17PO838901B1906P2D1N001364","chronotag":"1763938787592","legislature":"17","identification":{"numeroLong":"II-1364","numeroOrdreDepot":"1364","prefixeOrganeExamen":"AN","numeroRect":"0"},"examenRef":"EXANR5L17PO838901B1906P2D1","texteLegislatifRef":"PRJLANR5L17B1906","triAmendement":"aeeaaaaaaaaaaaaaaaaaaaaaaaaaaaaaaaaaaaaaaaaaaaaaaaabc","cardinaliteAmdtMultiples":"1","amendementParentRef":{},"signataires":{"auteur":{"typeAuteur":"D\u00e9put\u00e9","gouvernementRef":{},"acteurRef":"PA607395","groupePolitiqueRef":"PO845407","auteurRapporteurOrganeRef":{}},"cosignataires":{},"suffixe":{},"libelle":" M.\u0026#160;Travert"},"pointeurFragmentTexte":{"partieAmendableRef":{},"division":{"titre":"ETAT B","articleDesignationCourte":"ART. 49","articleDesignation":"ARTICLE 49","type":"ANNEXE","avant_A_Apres":"A","divisionRattachee":"ARTICLE 49","articleAdditionnel":"false","chapitreAdditionnel":"false","urlDivisionTexteVise":"\/17\/textes\/1906C.asp#D_Etat_B"},"missionVisee":{"codeEtat":"B","codeMissionMinefi":"AC","libelleMission":"Agriculture, alimentation, for\u00eat et affaires rurales","missionRef":"3315"}},"corps":{"cartoucheInformatif":"Sous r\u00e9serve de son traitement par les services de l\u0027Assembl\u00e9e nationale et de sa recevabilit\u00e9","contenuAuteur":{"dispositifAmdtCreditPLF":{"listeProgrammes":{"programme":[{"libelle":"Comp\u00e9titivit\u00e9 et durabilit\u00e9 de l\u0027agriculture, de l\u0027agroalimentaire et de la for\u00eat","programmeRef":"672165","autorisationEngagement":"80000000","creditPaiement":"80000000","action":"modification","lignesCredits":{}},{"libelle":"S\u00e9curit\u00e9 et qualit\u00e9 sanitaires de l\u0027alimentation","programmeRef":"672167","autorisationEngagement":"0","creditPaiement":"0","action":"modification","lignesCredits":{}},{"libelle":"Conduite et pilotage des politiques de l\u0027agriculture","programmeRef":"672169","autorisationEngagement":"-80000000","creditPaiement":"-80000000","action":"modification","lignesCredits":{}},{"libelle":"All\u00e8gements du co\u00fbt du travail en agriculture (TODE-AG)","programmeRef":"672171","autorisationEngagement":"0","creditPaiement":"0","action":"modification","lignesCredits":{}}]},"soldeAE":"0","soldeCP":"0","cpEgalAe":"true"},"avantAppel":{},"exposeSommaire":"\u003Cp style=\u0022text-align: justify;\u0022\u003ECet amendement propose de mettre en place un fonds d\u0026#x2019;all\u0026#x00E8;gement des charges (FAC) en faveur des c\u0026#x00E9;r\u0026#x00E9;aliers et des viticulteurs, dot\u0026#x00E9; d\u0026#x2019;un budget de 80 millions d\u0026#x2019;euros.\u0026nbsp;\u003C\/p\u003E\u003Cp style=\u0022text-align: justify;\u0022\u003EL\u0026#x2019;enveloppe budg\u0026#x00E9;taire est ventil\u0026#x00E9;e de la mani\u0026#x00E8;re suivante\u0026nbsp;:\u003C\/p\u003E\u003Cul\u003E\u003Cli style=\u0022text-align: justify;\u0022\u003E50 millions d\u0026#x2019;euros pour la fili\u0026#x00E8;re c\u0026#x00E9;r\u0026#x00E9;ali\u0026#x00E8;re\u0026nbsp;;\u003C\/li\u003E\u003Cli style=\u0022text-align: justify;\u0022\u003E30 millions d\u0026#x2019;euros pour la viticulture.\u003C\/li\u003E\u003C\/ul\u003E\u003Cp style=\u0022text-align: justify;\u0022\u003ELes c\u0026#x00E9;r\u0026#x00E9;ales sont un secteur strat\u0026#x00E9;gique pour la France. Or, la moisson 2024 restera dans les m\u0026#x00E9;moires comme la pire r\u0026#x00E9;colte en bl\u0026#x00E9; des 40 derni\u0026#x00E8;res ann\u0026#x00E9;es et celle de 2025 fait face \u0026#x00E0; des prix de vente ne couvrant pas les co\u0026#x00FB;ts de production. Les prix du bl\u0026#x00E9; pay\u0026#x00E9; aux agriculteurs ont chut\u0026#x00E9; de pr\u0026#x00E8;s de 50% depuis 2022, alors que les co\u0026#x00FB;ts de production sont rest\u0026#x00E9;s \u0026#x00E0; des niveaux tr\u0026#x00E8;s \u0026#x00E9;lev\u0026#x00E9;s. \u003Cbr\u003E\u003Cbr\u003ELe revenu des c\u0026#x00E9;r\u0026#x00E9;aliers fran\u0026#x00E7;ais sera alors n\u0026#x00E9;gatif pour la troisi\u0026#x00E8;me ann\u0026#x00E9;e cons\u0026#x00E9;cutive. Cet amendement vise ainsi \u0026#x00E0; permettre de mettre en place le fonds d\u0026#x2019;all\u0026#x00E8;gement des charges avec une priorisation de l\u0026#x2019;\u0026#x00E9;ligibilit\u0026#x00E9; des dossiers d\u0026#x00E9;pos\u0026#x00E9;s par des exploitations c\u0026#x00E9;r\u0026#x00E9;ali\u0026#x00E8;res en difficult\u0026#x00E9; et de doter ce fonds d\u0026#x2019;une enveloppe de 50 millions d\u0026#x2019;euros. En sollicitant ce fonds, les c\u0026#x00E9;r\u0026#x00E9;aliers pourront restructurer leurs emprunts bancaires \u0026#x00E0; moyen et long terme et ainsi all\u0026#x00E9;ger les tr\u0026#x00E9;soreries exsangues.\u0026nbsp;\u003C\/p\u003E\u003Cp style=\u0022text-align: justify;\u0022\u003ED\u0026#x2019;autre part, le secteur vitivinicole fait face actuellement \u0026#x00E0; une succession de crises (taxes am\u0026#x00E9;ricaines, Covid, al\u0026#x00E9;as climatiques \u0026#x00E0; r\u0026#x00E9;p\u0026#x00E9;tition). Il subit \u0026#x00E9;galement la d\u0026#x00E9;consommation en France comme \u0026#x00E0; l\u0026#x2019;\u0026#x00E9;tranger et doit supporter une augmentation constante des charges. Les co\u0026#x00FB;ts de production p\u0026#x00E8;sent de plus en plus lourd sur les exploitations et cette pression \u0026#x00E9;conomique s\u0026#x2019;ajoute \u0026#x00E0; la concurrence internationale, qui impose des prix toujours plus bas, fragilisant ainsi nos producteurs. Ces diff\u0026#x00E9;rentes causes ont entrain\u0026#x00E9; une crise profonde, marqu\u0026#x00E9;e par :\u003C\/p\u003E\u003Cul\u003E\u003Cli style=\u0022text-align: justify;\u0022\u003EDes stocks importants d\u0026#x2019;anciens mill\u0026#x00E9;simes, malgr\u0026#x00E9; des r\u0026#x00E9;coltes r\u0026#x00E9;duites\u003C\/li\u003E\u003Cli style=\u0022text-align: justify;\u0022\u003EUne vente \u0026#x00E0; perte g\u0026#x00E9;n\u0026#x00E9;ralis\u0026#x00E9;e : les prix de vente sont inf\u0026#x00E9;rieurs aux co\u0026#x00FB;ts de production\u003C\/li\u003E\u003Cli style=\u0022text-align: justify;\u0022\u003EDes coop\u0026#x00E9;ratives en difficult\u0026#x00E9; mettant \u0026#x00E0; mal la stabilit\u0026#x00E9; de la structuration \u0026#x00E9;conomique\u003C\/li\u003E\u003Cli style=\u0022text-align: justify;\u0022\u003EUne tr\u0026#x00E9;sorerie tendue, rendant incertaine la capacit\u0026#x00E9; \u0026#x00E0; vendanger et \u0026#x00E0; produire\u003C\/li\u003E\u003Cli style=\u0022text-align: justify;\u0022\u003EUne structuration et une contractualisation insuffisante, notamment sur les march\u0026#x00E9;s d\u0026#x2019;entr\u0026#x00E9;e de gamme, o\u0026#x00F9; la concurrence \u0026#x00E9;trang\u0026#x00E8;re est forte.\u003C\/li\u003E\u003C\/ul\u003E\u003Cp\u003EDans ce contexte, la n\u0026#x00E9;cessit\u0026#x00E9; de d\u0026#x00E9;gager un revenu suffisant devient un enjeu vital et la viticulture a besoin de moyens pour assurer la r\u0026#x00E9;silience des exploitations.\u003C\/p\u003E\u003Cp style=\u0022text-align: justify;\u0022\u003EAinsi, dans ce contexte, pour soutenir des secteurs cl\u0026#x00E9;s de l\u0026#x2019;agriculture que constitue la viticulture et les cultures c\u0026#x00E9;r\u0026#x00E9;ali\u0026#x00E8;res, il est propos\u0026#x00E9; de cr\u0026#x00E9;er un fond d\u0026#x2019;all\u0026#x00E8;gement des charges \u0026#x00E0; hauteur de 80 millions d\u0026#x2019;euros.\u003C\/p\u003E","annexeExposeSommaire":{}}},"cycleDeVie":{"dateDepot":"2025-11-12","datePublication":{},"soumisArticle40":"true","etatDesTraitements":{"etat":{"code":"ET","libelle":"En traitement"},"sousEtat":{}},"dateSort":{},"sort":{}},"representations":{"representation":{"nom":"PDF","typeMime":{"type":"application","subType":"PDF"},"statutRepresentation":{"verbatim":"true","canonique":"true","officielle":"true","transcription":"false","enregistrement":"false"},"repSource":{},"offset":{},"contenu":{"documentURI":"\/base\/AMANR5L17PO838901B1906P2D1N001364?format=pdf"},"dateDispoRepresentation":{}}},"seanceDiscussionRef":{},"article99":"false","loiReference":{"codeLoi":"D","divisionCodeLoi":"13"},"discussionCommune":{},"discussionIdentique":{},"accordGouvernementDepotHorsDelai":"Sans objet"}