{"uid":"AMANR5L17PO838901B1906P2D1N001792","chronotag":"1763938800808","legislature":"17","identification":{"numeroLong":"II-1792","numeroOrdreDepot":"1792","prefixeOrganeExamen":"AN","numeroRect":"0"},"examenRef":"EXANR5L17PO838901B1906P2D1","texteLegislatifRef":"PRJLANR5L17B1906","triAmendement":"bmoaaaaaaaaaaaaaaaaaaaaaaaaaaaaaaaaaaaaaaaaaaaaaaazzzzzzzzzzzzzu","cardinaliteAmdtMultiples":"1","amendementParentRef":{},"signataires":{"auteur":{"typeAuteur":"D\u00e9put\u00e9","gouvernementRef":{},"acteurRef":"PA842195","groupePolitiqueRef":"PO845419","auteurRapporteurOrganeRef":{}},"cosignataires":{"acteurRef":["PA840939","PA794270","PA643143","PA642764","PA606793","PA842211","PA794094","PA793624","PA795762","PA606573","PA822617","PA1567","PA722150","PA841463","PA841107","PA841381","PA608172","PA841717","PA841091","PA840673","PA841295","PA608264","PA643192","PA342415","PA840665","PA840829","PA720362","PA841315","PA840903","PA1008","PA793394","PA795430","PA841919","PA841633","PA794854","PA609332","PA841665","PA333285","PA841539","PA331973","PA840171","PA841471","PA842263","PA841813","PA841853","PA1654","PA335054","PA795156","PA774958","PA840765","PA643157","PA840793","PA607553","PA840955","PA841367","PA342196","PA826635","PA841327","PA341981","PA841243","PA774960","PA340343","PA841681","PA841893","PA793816","PA719930","PA794494","PA720992"]},"suffixe":"et les membres du groupe Socialistes et apparent\u00e9s","libelle":" M.\u0026#160;Eskenazi,  Mme\u0026#160;Godard, Mme\u0026#160;Pic, M.\u0026#160;Baptiste, M.\u0026#160;Aviragnet, M.\u0026#160;Baumel, Mme\u0026#160;Bellay, M.\u0026#160;Bouloux, M.\u0026#160;Philippe\u0026#160;Brun, M.\u0026#160;Califer, Mme\u0026#160;Dombre\u0026#160;Coste, Mme\u0026#160;Froger, M.\u0026#160;Guedj, M.\u0026#160;Houli\u0026#233;, Mme\u0026#160;Mercier, M.\u0026#160;Oberti, Mme\u0026#160;Pantel, Mme\u0026#160;Pir\u0026#232;s\u0026#160;Beaune, Mme\u0026#160;Runel, M.\u0026#160;Simion, Mme\u0026#160;Rossi, M.\u0026#160;Courbon, Mme\u0026#160;Capdevielle, Mme\u0026#160;Jourdan, Mme\u0026#160;Battistel, Mme\u0026#160;Allemand, M.\u0026#160;Barusseau, M.\u0026#160;Belhaddad, M.\u0026#160;Benbrahim, M.\u0026#160;Christophle, M.\u0026#160;David, M.\u0026#160;Delaporte, M.\u0026#160;Delautrette, Mme\u0026#160;Diop, M.\u0026#160;Dufau, M.\u0026#160;Echaniz, M.\u0026#160;Faure, M.\u0026#160;F\u0026#233;gn\u0026#233;, M.\u0026#160;Garot, M.\u0026#160;Gokel, Mme\u0026#160;Got, M.\u0026#160;Emmanuel\u0026#160;Gr\u0026#233;goire, M.\u0026#160;Hablot, Mme\u0026#160;Hadizadeh, Mme\u0026#160;Herouin-L\u0026#233;autey, Mme\u0026#160;C\u0026#233;line\u0026#160;Hervieu, M.\u0026#160;Hollande, Mme\u0026#160;Karamanli, Mme\u0026#160;Keloua\u0026#160;Hachi, M.\u0026#160;Leseul, M.\u0026#160;Lhardit, M.\u0026#160;Naillet, M.\u0026#160;Pena, M.\u0026#160;Potier, M.\u0026#160;Pribetich, M.\u0026#160;Proen\u0026#231;a, Mme\u0026#160;Rouaux, M.\u0026#160;Aur\u0026#233;lien\u0026#160;Rousseau, M.\u0026#160;Roussel, Mme\u0026#160;R\u0026#233;calde, M.\u0026#160;Saint-Pasteur, Mme\u0026#160;Santiago, M.\u0026#160;Saulignac, M.\u0026#160;Sother, Mme\u0026#160;Thi\u0026#233;bault-Martinez, Mme\u0026#160;Thomin, M.\u0026#160;Vallaud, M.\u0026#160;Vicot, M.\u0026#160;William et les membres du groupe Socialistes et apparent\u0026#233;s"},"pointeurFragmentTexte":{"partieAmendableRef":{},"division":{"titre":"ETAT B","articleDesignationCourte":"ART. 49","articleDesignation":"ARTICLE 49","type":"ANNEXE","avant_A_Apres":"A","divisionRattachee":"ARTICLE 49","articleAdditionnel":"false","chapitreAdditionnel":"false","urlDivisionTexteVise":"\/17\/textes\/1906C.asp#D_Etat_B"},"missionVisee":{"codeEtat":"B","codeMissionMinefi":"TB","libelleMission":"Travail, emploi et administration des minist\u00e8res sociaux","missionRef":"3373"}},"corps":{"cartoucheInformatif":"Sous r\u00e9serve de son traitement par les services de l\u0027Assembl\u00e9e nationale et de sa recevabilit\u00e9","contenuAuteur":{"dispositifAmdtCreditPLF":{"listeProgrammes":{"programme":[{"libelle":"Acc\u00e8s et retour \u00e0 l\u0027emploi","programmeRef":"677865","autorisationEngagement":"35000000","creditPaiement":"35000000","action":"modification","lignesCredits":{}},{"libelle":"Accompagnement des mutations \u00e9conomiques et d\u00e9veloppement de l\u0027emploi","programmeRef":"677867","autorisationEngagement":"0","creditPaiement":"0","action":"modification","lignesCredits":{}},{"libelle":"Am\u00e9lioration de la qualit\u00e9 de l\u0027emploi et des relations du travail","programmeRef":"677869","autorisationEngagement":"0","creditPaiement":"0","action":"modification","lignesCredits":{}},{"libelle":"Soutien des minist\u00e8res sociaux","programmeRef":"677871","autorisationEngagement":"-35000000","creditPaiement":"-35000000","action":"modification","lignesCredits":{}}]},"soldeAE":"0","soldeCP":"0","cpEgalAe":"true"},"avantAppel":{},"exposeSommaire":"\u003Cp\u003ECet amendement des d\u0026#x00E9;put\u0026#x00E9;s socialistes et apparent\u0026#x00E9;s vise \u0026#x00E0; augmenter de 35 M\u0026#x20AC; le budget d\u0026#x00E9;di\u0026#x00E9; au d\u0026#x00E9;veloppement de la formation des salari\u0026#x00E9;s en parcours au sein des Structures de l\u0026#x2019;Insertion par l\u0026#x2019;Activit\u0026#x00E9; \u0026#x00C9;conomique (SIAE) afin de le r\u0026#x00E9;tablir au niveau de 100 M\u0026#x20AC; tel que pr\u0026#x00E9;vu par le Plan d\u0026#x2019;investissement dans les comp\u0026#x00E9;tences de l\u0027Insertion par l\u0027activit\u0026#x00E9; \u0026#x00E9;conomique (PIC IAE) et tel qu\u0026#x2019;il \u0026#x00E9;tait en 2023.\u003C\/p\u003E\u003Cp\u003EEn effet, le PIC IAE, amput\u0026#x00E9; de 25 M\u0026#x20AC; en 2024 et de 25M\u0026#x20AC; en 2025 par rapport au montant initial, voit \u0026#x00E0; nouveau son budget formation r\u0026#x00E9;duit de pr\u0026#x00E8;s de 35% en 2026 par rapport \u0026#x00E0; 2025.\u0026nbsp;\u003C\/p\u003E\u003Cp\u003EAlors que 80% des salari\u0026#x00E9;s en insertion ont un niveau infra-bac, ces baisses successives ont diminu\u0026#x00E9; le nombre d\u0026#x2019;heures de formation par salari\u0026#x00E9;, passant de 8h\/personne et par an en 2023 \u0026#x00E0; 4h45\/personne et par an en 2025.\u003C\/p\u003E\u003Cp\u003EIl y a donc un risque majeur de voir le nombre et la qualit\u0026#x00E9; des formations des personnes en insertion se d\u0026#x00E9;grader, ce alors m\u0026#x00EA;me que le contexte \u0026#x00E9;conomique se d\u0026#x00E9;grade et que la formation des personnes en insertion par l\u0026#x2019;activit\u0026#x00E9; \u0026#x00E9;conomique est indispensable \u0026#x00E0; la r\u0026#x00E9;ussite de leurs parcours et renforce consid\u0026#x00E9;rablement les chances d\u0026#x2019;insertion durable dans l\u0026#x2019;emploi. L\u0026#x2019;investissement dans la formation est non seulement un b\u0026#x00E9;n\u0026#x00E9;fice ind\u0026#x00E9;niable pour ces personnes, mais elle l\u0026#x2019;est aussi pour les employeurs des territoires, notamment dans les secteurs en tension.\u003C\/p\u003E\u003Cp\u003ECet amendement augmente de 35 M\u0026#x20AC; les autorisations d\u0026#x2019;engagement et les cr\u0026#x00E9;dits de paiement de la sous-action \u0026#x00AB; Insertion par l\u0026#x2019;activit\u0026#x00E9; \u0026#x00E9;conomique \u0026#x00BB; de l\u0026#x2019;action n\u0026#x00B0;3 \u0026#x00AB; Accompagnement des personnes les plus \u0026#x00E9;loign\u0026#x00E9;es du march\u0026#x00E9; du travail \u0026#x00BB; du programme n\u0026#x00B0; 102 \u0026#x00AB; Acc\u0026#x00E8;s et retour \u0026#x00E0; l\u0026#x2019;emploi \u0026#x00BB;.\u003C\/p\u003E\u003Cp\u003EPour assurer sa recevabilit\u0026#x00E9; financi\u0026#x00E8;re \u0026#x2013; et uniquement dans ce but, cet amendement r\u0026#x00E9;duit artificiellement de 35 M\u0026#x20AC; les autorisations d\u0026#x2019;engagement et les cr\u0026#x00E9;dits de paiement de l\u0026#x2019;action n\u0026#x00B0;31 \u0026#x00AB; Affaires immobili\u0026#x00E8;res \u0026#x00BB; du Programme 155 \u0026#x00AB; Soutien des minist\u0026#x00E8;res sociaux \u0026#x00BB;. Cette baisse artificielle \u0026#x00E0; des fins de recevabilit\u0026#x00E9; appelle le Gouvernement \u0026#x00E0; lever le gage.\u003C\/p\u003E\u003Cp\u003ECet amendement est issu d\u0026#x2019;une proposition du collectif IAE.\u003C\/p\u003E","annexeExposeSommaire":{}}},"cycleDeVie":{"dateDepot":"2025-11-13","datePublication":{},"soumisArticle40":"true","etatDesTraitements":{"etat":{"code":"ET","libelle":"En traitement"},"sousEtat":{}},"dateSort":{},"sort":{}},"representations":{"representation":{"nom":"PDF","typeMime":{"type":"application","subType":"PDF"},"statutRepresentation":{"verbatim":"true","canonique":"true","officielle":"true","transcription":"false","enregistrement":"false"},"repSource":{},"offset":{},"contenu":{"documentURI":"\/base\/AMANR5L17PO838901B1906P2D1N001792?format=pdf"},"dateDispoRepresentation":{}}},"seanceDiscussionRef":{},"article99":"false","loiReference":{},"discussionCommune":{},"discussionIdentique":{},"accordGouvernementDepotHorsDelai":"Sans objet"}