{"uid":"AMANR5L17PO838901B1906P2D1N002156","chronotag":"1763938793037","legislature":"17","identification":{"numeroLong":"II-2156","numeroOrdreDepot":"2156","prefixeOrganeExamen":"AN","numeroRect":"0"},"examenRef":"EXANR5L17PO838901B1906P2D1","texteLegislatifRef":"PRJLANR5L17B1906","triAmendement":"aviaaaaaaaaaaaaaaaaaaaaaaaaaaaaaaaaaaaaaaaaaaaaaaazzzzzzzzzzzzz","cardinaliteAmdtMultiples":"1","amendementParentRef":{},"signataires":{"auteur":{"typeAuteur":"D\u00e9put\u00e9","gouvernementRef":{},"acteurRef":"PA719822","groupePolitiqueRef":"PO845454","auteurRapporteurOrganeRef":{}},"cosignataires":{"acteurRef":["PA794810","PA720354","PA795026","PA605694","PA722336","PA794830"]},"suffixe":{},"libelle":" Mme\u0026#160;Thillaye,  Mme\u0026#160;Morel, M.\u0026#160;Jacques, Mme\u0026#160;Violland, M.\u0026#160;Falorni, M.\u0026#160;Thi\u0026#233;baut et M.\u0026#160;Ott"},"pointeurFragmentTexte":{"partieAmendableRef":{},"division":{"titre":"ETAT B","articleDesignationCourte":"ART. 49","articleDesignation":"ARTICLE 49","type":"ANNEXE","avant_A_Apres":"A","divisionRattachee":"ARTICLE 49","articleAdditionnel":"false","chapitreAdditionnel":"false","urlDivisionTexteVise":"\/17\/textes\/1906C.asp#D_Etat_B"},"missionVisee":{"codeEtat":"B","codeMissionMinefi":"TA","libelleMission":"\u00c9cologie, d\u00e9veloppement et mobilit\u00e9 durables","missionRef":"3331"}},"corps":{"cartoucheInformatif":"Sous r\u00e9serve de son traitement par les services de l\u0027Assembl\u00e9e nationale et de sa recevabilit\u00e9","contenuAuteur":{"dispositifAmdtCreditPLF":{"listeProgrammes":{"programme":[{"libelle":"Infrastructures et services de transports","programmeRef":"683383","autorisationEngagement":"1000000000","creditPaiement":"0","action":"modification","lignesCredits":{}},{"libelle":"Affaires maritimes, p\u00eache et aquaculture","programmeRef":"683385","autorisationEngagement":"0","creditPaiement":"0","action":"modification","lignesCredits":{}},{"libelle":"Paysages, eau et biodiversit\u00e9","programmeRef":"683387","autorisationEngagement":"0","creditPaiement":"0","action":"modification","lignesCredits":{}},{"libelle":"Expertise, information g\u00e9ographique et m\u00e9t\u00e9orologie","programmeRef":"683389","autorisationEngagement":"0","creditPaiement":"0","action":"modification","lignesCredits":{}},{"libelle":"Pr\u00e9vention des risques","programmeRef":"683391","autorisationEngagement":"0","creditPaiement":"0","action":"modification","lignesCredits":{}},{"libelle":"\u00c9nergie, climat et apr\u00e8s-mines","programmeRef":"683393","autorisationEngagement":"0","creditPaiement":"0","action":"modification","lignesCredits":{}},{"libelle":"Service public de l\u0027\u00e9nergie","programmeRef":"683395","autorisationEngagement":"0","creditPaiement":"1000000000","action":"modification","lignesCredits":{}},{"libelle":"Conduite et pilotage des politiques de l\u0027\u00e9cologie, du d\u00e9veloppement et de la mobilit\u00e9 durables","programmeRef":"683397","autorisationEngagement":"0","creditPaiement":"0","action":"modification","lignesCredits":{}},{"libelle":"Fonds d\u0027acc\u00e9l\u00e9ration de la transition \u00e9cologique dans les territoires","programmeRef":"683399","autorisationEngagement":"0","creditPaiement":"0","action":"modification","lignesCredits":{}},{"libelle":"S\u00fbret\u00e9 nucl\u00e9aire et radioprotection","programmeRef":"683401","autorisationEngagement":"0","creditPaiement":"0","action":"modification","lignesCredits":{}},{"libelle":"Ecologie \u2013 mise en extinction du plan de relance","programmeRef":"683403","autorisationEngagement":"0","creditPaiement":"0","action":"modification","lignesCredits":{}}]},"soldeAE":"1000000000","soldeCP":"1000000000","cpEgalAe":"false"},"avantAppel":{},"exposeSommaire":"\u003Cp\u003EDans le cadre de l\u0026#x2019;appel d\u0026#x2019;offres lanc\u0026#x00E9; en f\u0026#x00E9;vrier 2025, l\u0026#x2019;Etat a annonc\u0026#x00E9; la commande de 180 voitures-couchettes neuves, avec une option pour atteindre 340 voitures-couchettes. Le volume de 180 voitures permettra de renouveler le mat\u0026#x00E9;riel roulant des lignes existantes, mais sera insuffisant pour rouvrir les lignes de nuit. Le volume de 340 voitures permettra au contraire de rouvrir les lignes annonc\u0026#x00E9;es par le Pr\u0026#x00E9;sident de la R\u0026#x00E9;publique en novembre 2022 (notamment Bordeaux-Nice, Paris-Barcelone et Nice-Strasbourg) et construire un r\u0026#x00E9;seau \u0026#x00E0; 10 lignes sur le territoire hexagonal.\u003C\/p\u003E\u003Cp\u003ECet amendement permet d\u0026#x2019;activer la clause optionnelle de l\u0026#x2019;appel d\u0026#x2019;offres, et porter ainsi la commande \u0026#x00E0; 340 voitures. Un tel volume permettra d\u0027obtenir de meilleurs prix unitaires. Par ailleurs, selon le rapport de la DGITM sur les Trains d\u0026#x2019;Equilibre du Territoire (2021), un r\u0026#x00E9;seau \u0026#x00E9;tendu \u0026#x00E0; 340 voitures d\u0026#x00E9;gagera des synergies et s\u0026#x2019;autofinancera mieux que le petit r\u0026#x00E9;seau actuel. Une telle commande am\u0026#x00E9;liorera donc l\u0026#x2019;\u0026#x00E9;quilibre \u0026#x00E9;conomique des trains de nuit \u0026#x00E0; long terme.\u003C\/p\u003E\u003Cp\u003ELa fr\u0026#x00E9;quentation des trains de nuit a plus que doubl\u0026#x00E9; entre 2019 et 2024, passant de 350 000 voyageurs \u0026#x00E0; 1 million. Cette demande grandissante se heurte cependant au manque de mat\u0026#x00E9;riel roulant suppl\u0026#x00E9;mentaire. Les 340 voitures permettront de r\u0026#x00E9;pondre \u0026#x00E0; ce nouvel \u0026#x00E9;lan des Fran\u0026#x00E7;ais vers les trains de nuit, et contribueront \u0026#x00E0; r\u0026#x00E9;duire les \u0026#x00E9;missions de CO2 du secteur des transports. Selon le rapport du R\u0026#x00E9;seau Action Climat (2025), un r\u0026#x00E9;seau \u0026#x00E0; 340 voitures-couchette permettrait d\u0026#x2019;\u0026#x00E9;viter 0,4 million \u0026#x00E9;quivalent CO2 chaque ann\u0026#x00E9;e. La commande de 340 voitures n\u0026#x00E9;cessite des Autorisations d\u0026#x2019;Engagement de l\u0026#x2019;ordre de l\u0026#x2019;ordre de 2 milliards d\u0026#x2019;euros (probablement moins en raison des \u0026#x00E9;conomies d\u0026#x2019;\u0026#x00E9;chelle) dans le Projet de loi de finances 2026, contre environ 1 milliard pour la commande \u0026#x00E0; 180 voitures.\u003C\/p\u003E\u003Cp\u003ECette action n\u0026#x2019;engage aucun Cr\u0026#x00E9;dit de Paiement (CP) pour la p\u0026#x00E9;riode 2025-2030, puisque l\u0026#x2019;\u0026#x00C9;tat a choisi une modalit\u0026#x00E9; de location du mat\u0026#x00E9;riel et ne commencera \u0026#x00E0; payer qu\u0026#x2019;\u0026#x00E0; la r\u0026#x00E9;ception des trains. A partir de 2030, cette commande unifi\u0026#x00E9;e de 340 voitures permettra \u0026#x00E0; l\u0026#x2019;\u0026#x00C9;tat de payer moins cher que s\u0026#x2019;il proc\u0026#x00E8;de via plusieurs petites commandes disparates. Autrement dit, cette action ne gr\u0026#x00E8;vera pas le d\u0026#x00E9;ficit dans les ann\u0026#x00E9;es \u0026#x00E0; venir et diminue les d\u0026#x00E9;penses de l\u0026#x2019;\u0026#x00C9;tat \u0026#x00E0; long terme.\u003C\/p\u003E\u003Cp\u003ECette proposition de mouvement de cr\u0026#x00E9;dits est uniquement formelle, afin de respecter les r\u0026#x00E8;gles budg\u0026#x00E9;taires. Nous demandons ainsi au Gouvernement de lever le gage.\u003C\/p\u003E\u003Cp\u003ECet amendement a \u0026#x00E9;t\u0026#x00E9; travaill\u0026#x00E9; avec le collectif oui au train de nuit.\u003C\/p\u003E","annexeExposeSommaire":{}}},"cycleDeVie":{"dateDepot":"2025-11-14","datePublication":{},"soumisArticle40":"false","etatDesTraitements":{"etat":{"code":"ET","libelle":"En traitement"},"sousEtat":{}},"dateSort":{},"sort":{}},"representations":{"representation":{"nom":"PDF","typeMime":{"type":"application","subType":"PDF"},"statutRepresentation":{"verbatim":"true","canonique":"true","officielle":"true","transcription":"false","enregistrement":"false"},"repSource":{},"offset":{},"contenu":{"documentURI":"\/base\/AMANR5L17PO838901B1906P2D1N002156?format=pdf"},"dateDispoRepresentation":{}}},"seanceDiscussionRef":{},"article99":"false","loiReference":{},"discussionCommune":{},"discussionIdentique":{},"accordGouvernementDepotHorsDelai":"Sans objet"}