{"uid":"AMANR5L17PO838901B1906P2D1N003352","chronotag":"1763938808278","legislature":"17","identification":{"numeroLong":"II-3352","numeroOrdreDepot":"3352","prefixeOrganeExamen":"AN","numeroRect":"0"},"examenRef":"EXANR5L17PO838901B1906P2D1","texteLegislatifRef":"PRJLANR5L17B1906","triAmendement":"aviaaaaaaaaaaaaaaaaaaaaaaaaaaaaaaaaaaaaaaaaaaaaaaazzzzzzzzzzzzzzzzzzzzzzzzzw","cardinaliteAmdtMultiples":"1","amendementParentRef":{},"signataires":{"auteur":{"typeAuteur":"D\u00e9put\u00e9","gouvernementRef":{},"acteurRef":"PA607553","groupePolitiqueRef":"PO845419","auteurRapporteurOrganeRef":{}},"cosignataires":{"acteurRef":["PA793816","PA841327","PA795430","PA841633","PA643192","PA774958","PA840829","PA842195","PA841665","PA840665","PA642764","PA643143","PA342415","PA606793","PA720362","PA842211","PA841315","PA794094","PA793624","PA795762","PA608264","PA840903","PA841295","PA1008","PA793394","PA841919","PA606573","PA794854","PA609332","PA822617","PA333285","PA840939","PA841539","PA331973","PA840171","PA1567","PA841471","PA842263","PA841813","PA841853","PA1654","PA722150","PA335054","PA795156","PA840765","PA841463","PA643157","PA841107","PA841381","PA840793","PA794270","PA608172","PA840955","PA841367","PA840673","PA342196","PA826635","PA841717","PA341981","PA841243","PA774960","PA340343","PA841091","PA841681","PA841893","PA719930","PA794494","PA720992"]},"suffixe":"et les membres du groupe Socialistes et apparent\u00e9s","libelle":" M.\u0026#160;Potier,  Mme\u0026#160;Thomin, M.\u0026#160;Roussel, M.\u0026#160;Delautrette, M.\u0026#160;Dufau, Mme\u0026#160;Jourdan, M.\u0026#160;Leseul, M.\u0026#160;Barusseau, M.\u0026#160;Eskenazi, M.\u0026#160;F\u0026#233;gn\u0026#233;, Mme\u0026#160;Allemand, M.\u0026#160;Aviragnet, M.\u0026#160;Baptiste, Mme\u0026#160;Battistel, M.\u0026#160;Baumel, M.\u0026#160;Belhaddad, Mme\u0026#160;Bellay, M.\u0026#160;Benbrahim, M.\u0026#160;Bouloux, M.\u0026#160;Philippe\u0026#160;Brun, M.\u0026#160;Califer, Mme\u0026#160;Capdevielle, M.\u0026#160;Christophle, M.\u0026#160;Courbon, M.\u0026#160;David, M.\u0026#160;Delaporte, Mme\u0026#160;Diop, Mme\u0026#160;Dombre\u0026#160;Coste, M.\u0026#160;Echaniz, M.\u0026#160;Faure, Mme\u0026#160;Froger, M.\u0026#160;Garot, Mme\u0026#160;Godard, M.\u0026#160;Gokel, Mme\u0026#160;Got, M.\u0026#160;Emmanuel\u0026#160;Gr\u0026#233;goire, M.\u0026#160;Guedj, M.\u0026#160;Hablot, Mme\u0026#160;Hadizadeh, Mme\u0026#160;Herouin-L\u0026#233;autey, Mme\u0026#160;C\u0026#233;line\u0026#160;Hervieu, M.\u0026#160;Hollande, M.\u0026#160;Houli\u0026#233;, Mme\u0026#160;Karamanli, Mme\u0026#160;Keloua\u0026#160;Hachi, M.\u0026#160;Lhardit, Mme\u0026#160;Mercier, M.\u0026#160;Naillet, M.\u0026#160;Oberti, Mme\u0026#160;Pantel, M.\u0026#160;Pena, Mme\u0026#160;Pic, Mme\u0026#160;Pir\u0026#232;s\u0026#160;Beaune, M.\u0026#160;Pribetich, M.\u0026#160;Proen\u0026#231;a, Mme\u0026#160;Rossi, Mme\u0026#160;Rouaux, M.\u0026#160;Aur\u0026#233;lien\u0026#160;Rousseau, Mme\u0026#160;Runel, Mme\u0026#160;R\u0026#233;calde, M.\u0026#160;Saint-Pasteur, Mme\u0026#160;Santiago, M.\u0026#160;Saulignac, M.\u0026#160;Simion, M.\u0026#160;Sother, Mme\u0026#160;Thi\u0026#233;bault-Martinez, M.\u0026#160;Vallaud, M.\u0026#160;Vicot, M.\u0026#160;William et les membres du groupe Socialistes et apparent\u0026#233;s"},"pointeurFragmentTexte":{"partieAmendableRef":{},"division":{"titre":"ETAT B","articleDesignationCourte":"ART. 49","articleDesignation":"ARTICLE 49","type":"ANNEXE","avant_A_Apres":"A","divisionRattachee":"ARTICLE 49","articleAdditionnel":"false","chapitreAdditionnel":"false","urlDivisionTexteVise":"\/17\/textes\/1906C.asp#D_Etat_B"},"missionVisee":{"codeEtat":"B","codeMissionMinefi":"TA","libelleMission":"\u00c9cologie, d\u00e9veloppement et mobilit\u00e9 durables","missionRef":"3331"}},"corps":{"cartoucheInformatif":"Sous r\u00e9serve de son traitement par les services de l\u0027Assembl\u00e9e nationale et de sa recevabilit\u00e9","contenuAuteur":{"dispositifAmdtCreditPLF":{"listeProgrammes":{"programme":[{"libelle":"Infrastructures et services de transports","programmeRef":"696105","autorisationEngagement":"0","creditPaiement":"0","action":"modification","lignesCredits":{}},{"libelle":"Affaires maritimes, p\u00eache et aquaculture","programmeRef":"696107","autorisationEngagement":"0","creditPaiement":"0","action":"modification","lignesCredits":{}},{"libelle":"Paysages, eau et biodiversit\u00e9","programmeRef":"696109","autorisationEngagement":"0","creditPaiement":"0","action":"modification","lignesCredits":{}},{"libelle":"Expertise, information g\u00e9ographique et m\u00e9t\u00e9orologie","programmeRef":"696111","autorisationEngagement":"0","creditPaiement":"0","action":"modification","lignesCredits":{}},{"libelle":"Pr\u00e9vention des risques","programmeRef":"696113","autorisationEngagement":"0","creditPaiement":"0","action":"modification","lignesCredits":{}},{"libelle":"\u00c9nergie, climat et apr\u00e8s-mines","programmeRef":"696115","autorisationEngagement":"0","creditPaiement":"0","action":"modification","lignesCredits":{}},{"libelle":"Service public de l\u0027\u00e9nergie","programmeRef":"696117","autorisationEngagement":"-335000000","creditPaiement":"-335000000","action":"modification","lignesCredits":{}},{"libelle":"Conduite et pilotage des politiques de l\u0027\u00e9cologie, du d\u00e9veloppement et de la mobilit\u00e9 durables","programmeRef":"696119","autorisationEngagement":"0","creditPaiement":"0","action":"modification","lignesCredits":{}},{"libelle":"Fonds d\u0027acc\u00e9l\u00e9ration de la transition \u00e9cologique dans les territoires","programmeRef":"696121","autorisationEngagement":"0","creditPaiement":"0","action":"modification","lignesCredits":{}},{"libelle":"S\u00fbret\u00e9 nucl\u00e9aire et radioprotection","programmeRef":"696123","autorisationEngagement":"0","creditPaiement":"0","action":"modification","lignesCredits":{}},{"libelle":"Ecologie \u2013 mise en extinction du plan de relance","programmeRef":"696125","autorisationEngagement":"0","creditPaiement":"0","action":"modification","lignesCredits":{}},{"libelle":"Fonds d\u0027acc\u00e9l\u00e9ration de la transition \u00e9cologique dans les territoires ","programmeRef":"696127","autorisationEngagement":"335000000","creditPaiement":"335000000","action":"cr\u00e9ation","lignesCredits":{}}]},"soldeAE":"0","soldeCP":"0","cpEgalAe":"true"},"avantAppel":{},"exposeSommaire":"\u003Cp style=\u0022text-align: justify;\u0022\u003ECet amendement du groupe Socialistes et apparent\u0026#x00E9;s propose la mise en place d\u0026#x2019;un \u0026#x00AB;\u0026nbsp;Fonds bleu pour l\u0026#x2019;eau\u0026nbsp;\u0026#x00BB; d\u0026#x00E9;di\u0026#x00E9; \u0026#x00E0; l\u0026#x2019;investissement dans le renouvellement et la pr\u0026#x00E9;servation du patrimoine de l\u0026#x2019;eau, \u0026#x00E0; l\u0026#x2019;instar du \u0026#x00AB;\u0026nbsp;Fonds vert\u0026nbsp;\u0026#x00BB; pour l\u0026#x2019;acc\u0026#x00E9;l\u0026#x00E9;ration de la transition \u0026#x00E9;cologique dans les territoires.\u003C\/p\u003E\u003Cp style=\u0022text-align: justify;\u0022\u003ELe secteur de l\u0026#x2019;eau subit de plein fouet l\u0026#x2019;impact des changements climatiques, avec des contrastes importants selon les territoires. Le volume disponible d\u0026#x2019;eau renouvelable, indispensable aux diff\u0026#x00E9;rents usages anthropiques et au fonctionnement des milieux aquatiques, a diminu\u0026#x00E9; de 14\u0026nbsp;% en France au cours de ces quinze derni\u0026#x00E8;res ann\u0026#x00E9;es. Cette tendance devrait continuer \u0026#x00E0; s\u0026#x2019;aggraver, particuli\u0026#x00E8;rement en p\u0026#x00E9;riode estivale.\u003C\/p\u003E\u003Cp style=\u0022text-align: justify;\u0022\u003EOr, l\u0026#x2019;\u0026#x00E9;tat du r\u0026#x00E9;seau d\u0026#x2019;acheminement de l\u0026#x2019;eau potable jusqu\u0026#x2019;aux robinets des consommateurs, enjeu crucial de la ma\u0026#x00EE;trise de cette ressource vitale, est tr\u0026#x00E8;s insatisfaisant. Les \u0026#x00E9;pisodes de s\u0026#x00E9;cheresse estivale, hivernale, les inondations, le vieillissement des canalisations (\u0026#x00E0; l\u0026#x2019;origine de 20\u0026nbsp;% du taux de fuite d\u0026#x2019;eau potable), entre autres, ne font qu\u0026#x2019;accro\u0026#x00EE;tre sa d\u0026#x00E9;t\u0026#x00E9;rioration.\u003C\/p\u003E\u003Cp style=\u0022text-align: justify;\u0022\u003ESelon une cartographie pr\u0026#x00E9;sent\u0026#x00E9;e en mars\u0026nbsp;2024 par l\u0026#x2019;association Intercommunalit\u0026#x00E9;s de France, 198 collectivit\u0026#x00E9;s affichent au moins un service d\u0026#x2019;eau dont le taux de rendement est inf\u0026#x00E9;rieur \u0026#x00E0; 50\u0026nbsp;% ce qui signifie que la moiti\u0026#x00E9;, au moins, de l\u0026#x2019;eau potable de ce r\u0026#x00E9;seau se perd dans des canalisations d\u0026#x00E9;fectueuses avant d\u0026#x2019;arriver au consommateur. Dans les territoires d\u0026#x2019;Outre-mer, la situation est particuli\u0026#x00E8;rement grave\u0026nbsp;: en Guadeloupe, par exemple, le taux de perte dans le r\u0026#x00E9;seau d\u0026#x2019;eau potable peut atteindre les 60\u0026nbsp;%.\u003C\/p\u003E\u003Cp style=\u0022text-align: justify;\u0022\u003EEn comparaison, le rendement moyen du r\u0026#x00E9;seau de distribution d\u0026#x2019;eau potable \u0026#x00E0; l\u0026#x2019;\u0026#x00E9;chelle nationale est de 81,5\u0026nbsp;%, soit pr\u0026#x00E8;s de 20\u0026nbsp;% d\u0026#x2019;eau perdue. Ce sont donc plus de 900 millions de m\u0026#x00E8;tres cubes d\u0026#x2019;eau qui se perdent en fuites chaque ann\u0026#x00E9;e\u0026nbsp;: l\u0026#x2019;\u0026#x00E9;quivalent de la consommation annuelle d\u0026#x2019;environ 16,5 millions d\u0026#x2019;habitants.\u003C\/p\u003E\u003Cp style=\u0022text-align: justify;\u0022\u003EPour faire face au changement climatique, l\u0026#x2019;entretien et le renouvellement des r\u0026#x00E9;seaux d\u0026#x2019;eau doit donc \u0026#x00EA;tre une priorit\u0026#x00E9;. Or, les infrastructures li\u0026#x00E9;es \u0026#x00E0; l\u0026#x2019;eau souffrent d\u0026#x2019;un sous-investissement structurel et chronique. En mati\u0026#x00E8;re d\u0026#x2019;eau potable, le d\u0026#x00E9;ficit d\u0026#x2019;investissement dans le renouvellement oscille entre 0,776 et 3,1 Mds\u0026#x20AC;\/an. De plus, les aides d\u0026#x00E9;di\u0026#x00E9;es au petit cycle diminuent, et, les fonds des agences de l\u0026#x2019;eau, appels \u0026#x00E0; projets et \u0026#x00AB;\u0026nbsp;Aqua Pr\u0026#x00EA;ts\u0026nbsp;\u0026#x00BB; profitant majoritairement aux zones urbaines, l\u0026#x2019;\u0026#x00E9;cart et les in\u0026#x00E9;galit\u0026#x00E9;s entre territoires se creusent.\u003C\/p\u003E\u003Cp style=\u0022text-align: justify;\u0022\u003EIl appara\u0026#x00EE;t donc crucial de d\u0026#x00E9;bloquer et de s\u0026#x00E9;curiser des financements sp\u0026#x00E9;cifiques d\u0026#x00E9;di\u0026#x00E9;s au soutien des politiques de renouvellement du patrimoine, notamment dans les zones rurales.\u003C\/p\u003E\u003Cp style=\u0022text-align: justify;\u0022\u003E\u0026#x00C0;\u0026nbsp;l\u0026#x2019;image du Fonds vert, le Fonds bleu viendrait combler ce d\u0026#x00E9;ficit en soutenant des projets d\u0026#x2019;entretien, de pr\u0026#x00E9;servation et de renouvellement du patrimoine de l\u0026#x2019;eau, ou encore ceux destin\u0026#x00E9;s \u0026#x00E0; la mise en place de syst\u0026#x00E8;mes de r\u0026#x00E9;utilisation des eaux non conventionnelles et la r\u0026#x00E9;cup\u0026#x00E9;ration de l\u0026#x2019;eau de pluie.\u003C\/p\u003E\u003Cp style=\u0022text-align: justify;\u0022\u003ECet amendement propose donc la mise en place d\u0026#x2019;un fonds d\u0026#x00E9;di\u0026#x00E9; \u0026#x00E0; l\u0026#x2019;investissement dans le renouvellement et la pr\u0026#x00E9;servation du patrimoine de l\u0026#x2019;eau \u0026#x00E0; hauteur de la moiti\u0026#x00E9; de la fourchette minimum du d\u0026#x00E9;ficit d\u0026#x2019;investissement dans le renouvellement, \u0026#x00E0; savoir 335 millions d\u0026#x2019;euros. \u0026#x00C0; titre de comparaison, en Italie, le Plan national de relance et de r\u0026#x00E9;silience pr\u0026#x00E9;voit 3,9 Mds\u0026#x20AC; pour le secteur de l\u0026#x2019;eau, dont 900 millions d\u0026#x2019;euros pour la r\u0026#x00E9;paration, la num\u0026#x00E9;risation et la surveillance int\u0026#x00E9;gr\u0026#x00E9;e des r\u0026#x00E9;seaux d\u0026#x2019;eau afin de r\u0026#x00E9;duire substantiellement les pertes d\u0026#x2019;eau.\u003C\/p\u003E\u003Cp style=\u0022text-align: justify;\u0022\u003EPour \u0026#x00EA;tre recevable, cet amendement modifie les cr\u0026#x00E9;dits (en AE et CP) de la mani\u0026#x00E8;re qui suit\u0026nbsp;:\u003C\/p\u003E\u003Cp style=\u0022text-align: justify;\u0022\u003E\u0026#x2013;\u0026nbsp;Il abonde de 335\u0026nbsp;000\u0026nbsp;000\u0026nbsp;euros le nouveau programme \u0026#x00AB;\u0026nbsp;Fonds d\u0026#x2019;investissement dans le renouvellement et la pr\u0026#x00E9;servation du patrimoine de l\u0026#x2019;eau\u0026nbsp;\u0026#x00BB;\u0026nbsp;;\u003C\/p\u003E\u003Cp style=\u0022text-align: justify;\u0022\u003E\u0026#x2013;\u0026nbsp;Il minore de 335\u0026nbsp;000\u0026nbsp;000\u0026nbsp;euros l\u0026#x2019;action 09 \u0026#x00AB;\u0026nbsp;Soutien aux \u0026#x00E9;nergies renouvelables \u0026#x00E9;lectriques en m\u0026#x00E9;tropole continentale\u0026nbsp;\u0026#x00BB; du programme 345 \u0026#x00AB;\u0026nbsp;Service public de l\u0026#x2019;\u0026#x00E9;nergie\u0026nbsp;\u0026#x00BB;.\u003C\/p\u003E\u003Cp style=\u0022text-align: justify;\u0022\u003ENous proposons ce transfert de cr\u0026#x00E9;dit pour respecter les r\u0026#x00E8;gles impos\u0026#x00E9;es par l\u0026#x2019;article\u0026nbsp;40\u0026nbsp;mais nous ne souhaitons pas r\u0026#x00E9;duire les cr\u0026#x00E9;dits du programme \u0026#x00AB;\u0026nbsp;Service public de l\u0026#x2019;\u0026#x00E9;nergie\u0026nbsp;\u0026#x00BB; et proposons que le Gouvernement l\u0026#x00E8;ve le gage.\u003C\/p\u003E","annexeExposeSommaire":{}}},"cycleDeVie":{"dateDepot":"2025-11-20","datePublication":{},"soumisArticle40":"false","etatDesTraitements":{"etat":{"code":"ET","libelle":"En traitement"},"sousEtat":{}},"dateSort":{},"sort":{}},"representations":{"representation":{"nom":"PDF","typeMime":{"type":"application","subType":"PDF"},"statutRepresentation":{"verbatim":"true","canonique":"true","officielle":"true","transcription":"false","enregistrement":"false"},"repSource":{},"offset":{},"contenu":{"documentURI":"\/base\/AMANR5L17PO838901B1906P2D1N003352?format=pdf"},"dateDispoRepresentation":{}}},"seanceDiscussionRef":{},"article99":"false","loiReference":{},"discussionCommune":{},"discussionIdentique":{},"accordGouvernementDepotHorsDelai":"Sans objet"}