{"uid":"AMANR5L17PO838901B1906P2D1N003394","chronotag":"1763938806131","legislature":"17","identification":{"numeroLong":"II-3394","numeroOrdreDepot":"3394","prefixeOrganeExamen":"AN","numeroRect":"0"},"examenRef":"EXANR5L17PO838901B1906P2D1","texteLegislatifRef":"PRJLANR5L17B1906","triAmendement":"awoaaaaaaaaaaaaaaaaaaaaaaaaaaaaaaaaaaaaaaaaaaaaaaazzzzzzzzzzzzx","cardinaliteAmdtMultiples":"1","amendementParentRef":{},"signataires":{"auteur":{"typeAuteur":"D\u00e9put\u00e9","gouvernementRef":{},"acteurRef":"PA841107","groupePolitiqueRef":"PO845419","auteurRapporteurOrganeRef":{}},"cosignataires":{},"suffixe":{},"libelle":" M.\u0026#160;Oberti"},"pointeurFragmentTexte":{"partieAmendableRef":{},"division":{"titre":"ETAT B","articleDesignationCourte":"ART. 49","articleDesignation":"ARTICLE 49","type":"ANNEXE","avant_A_Apres":"A","divisionRattachee":"ARTICLE 49","articleAdditionnel":"false","chapitreAdditionnel":"false","urlDivisionTexteVise":"\/17\/textes\/1906C.asp#D_Etat_B"},"missionVisee":{"codeEtat":"B","codeMissionMinefi":"DB","libelleMission":"\u00c9conomie","missionRef":"3333"}},"corps":{"cartoucheInformatif":"Sous r\u00e9serve de son traitement par les services de l\u0027Assembl\u00e9e nationale et de sa recevabilit\u00e9","contenuAuteur":{"dispositifAmdtCreditPLF":{"listeProgrammes":{"programme":[{"libelle":"D\u00e9veloppement des entreprises et r\u00e9gulations","programmeRef":"696567","autorisationEngagement":"-250000","creditPaiement":"-250000","action":"modification","lignesCredits":{}},{"libelle":"Plan France Tr\u00e8s haut d\u00e9bit","programmeRef":"696569","autorisationEngagement":"0","creditPaiement":"0","action":"modification","lignesCredits":{}},{"libelle":"Statistiques et \u00e9tudes \u00e9conomiques","programmeRef":"696571","autorisationEngagement":"250000","creditPaiement":"250000","action":"modification","lignesCredits":{}},{"libelle":"Strat\u00e9gies \u00e9conomiques","programmeRef":"696573","autorisationEngagement":"0","creditPaiement":"0","action":"modification","lignesCredits":{}},{"libelle":"Financement des op\u00e9rations patrimoniales en 2026 sur le compte d\u0027affectation sp\u00e9ciale \u00ab Participations financi\u00e8res de l\u0027\u00c9tat \u00bb","programmeRef":"696575","autorisationEngagement":"0","creditPaiement":"0","action":"modification","lignesCredits":{}}]},"soldeAE":"0","soldeCP":"0","cpEgalAe":"true"},"avantAppel":{},"exposeSommaire":"\u003Cp style=\u0022text-align: justify;\u0022\u003ECet amendement propose la cr\u0026#x00E9;ation d\u0026#x2019;un compte satellite de l\u0026#x2019;ESS.\u003C\/p\u003E\u003Cp style=\u0022text-align: justify;\u0022\u003EL\u0026#x2019;\u0026#x00C9;conomie sociale et solidaire (ESS) regroupe les associations, fondations, mutuelles, coop\u0026#x00E9;ratives et soci\u0026#x00E9;t\u0026#x00E9;s commerciales de l\u0026#x2019;ESS. Ce mode d\u0026#x2019;entreprendre dont les entreprises et organisations ont des principes de gestion communs (gouvernance d\u0026#x00E9;mocratique et non lucrativit\u0026#x00E9; ou lucrativit\u0026#x00E9; limit\u0026#x00E9;e) d\u0026#x00E9;finis par l\u0026#x2019;article\u0026nbsp;1 de la loi 2014 sur l\u0026#x2019;ESS, repr\u0026#x00E9;sente 2,6 millions d\u0026#x2019;emplois r\u0026#x00E9;partis dans tous les secteurs de l\u0026#x2019;\u0026#x00E9;conomie, dans tous les territoires, soit 13,7\u0026nbsp;% de l\u0026#x2019;emploi priv\u0026#x00E9;.\u0026nbsp;\u003C\/p\u003E\u003Cp style=\u0022text-align: justify;\u0022\u003ELe d\u0026#x00E9;veloppement de l\u0026#x2019;ESS repose sur une connaissance fine, r\u0026#x00E9;guli\u0026#x00E8;re et partag\u0026#x00E9;e de ses dynamiques. Un meilleur outillage statistique est indispensable pour \u0026#x00E9;valuer les politiques publiques, mesurer l\u0026#x2019;impact des financements, appuyer les strat\u0026#x00E9;gies de d\u0026#x00E9;veloppement territorial, et renforcer la reconnaissance de l\u0026#x2019;ESS dans le d\u0026#x00E9;bat public. La statistique est un levier de structuration, de l\u0026#x00E9;gitimation et de pilotage. En France, les outils actuels permettent de d\u0026#x00E9;crire la d\u0026#x00E9;mographie des entreprises et des emplois de l\u0026#x2019;ESS. Toutefois, plusieurs lacunes demeurent.\u003C\/p\u003E\u003Cp style=\u0022text-align: justify;\u0022\u003EPartageant ce constat, la Cour des comptes, dans son rapport r\u0026#x00E9;cent relatif aux soutiens publics \u0026#x00E0; l\u0026#x2019;ESS, recommande la mise en \u0026#x0153;uvre d\u0026#x2019;un compte satellite ESS. Un tel dispositif existe au Portugal ou en Belgique et constitue un support tr\u0026#x00E8;s appr\u0026#x00E9;ciable au pilotage et \u0026#x00E0; l\u0026#x2019;\u0026#x00E9;valuation d\u0026#x2019;une politique ESS transversale aux diff\u0026#x00E9;rentes missions de l\u0026#x2019;\u0026#x00C9;tat et bien au-del\u0026#x00E0; pour l\u0026#x2019;ensemble du p\u0026#x00E9;rim\u0026#x00E8;tre des administrations publiques et de s\u0026#x00E9;curit\u0026#x00E9; sociale. Le d\u0026#x00E9;ploiement d\u0026#x2019;un tel compte satellite en France permettrait de mieux conna\u0026#x00EE;tre \u0026#x00E0; l\u0026#x2019;\u0026#x00E9;chelle macro et m\u0026#x00E9;so les mod\u0026#x00E8;les \u0026#x00E9;conomiques de l\u0026#x2019;ESS ainsi que les tendances sociales qui les affectent et, dans une certaine mesure, les r\u0026#x00E9;sultats que leur action permet d\u0026#x2019;atteindre.\u003C\/p\u003E\u003Cp style=\u0022text-align: justify;\u0022\u003EUne telle avanc\u0026#x00E9;e outillerait utilement l\u0026#x2019;action publique pour \u0026#x00E9;valuer l\u0026#x2019;ajustement des financements publics \u0026#x00E0; la r\u0026#x00E9;alit\u0026#x00E9; des mod\u0026#x00E8;les entrepreneuriaux de l\u0026#x2019;ESS. Elle permettrait \u0026#x00E9;galement de mener des \u0026#x00E9;tudes comparatives sur la performance de l\u0026#x2019;ESS, notamment dans les secteurs o\u0026#x00F9; elle se trouve en concurrence avec des acteurs lucratifs dont les d\u0026#x00E9;faillances structurelles sont de plus en plus document\u0026#x00E9;es.\u003C\/p\u003E\u003Cp style=\u0022text-align: justify;\u0022\u003ECet amendement propose donc de renforcer les moyens RH de l\u0026#x2019;INSEE afin de mettre en \u0026#x0153;uvre le compte satellite, par l\u0026#x2019;octroi de 250\u0026nbsp;000\u0026nbsp;euros suppl\u0026#x00E9;mentaires, permettant le financement d\u0026#x2019;une masse salariale d\u0026#x00E9;di\u0026#x00E9;e \u0026#x00E0; la mise en \u0026#x0153;uvre du compte satellite.\u0026nbsp;\u003C\/p\u003E\u003Cp style=\u0022text-align: justify;\u0022\u003EAfin d\u0026#x2019;assurer la recevabilit\u0026#x00E9; financi\u0026#x00E8;re de cet amendement il est donc propos\u0026#x00E9; de majorer de 250\u0026nbsp;000 en autorisations d\u0026#x2019;engagements et en cr\u0026#x00E9;dits de paiement, les cr\u0026#x00E9;dits de l\u0026#x2019;action 08 \u0026#x00AB;\u0026nbsp;Information \u0026#x00E9;conomique, d\u0026#x00E9;mographique et sociale\u0026nbsp;\u0026#x00BB; du programme n\u0026#x00B0; 220 \u0026#x00AB;\u0026nbsp;Statistiques et \u0026#x00E9;tudes \u0026#x00E9;conomiques\u0026nbsp;\u0026#x00BB; et de minorer \u0026#x00E0; due concurrence, l\u0026#x2019;action 04 \u0026#x00AB;\u0026nbsp;D\u0026#x00E9;veloppement des postes, des t\u0026#x00E9;l\u0026#x00E9;communications et du num\u0026#x00E9;rique\u0026nbsp;\u0026#x00BB; du programme 134 \u0026#x00AB;\u0026nbsp;D\u0026#x00E9;veloppement des entreprises et r\u0026#x00E9;gulations\u0026nbsp;\u0026#x00BB;.\u003C\/p\u003E\u003Cp style=\u0022text-align: justify;\u0022\u003ECet amendement a \u0026#x00E9;t\u0026#x00E9; travaill\u0026#x00E9; avec ESS France.\u003C\/p\u003E","annexeExposeSommaire":{}}},"cycleDeVie":{"dateDepot":"2025-11-20","datePublication":{},"soumisArticle40":"false","etatDesTraitements":{"etat":{"code":"ET","libelle":"En traitement"},"sousEtat":{}},"dateSort":{},"sort":{}},"representations":{"representation":{"nom":"PDF","typeMime":{"type":"application","subType":"PDF"},"statutRepresentation":{"verbatim":"true","canonique":"true","officielle":"true","transcription":"false","enregistrement":"false"},"repSource":{},"offset":{},"contenu":{"documentURI":"\/base\/AMANR5L17PO838901B1906P2D1N003394?format=pdf"},"dateDispoRepresentation":{}}},"seanceDiscussionRef":{},"article99":"false","loiReference":{},"discussionCommune":{},"discussionIdentique":{},"accordGouvernementDepotHorsDelai":"Sans objet"}