{"uid":"PNREANR5L17B2693","legislature":"17","cycleDeVie":{"chrono":{"dateCreation":"2026-04-22T00:00:00.000+02:00","dateDepot":"2026-04-22T00:00:00.000+02:00","datePublication":{},"datePublicationWeb":"2026-04-24T00:00:00.000+02:00"}},"denominationStructurelle":"Proposition de r\u00e9solution","provenance":"Texte D\u00e9pos\u00e9","titres":{"titrePrincipal":"proposition de r\u00e9solution tendant \u00e0 la cr\u00e9ation d\u0027une commission d\u0027enqu\u00eate sur les liens de l\u2019extr\u00eame droite avec les milieux \u00e9conomiques et m\u00e9diatiques","titrePrincipalCourt":"liens de l\u2019extr\u00eame droite avec les milieux \u00e9conomiques et m\u00e9diatiques"},"representations":{"representation":[{"nom":"word","typeMime":{"type":"application","subType":"vnd.openxmlformats-officedocument.wordprocessingml.document"},"statutRepresentation":{"canonique":"true","officielle":"true"},"repSource":"fichier","offset":{},"contenu":{"documentURI":"https:\/\/docparl.assemblee-nationale.fr\/base\/PNREANR5L17B2693?format=application\/vnd.openxmlformats-officedocument.wordprocessingml.document"},"dateDispoRepresentation":"2026-04-28T00:00:00.000+02:00"},{"nom":"pdf","typeMime":{"type":"application","subType":"pdf"},"statutRepresentation":{"canonique":"true","officielle":"true"},"repSource":"fichier","offset":{},"contenu":{"documentURI":"https:\/\/docparl.assemblee-nationale.fr\/base\/PNREANR5L17B2693?format=application\/pdf"},"dateDispoRepresentation":"2026-04-28T00:00:00.000+02:00"}]},"divisions":{},"dossierRef":"DLR5L17N54197","redacteur":{},"classification":{"famille":{"depot":{"code":"INITDEP","libelle":"Initiative en 1er D\u00e9p\u00f4t"},"classe":{"code":"PIONRES","libelle":"Proposition de r\u00e9solution"},"espece":{"code":"COMENQ","libelle":"tendant \u00e0 la cr\u00e9ation d\u0027une commission d\u0027enqu\u00eate"}},"type":{"code":"PNRE","libelle":"Proposition de r\u00e9solution"},"sousType":{"code":"COMENQ","libelle":"tendant \u00e0 la cr\u00e9ation d\u0027une commission d\u0027enqu\u00eate"},"statutAdoption":{}},"auteurs":{"auteur":{"acteur":{"acteurRef":"PA795808","qualite":"auteur"}}},"organesReferents":{"organeRef":"PO419604"},"correction":{},"notice":{"numNotice":"2693","formule":"tendant \u00e0 la cr\u00e9ation d\u0027une commission d\u0027enqu\u00eate sur les liens de l\u2019extr\u00eame droite avec les milieux \u00e9conomiques et m\u00e9diatiques","adoptionConforme":"false"},"indexation":{},"imprimerie":{"ISSN":{},"ISBN":{},"DIAN":{},"nbPage":{},"prix":{}},"coSignataires":{"coSignataire":[{"acteur":{"acteurRef":"PA794008"},"dateCosignature":"2026-04-27+02:00","dateRetraitCosignature":{},"edite":"false"},{"acteur":{"acteurRef":"PA795362"},"dateCosignature":"2026-04-27+02:00","dateRetraitCosignature":{},"edite":"false"},{"acteur":{"acteurRef":"PA793452"},"dateCosignature":"2026-04-27+02:00","dateRetraitCosignature":{},"edite":"false"},{"acteur":{"acteurRef":"PA842195"},"dateCosignature":"2026-04-27+02:00","dateRetraitCosignature":{},"edite":"false"},{"acteur":{"acteurRef":"PA842013"},"dateCosignature":"2026-04-27+02:00","dateRetraitCosignature":{},"edite":"false"},{"acteur":{"acteurRef":"PA840947"},"dateCosignature":"2026-04-27+02:00","dateRetraitCosignature":{},"edite":"false"},{"acteur":{"acteurRef":"PA840765"},"dateCosignature":"2026-04-27+02:00","dateRetraitCosignature":{},"edite":"false"},{"acteur":{"acteurRef":"PA841463"},"dateCosignature":"2026-04-27+02:00","dateRetraitCosignature":{},"edite":"false"},{"acteur":{"acteurRef":"PA842045"},"dateCosignature":"2026-04-27+02:00","dateRetraitCosignature":{},"edite":"false"},{"acteur":{"acteurRef":"PA793664"},"dateCosignature":"2026-04-27+02:00","dateRetraitCosignature":{},"edite":"false"},{"acteur":{"acteurRef":"PA794154"},"dateCosignature":"2026-04-27+02:00","dateRetraitCosignature":{},"edite":"false"},{"acteur":{"acteurRef":"PA794778"},"dateCosignature":"2026-04-27+02:00","dateRetraitCosignature":{},"edite":"false"},{"acteur":{"acteurRef":"PA606545"},"dateCosignature":"2026-04-27+02:00","dateRetraitCosignature":{},"edite":"false"},{"acteur":{"acteurRef":"PA795076"},"dateCosignature":"2026-04-27+02:00","dateRetraitCosignature":{},"edite":"false"},{"acteur":{"acteurRef":"PA610002"},"dateCosignature":"2026-04-27+02:00","dateRetraitCosignature":{},"edite":"false"},{"acteur":{"acteurRef":"PA796018"},"dateCosignature":"2026-04-27+02:00","dateRetraitCosignature":{},"edite":"false"},{"acteur":{"acteurRef":"PA841681"},"dateCosignature":"2026-04-27+02:00","dateRetraitCosignature":{},"edite":"false"},{"acteur":{"acteurRef":"PA841713"},"dateCosignature":"2026-04-27+02:00","dateRetraitCosignature":{},"edite":"false"}]},"depotAmendements":{"amendementsSeance":{"amendable":"false","dateLimiteDepot":{}},"amendementsCommission":{"commission":{"organeRef":"PO419604","amendable":"true","dateLimiteDepot":{}}}}}